{"id":9298,"date":"2021-11-14T11:35:31","date_gmt":"2021-11-14T10:35:31","guid":{"rendered":"https:\/\/www.travel-slovenia.si\/slo\/?page_id=9298"},"modified":"2021-11-14T11:35:31","modified_gmt":"2021-11-14T10:35:31","slug":"izdaja-knjizice-moj-pusl-je-ta-leus","status":"publish","type":"page","link":"https:\/\/www.travel-slovenia.si\/slo\/izdaja-knjizice-moj-pusl-je-ta-leus\/","title":{"rendered":"Izdaja knji\u017eice Moj pusl je ta leus"},"content":{"rendered":"<p><img loading=\"lazy\" decoding=\"async\" class=\"aligncenter size-full wp-image-9299\" src=\"https:\/\/www.travel-slovenia.si\/slo\/wp-content\/uploads\/2021\/11\/travel-slovenia-booklet-moj-pusl-je-te-leus.jpg\" alt=\"\" width=\"1000\" height=\"750\" srcset=\"https:\/\/www.travel-slovenia.si\/slo\/wp-content\/uploads\/2021\/11\/travel-slovenia-booklet-moj-pusl-je-te-leus.jpg 1000w, https:\/\/www.travel-slovenia.si\/slo\/wp-content\/uploads\/2021\/11\/travel-slovenia-booklet-moj-pusl-je-te-leus-300x225.jpg 300w, https:\/\/www.travel-slovenia.si\/slo\/wp-content\/uploads\/2021\/11\/travel-slovenia-booklet-moj-pusl-je-te-leus-768x576.jpg 768w, https:\/\/www.travel-slovenia.si\/slo\/wp-content\/uploads\/2021\/11\/travel-slovenia-booklet-moj-pusl-je-te-leus-24x18.jpg 24w, https:\/\/www.travel-slovenia.si\/slo\/wp-content\/uploads\/2021\/11\/travel-slovenia-booklet-moj-pusl-je-te-leus-36x27.jpg 36w, https:\/\/www.travel-slovenia.si\/slo\/wp-content\/uploads\/2021\/11\/travel-slovenia-booklet-moj-pusl-je-te-leus-48x36.jpg 48w\" sizes=\"auto, (max-width: 1000px) 100vw, 1000px\" \/><\/p>\n<p style=\"text-align: justify;\">V teh dneh je KTT Dru\u0161tvo Ba\u0161ka dedi\u0161\u010dina izdalo knji\u017eico Moj pusl je ta leus \u2013 cvetnonedeljski \u0161opi zelenja v Ba\u0161ki grapi. Avtorica besedila je \u010dlanica dru\u0161tva Olga Zgaga. Izdajo knji\u017eice je sofinanciralo Ministrstvo za kulturo v okviru javnega razpisa za izbor javnih kulturnih projektov na podro\u010dju nesnovne kulturne dedi\u0161\u010dine 2021. Cvetnonedeljski \u0161op zelenja, imenovan pusl ali pu\u0161l ali pusu, kot so ga izdelovali v enajstih vaseh gornjega dela Ba\u0161ke grape, za katere je zna\u010dilna tirolska poselitev v 13. stoletju, je namre\u010d od leta 2013 vpisan v register \u017eive kulturne dedi\u0161\u010dine Slovenije. Dru\u0161tvo je obi\u010daj o\u017eivilo leta 2008, ko je povabilo na prvo delavnico izdelava pusla v Podbrdo, kjer je od takrat stalnica cvetnonedeljskega tedna. Le 2021 jo je zaradi korona \u010dasa preneslo na splet.<\/p>\n<p style=\"text-align: justify;\">Izdelava pusla je spodbudila zanimanja javnosti tako, da je \u0161estkrat gostoval na Festivalu cvetnonedeljskih butaric Slovenije v Zgornjih Palov\u010dah in na istoimenskem festivalu v \u017deleznikih. Izdelovanje pa je dru\u0161tvo prikazalo tudi na Cvetni soboti na sejmu v Tolminu (v organizaciji KZ Tolmin), v Cerkljanskem muzeju in v Dru\u0161tvu pode\u017eeljskih \u017eena Gornjega Poso\u010dja.<\/p>\n<p style=\"text-align: justify;\">S knji\u017eico, ki prvi\u010d podrobno opisuje na\u010din izdelave, potrebno zelenje in njegovo simboliko, uporabnost skozi leto in varovanje obi\u010daja, \u017eeli KTT Dru\u0161tvo Ba\u0161ka dedi\u0161\u010dina zgostiti sodelovanje lokalne skupnosti pri varovanju, interpretaciji ter vrednotenju te kulturne dedi\u0161\u010dine in ume\u0161\u010danje v vsebine kulturnega turizma v Ba\u0161ki grapi. Prvo potezo je potegnilo \u017ee med njenim nastajanjem, kateremu je pritegnilo tiste krajane, ki imajo te spretnosti \u0161e v svojih rokah. Vzpodbudilo pa bi rado tudi zasaditev ene osnovnih sestavin pusla, avtohtone vrste pu\u0161pana, ki ga je skoraj uni\u010dila pu\u0161panova ve\u0161\u010da. Z dopadljivo in odprto promocijo in vsestranskostjo pri povezovanju z bli\u017enjimi in daljnimi kulturami pa \u017eeli tej dedi\u0161\u010dini tudi utrditi mesto v dru\u017eini slovenskih butaric.<\/p>\n<p style=\"text-align: justify;\">Mimogrede pa je pokukalo tudi v druge vasi Ba\u0161ke grape od Hudaju\u017ene do Podmelca, kjer \u0161opom zelenja pravijo ka\u0161tron in zapisalo kar je na\u0161lo.<\/p>\n<p style=\"text-align: justify;\">Hvala vsem za podporo pri ohranjanju te \u017eive dedi\u0161\u010dine.<\/p>\n<p style=\"text-align: justify;\">Pusl je od leta 2013 vpisan v register \u017eive dedi\u0161\u010dine. Poglejte spletno stran <a href=\"http:\/\/www.nesnovnadediscina.si\/sl\/register\/izdelovanje-cvetnonedeljskih-butar\" target=\"_blank\" rel=\"noopener\">TUKAJ<\/a>.<\/p>\n","protected":false},"excerpt":{"rendered":"<p>V teh dneh je KTT Dru\u0161tvo Ba\u0161ka dedi\u0161\u010dina izdalo knji\u017eico Moj pusl je ta leus \u2013 cvetnonedeljski \u0161opi zelenja v Ba\u0161ki grapi. Avtorica besedila je \u010dlanica dru\u0161tva Olga Zgaga. Izdajo knji\u017eice je sofinanciralo Ministrstvo za kulturo v okviru javnega razpisa za izbor javnih kulturnih projektov na podro\u010dju nesnovne kulturne dedi\u0161\u010dine 2021. Cvetnonedeljski \u0161op zelenja, imenovan [&hellip;]<\/p>\n","protected":false},"author":111,"featured_media":0,"parent":0,"menu_order":0,"comment_status":"closed","ping_status":"closed","template":"","meta":{"footnotes":""},"class_list":["post-9298","page","type-page","status-publish","hentry"],"yoast_head":"<!-- This site is optimized with the Yoast SEO plugin v25.4 - https:\/\/yoast.com\/wordpress\/plugins\/seo\/ -->\n<title>Izdaja knji\u017eice Moj pusl je ta leus : Travel-Slovenia<\/title>\n<meta name=\"description\" content=\"V teh dneh je KTT Dru\u0161tvo Ba\u0161ka dedi\u0161\u010dina izdalo knji\u017eico Moj pusl je ta leus \u2013 cvetnonedeljski \u0161opi zelenja v Ba\u0161ki grapi.\" \/>\n<meta name=\"robots\" content=\"index, follow, max-snippet:-1, max-image-preview:large, max-video-preview:-1\" \/>\n<link rel=\"canonical\" href=\"https:\/\/www.travel-slovenia.si\/slo\/izdaja-knjizice-moj-pusl-je-ta-leus\/\" \/>\n<meta property=\"og:locale\" content=\"sl_SI\" \/>\n<meta property=\"og:type\" content=\"article\" \/>\n<meta property=\"og:title\" content=\"Izdaja knji\u017eice Moj pusl je ta leus : Travel-Slovenia\" \/>\n<meta property=\"og:description\" content=\"V teh dneh je KTT Dru\u0161tvo Ba\u0161ka dedi\u0161\u010dina izdalo knji\u017eico Moj pusl je ta leus \u2013 cvetnonedeljski \u0161opi zelenja v Ba\u0161ki grapi.\" \/>\n<meta property=\"og:url\" content=\"https:\/\/www.travel-slovenia.si\/slo\/izdaja-knjizice-moj-pusl-je-ta-leus\/\" \/>\n<meta property=\"og:site_name\" content=\"Travel Slovenia - Sledite lepotam na\u0161e male dr\u017eavice\" \/>\n<meta property=\"og:image\" content=\"https:\/\/www.travel-slovenia.si\/slo\/wp-content\/uploads\/2021\/11\/travel-slovenia-booklet-moj-pusl-je-te-leus.jpg\" \/>\n\t<meta property=\"og:image:width\" content=\"1000\" \/>\n\t<meta property=\"og:image:height\" content=\"750\" \/>\n\t<meta property=\"og:image:type\" content=\"image\/jpeg\" \/>\n<meta name=\"twitter:card\" content=\"summary_large_image\" \/>\n<meta name=\"twitter:title\" content=\"Izdaja knji\u017eice Moj pusl je ta leus : Travel-Slovenia\" \/>\n<meta name=\"twitter:description\" content=\"V teh dneh je KTT Dru\u0161tvo Ba\u0161ka dedi\u0161\u010dina izdalo knji\u017eico Moj pusl je ta leus \u2013 cvetnonedeljski \u0161opi zelenja v Ba\u0161ki grapi.\" \/>\n<meta name=\"twitter:image\" content=\"https:\/\/www.travel-slovenia.si\/slo\/wp-content\/uploads\/2021\/11\/travel-slovenia-booklet-moj-pusl-je-te-leus.jpg\" \/>\n<meta name=\"twitter:label1\" content=\"Est. reading time\" \/>\n\t<meta name=\"twitter:data1\" content=\"2 minuti\" \/>\n<script type=\"application\/ld+json\" class=\"yoast-schema-graph\">{\"@context\":\"https:\/\/schema.org\",\"@graph\":[{\"@type\":\"WebPage\",\"@id\":\"https:\/\/www.travel-slovenia.si\/slo\/izdaja-knjizice-moj-pusl-je-ta-leus\/\",\"url\":\"https:\/\/www.travel-slovenia.si\/slo\/izdaja-knjizice-moj-pusl-je-ta-leus\/\",\"name\":\"Izdaja knji\u017eice Moj pusl je ta leus : Travel-Slovenia\",\"isPartOf\":{\"@id\":\"https:\/\/www.travel-slovenia.si\/slo\/#website\"},\"primaryImageOfPage\":{\"@id\":\"https:\/\/www.travel-slovenia.si\/slo\/izdaja-knjizice-moj-pusl-je-ta-leus\/#primaryimage\"},\"image\":{\"@id\":\"https:\/\/www.travel-slovenia.si\/slo\/izdaja-knjizice-moj-pusl-je-ta-leus\/#primaryimage\"},\"thumbnailUrl\":\"https:\/\/www.travel-slovenia.si\/slo\/wp-content\/uploads\/2021\/11\/travel-slovenia-booklet-moj-pusl-je-te-leus.jpg\",\"datePublished\":\"2021-11-14T10:35:31+00:00\",\"description\":\"V teh dneh je KTT Dru\u0161tvo Ba\u0161ka dedi\u0161\u010dina izdalo knji\u017eico Moj pusl je ta leus \u2013 cvetnonedeljski \u0161opi zelenja v Ba\u0161ki grapi.\",\"breadcrumb\":{\"@id\":\"https:\/\/www.travel-slovenia.si\/slo\/izdaja-knjizice-moj-pusl-je-ta-leus\/#breadcrumb\"},\"inLanguage\":\"sl-SI\",\"potentialAction\":[{\"@type\":\"ReadAction\",\"target\":[\"https:\/\/www.travel-slovenia.si\/slo\/izdaja-knjizice-moj-pusl-je-ta-leus\/\"]}]},{\"@type\":\"ImageObject\",\"inLanguage\":\"sl-SI\",\"@id\":\"https:\/\/www.travel-slovenia.si\/slo\/izdaja-knjizice-moj-pusl-je-ta-leus\/#primaryimage\",\"url\":\"https:\/\/www.travel-slovenia.si\/slo\/wp-content\/uploads\/2021\/11\/travel-slovenia-booklet-moj-pusl-je-te-leus.jpg\",\"contentUrl\":\"https:\/\/www.travel-slovenia.si\/slo\/wp-content\/uploads\/2021\/11\/travel-slovenia-booklet-moj-pusl-je-te-leus.jpg\",\"width\":1000,\"height\":750},{\"@type\":\"BreadcrumbList\",\"@id\":\"https:\/\/www.travel-slovenia.si\/slo\/izdaja-knjizice-moj-pusl-je-ta-leus\/#breadcrumb\",\"itemListElement\":[{\"@type\":\"ListItem\",\"position\":1,\"name\":\"Home\",\"item\":\"https:\/\/www.travel-slovenia.si\/slo\/\"},{\"@type\":\"ListItem\",\"position\":2,\"name\":\"Izdaja knji\u017eice Moj pusl je ta leus\"}]},{\"@type\":\"WebSite\",\"@id\":\"https:\/\/www.travel-slovenia.si\/slo\/#website\",\"url\":\"https:\/\/www.travel-slovenia.si\/slo\/\",\"name\":\"Travel Slovenia - Sledite lepotam na\u0161e male dr\u017eavice\",\"description\":\"\",\"potentialAction\":[{\"@type\":\"SearchAction\",\"target\":{\"@type\":\"EntryPoint\",\"urlTemplate\":\"https:\/\/www.travel-slovenia.si\/slo\/?s={search_term_string}\"},\"query-input\":{\"@type\":\"PropertyValueSpecification\",\"valueRequired\":true,\"valueName\":\"search_term_string\"}}],\"inLanguage\":\"sl-SI\"}]}<\/script>\n<!-- \/ Yoast SEO plugin. -->","yoast_head_json":{"title":"Izdaja knji\u017eice Moj pusl je ta leus : Travel-Slovenia","description":"V teh dneh je KTT Dru\u0161tvo Ba\u0161ka dedi\u0161\u010dina izdalo knji\u017eico Moj pusl je ta leus \u2013 cvetnonedeljski \u0161opi zelenja v Ba\u0161ki grapi.","robots":{"index":"index","follow":"follow","max-snippet":"max-snippet:-1","max-image-preview":"max-image-preview:large","max-video-preview":"max-video-preview:-1"},"canonical":"https:\/\/www.travel-slovenia.si\/slo\/izdaja-knjizice-moj-pusl-je-ta-leus\/","og_locale":"sl_SI","og_type":"article","og_title":"Izdaja knji\u017eice Moj pusl je ta leus : Travel-Slovenia","og_description":"V teh dneh je KTT Dru\u0161tvo Ba\u0161ka dedi\u0161\u010dina izdalo knji\u017eico Moj pusl je ta leus \u2013 cvetnonedeljski \u0161opi zelenja v Ba\u0161ki grapi.","og_url":"https:\/\/www.travel-slovenia.si\/slo\/izdaja-knjizice-moj-pusl-je-ta-leus\/","og_site_name":"Travel Slovenia - Sledite lepotam na\u0161e male dr\u017eavice","og_image":[{"width":1000,"height":750,"url":"https:\/\/www.travel-slovenia.si\/slo\/wp-content\/uploads\/2021\/11\/travel-slovenia-booklet-moj-pusl-je-te-leus.jpg","type":"image\/jpeg"}],"twitter_card":"summary_large_image","twitter_title":"Izdaja knji\u017eice Moj pusl je ta leus : Travel-Slovenia","twitter_description":"V teh dneh je KTT Dru\u0161tvo Ba\u0161ka dedi\u0161\u010dina izdalo knji\u017eico Moj pusl je ta leus \u2013 cvetnonedeljski \u0161opi zelenja v Ba\u0161ki grapi.","twitter_image":"https:\/\/www.travel-slovenia.si\/slo\/wp-content\/uploads\/2021\/11\/travel-slovenia-booklet-moj-pusl-je-te-leus.jpg","twitter_misc":{"Est. reading time":"2 minuti"},"schema":{"@context":"https:\/\/schema.org","@graph":[{"@type":"WebPage","@id":"https:\/\/www.travel-slovenia.si\/slo\/izdaja-knjizice-moj-pusl-je-ta-leus\/","url":"https:\/\/www.travel-slovenia.si\/slo\/izdaja-knjizice-moj-pusl-je-ta-leus\/","name":"Izdaja knji\u017eice Moj pusl je ta leus : Travel-Slovenia","isPartOf":{"@id":"https:\/\/www.travel-slovenia.si\/slo\/#website"},"primaryImageOfPage":{"@id":"https:\/\/www.travel-slovenia.si\/slo\/izdaja-knjizice-moj-pusl-je-ta-leus\/#primaryimage"},"image":{"@id":"https:\/\/www.travel-slovenia.si\/slo\/izdaja-knjizice-moj-pusl-je-ta-leus\/#primaryimage"},"thumbnailUrl":"https:\/\/www.travel-slovenia.si\/slo\/wp-content\/uploads\/2021\/11\/travel-slovenia-booklet-moj-pusl-je-te-leus.jpg","datePublished":"2021-11-14T10:35:31+00:00","description":"V teh dneh je KTT Dru\u0161tvo Ba\u0161ka dedi\u0161\u010dina izdalo knji\u017eico Moj pusl je ta leus \u2013 cvetnonedeljski \u0161opi zelenja v Ba\u0161ki grapi.","breadcrumb":{"@id":"https:\/\/www.travel-slovenia.si\/slo\/izdaja-knjizice-moj-pusl-je-ta-leus\/#breadcrumb"},"inLanguage":"sl-SI","potentialAction":[{"@type":"ReadAction","target":["https:\/\/www.travel-slovenia.si\/slo\/izdaja-knjizice-moj-pusl-je-ta-leus\/"]}]},{"@type":"ImageObject","inLanguage":"sl-SI","@id":"https:\/\/www.travel-slovenia.si\/slo\/izdaja-knjizice-moj-pusl-je-ta-leus\/#primaryimage","url":"https:\/\/www.travel-slovenia.si\/slo\/wp-content\/uploads\/2021\/11\/travel-slovenia-booklet-moj-pusl-je-te-leus.jpg","contentUrl":"https:\/\/www.travel-slovenia.si\/slo\/wp-content\/uploads\/2021\/11\/travel-slovenia-booklet-moj-pusl-je-te-leus.jpg","width":1000,"height":750},{"@type":"BreadcrumbList","@id":"https:\/\/www.travel-slovenia.si\/slo\/izdaja-knjizice-moj-pusl-je-ta-leus\/#breadcrumb","itemListElement":[{"@type":"ListItem","position":1,"name":"Home","item":"https:\/\/www.travel-slovenia.si\/slo\/"},{"@type":"ListItem","position":2,"name":"Izdaja knji\u017eice Moj pusl je ta leus"}]},{"@type":"WebSite","@id":"https:\/\/www.travel-slovenia.si\/slo\/#website","url":"https:\/\/www.travel-slovenia.si\/slo\/","name":"Travel Slovenia - Sledite lepotam na\u0161e male dr\u017eavice","description":"","potentialAction":[{"@type":"SearchAction","target":{"@type":"EntryPoint","urlTemplate":"https:\/\/www.travel-slovenia.si\/slo\/?s={search_term_string}"},"query-input":{"@type":"PropertyValueSpecification","valueRequired":true,"valueName":"search_term_string"}}],"inLanguage":"sl-SI"}]}},"post_mailing_queue_ids":[],"_links":{"self":[{"href":"https:\/\/www.travel-slovenia.si\/slo\/wp-json\/wp\/v2\/pages\/9298","targetHints":{"allow":["GET"]}}],"collection":[{"href":"https:\/\/www.travel-slovenia.si\/slo\/wp-json\/wp\/v2\/pages"}],"about":[{"href":"https:\/\/www.travel-slovenia.si\/slo\/wp-json\/wp\/v2\/types\/page"}],"author":[{"embeddable":true,"href":"https:\/\/www.travel-slovenia.si\/slo\/wp-json\/wp\/v2\/users\/111"}],"replies":[{"embeddable":true,"href":"https:\/\/www.travel-slovenia.si\/slo\/wp-json\/wp\/v2\/comments?post=9298"}],"version-history":[{"count":1,"href":"https:\/\/www.travel-slovenia.si\/slo\/wp-json\/wp\/v2\/pages\/9298\/revisions"}],"predecessor-version":[{"id":9301,"href":"https:\/\/www.travel-slovenia.si\/slo\/wp-json\/wp\/v2\/pages\/9298\/revisions\/9301"}],"wp:attachment":[{"href":"https:\/\/www.travel-slovenia.si\/slo\/wp-json\/wp\/v2\/media?parent=9298"}],"curies":[{"name":"wp","href":"https:\/\/api.w.org\/{rel}","templated":true}]}}