{"id":8781,"date":"2020-02-13T13:01:40","date_gmt":"2020-02-13T12:01:40","guid":{"rendered":"https:\/\/www.travel-slovenia.si\/slo\/?page_id=8781"},"modified":"2020-02-13T13:04:18","modified_gmt":"2020-02-13T12:04:18","slug":"vsakoletni-pohodi","status":"publish","type":"page","link":"https:\/\/www.travel-slovenia.si\/slo\/vsakoletni-pohodi\/","title":{"rendered":"Vsakoletni pohodi"},"content":{"rendered":"<p style=\"text-align: justify;\"><a href=\"https:\/\/www.travel-slovenia.si\/slo\/zajbljev-pohod-vojscica\/\"><em><strong><img loading=\"lazy\" decoding=\"async\" class=\"alignleft size-full wp-image-9848\" src=\"https:\/\/www.travel-slovenia.si\/wp-content\/uploads\/2020\/02\/travel-slovenia-sage-hike-view.jpg\" alt=\"\" width=\"150\" height=\"150\" \/><\/strong><\/em><\/a><a href=\"https:\/\/www.travel-slovenia.si\/slo\/zajbljev-pohod-vojscica\/\"><em><strong>\u017dajbljev pohod<\/strong><\/em><\/a> (prvo nedeljo v aprilu)<br \/>\n\u017dajbljev pohod je tradicionalen vsakoletni pohod, ki se odvija prvo nedeljo v aprilu, s pri\u010detkom v vasi Voj\u0161\u010dica, pred staro \u0161olo. Pohod je ime dobil, ker je del trase speljan po obronkih Brstovske doline, kjer na skalnatem grebenu rastejo nasadi \u017eajblja. V \u010dasu pohoda je \u017eajbelj ravno v za\u010detni fazi cvetenja. [<a href=\"https:\/\/www.travel-slovenia.si\/slo\/zajbljev-pohod-vojscica\/\">_Preberite ve\u010d_<\/a>]\n","protected":false},"excerpt":{"rendered":"<p>\u017dajbljev pohod (prvo nedeljo v aprilu) \u017dajbljev pohod je tradicionalen vsakoletni pohod, ki se odvija prvo nedeljo v aprilu, s pri\u010detkom v vasi Voj\u0161\u010dica, pred staro \u0161olo. Pohod je ime dobil, ker je del trase speljan po obronkih Brstovske doline, kjer na skalnatem grebenu rastejo nasadi \u017eajblja. V \u010dasu pohoda je \u017eajbelj ravno v za\u010detni [&hellip;]<\/p>\n","protected":false},"author":111,"featured_media":0,"parent":0,"menu_order":0,"comment_status":"closed","ping_status":"closed","template":"","meta":{"footnotes":""},"class_list":["post-8781","page","type-page","status-publish","hentry"],"yoast_head":"<!-- This site is optimized with the Yoast SEO plugin v25.4 - https:\/\/yoast.com\/wordpress\/plugins\/seo\/ -->\n<title>Vsakoletni pohodi : Travel-Slovenia<\/title>\n<meta name=\"description\" content=\"Vsako leto se v Sloveniji odvijejo \u0161tevilni pohodi, tako manj\u0161i kot ve\u010dji. Veliko le-teh se je Travel-Slovenia \u017ee udele\u017eil, z nekaterimi pa tudi sodelujemo.\" \/>\n<meta name=\"robots\" content=\"index, follow, max-snippet:-1, max-image-preview:large, max-video-preview:-1\" \/>\n<link rel=\"canonical\" href=\"https:\/\/www.travel-slovenia.si\/slo\/vsakoletni-pohodi\/\" \/>\n<meta property=\"og:locale\" content=\"sl_SI\" \/>\n<meta property=\"og:type\" content=\"article\" \/>\n<meta property=\"og:title\" content=\"Vsakoletni pohodi : Travel-Slovenia\" \/>\n<meta property=\"og:description\" content=\"Vsako leto se v Sloveniji odvijejo \u0161tevilni pohodi, tako manj\u0161i kot ve\u010dji. Veliko le-teh se je Travel-Slovenia \u017ee udele\u017eil, z nekaterimi pa tudi sodelujemo.\" \/>\n<meta property=\"og:url\" content=\"https:\/\/www.travel-slovenia.si\/slo\/vsakoletni-pohodi\/\" \/>\n<meta property=\"og:site_name\" content=\"Travel Slovenia - Sledite lepotam na\u0161e male dr\u017eavice\" \/>\n<meta property=\"article:modified_time\" content=\"2020-02-13T12:04:18+00:00\" \/>\n<meta property=\"og:image\" content=\"https:\/\/www.travel-slovenia.si\/slo\/wp-content\/uploads\/2020\/02\/travel-slovenia-vsakoletni-pohodi.jpg\" \/>\n\t<meta property=\"og:image:width\" content=\"1000\" \/>\n\t<meta property=\"og:image:height\" content=\"150\" \/>\n\t<meta property=\"og:image:type\" content=\"image\/jpeg\" \/>\n<meta name=\"twitter:card\" content=\"summary_large_image\" \/>\n<meta name=\"twitter:title\" content=\"Vsakoletni pohodi : Travel-Slovenia\" \/>\n<meta name=\"twitter:description\" content=\"Vsako leto se v Sloveniji odvijejo \u0161tevilni pohodi, tako manj\u0161i kot ve\u010dji. Veliko le-teh se je Travel-Slovenia \u017ee udele\u017eil, z nekaterimi pa tudi sodelujemo.\" \/>\n<meta name=\"twitter:image\" content=\"https:\/\/www.travel-slovenia.si\/slo\/wp-content\/uploads\/2020\/02\/travel-slovenia-vsakoletni-pohodi.jpg\" \/>\n<script type=\"application\/ld+json\" class=\"yoast-schema-graph\">{\"@context\":\"https:\/\/schema.org\",\"@graph\":[{\"@type\":\"WebPage\",\"@id\":\"https:\/\/www.travel-slovenia.si\/slo\/vsakoletni-pohodi\/\",\"url\":\"https:\/\/www.travel-slovenia.si\/slo\/vsakoletni-pohodi\/\",\"name\":\"Vsakoletni pohodi : Travel-Slovenia\",\"isPartOf\":{\"@id\":\"https:\/\/www.travel-slovenia.si\/slo\/#website\"},\"primaryImageOfPage\":{\"@id\":\"https:\/\/www.travel-slovenia.si\/slo\/vsakoletni-pohodi\/#primaryimage\"},\"image\":{\"@id\":\"https:\/\/www.travel-slovenia.si\/slo\/vsakoletni-pohodi\/#primaryimage\"},\"thumbnailUrl\":\"https:\/\/www.travel-slovenia.si\/wp-content\/uploads\/2020\/02\/travel-slovenia-sage-hike-view.jpg\",\"datePublished\":\"2020-02-13T12:01:40+00:00\",\"dateModified\":\"2020-02-13T12:04:18+00:00\",\"description\":\"Vsako leto se v Sloveniji odvijejo \u0161tevilni pohodi, tako manj\u0161i kot ve\u010dji. Veliko le-teh se je Travel-Slovenia \u017ee udele\u017eil, z nekaterimi pa tudi sodelujemo.\",\"breadcrumb\":{\"@id\":\"https:\/\/www.travel-slovenia.si\/slo\/vsakoletni-pohodi\/#breadcrumb\"},\"inLanguage\":\"sl-SI\",\"potentialAction\":[{\"@type\":\"ReadAction\",\"target\":[\"https:\/\/www.travel-slovenia.si\/slo\/vsakoletni-pohodi\/\"]}]},{\"@type\":\"ImageObject\",\"inLanguage\":\"sl-SI\",\"@id\":\"https:\/\/www.travel-slovenia.si\/slo\/vsakoletni-pohodi\/#primaryimage\",\"url\":\"https:\/\/www.travel-slovenia.si\/wp-content\/uploads\/2020\/02\/travel-slovenia-sage-hike-view.jpg\",\"contentUrl\":\"https:\/\/www.travel-slovenia.si\/wp-content\/uploads\/2020\/02\/travel-slovenia-sage-hike-view.jpg\"},{\"@type\":\"BreadcrumbList\",\"@id\":\"https:\/\/www.travel-slovenia.si\/slo\/vsakoletni-pohodi\/#breadcrumb\",\"itemListElement\":[{\"@type\":\"ListItem\",\"position\":1,\"name\":\"Home\",\"item\":\"https:\/\/www.travel-slovenia.si\/slo\/\"},{\"@type\":\"ListItem\",\"position\":2,\"name\":\"Vsakoletni pohodi\"}]},{\"@type\":\"WebSite\",\"@id\":\"https:\/\/www.travel-slovenia.si\/slo\/#website\",\"url\":\"https:\/\/www.travel-slovenia.si\/slo\/\",\"name\":\"Travel Slovenia - Sledite lepotam na\u0161e male dr\u017eavice\",\"description\":\"\",\"potentialAction\":[{\"@type\":\"SearchAction\",\"target\":{\"@type\":\"EntryPoint\",\"urlTemplate\":\"https:\/\/www.travel-slovenia.si\/slo\/?s={search_term_string}\"},\"query-input\":{\"@type\":\"PropertyValueSpecification\",\"valueRequired\":true,\"valueName\":\"search_term_string\"}}],\"inLanguage\":\"sl-SI\"}]}<\/script>\n<!-- \/ Yoast SEO plugin. -->","yoast_head_json":{"title":"Vsakoletni pohodi : Travel-Slovenia","description":"Vsako leto se v Sloveniji odvijejo \u0161tevilni pohodi, tako manj\u0161i kot ve\u010dji. Veliko le-teh se je Travel-Slovenia \u017ee udele\u017eil, z nekaterimi pa tudi sodelujemo.","robots":{"index":"index","follow":"follow","max-snippet":"max-snippet:-1","max-image-preview":"max-image-preview:large","max-video-preview":"max-video-preview:-1"},"canonical":"https:\/\/www.travel-slovenia.si\/slo\/vsakoletni-pohodi\/","og_locale":"sl_SI","og_type":"article","og_title":"Vsakoletni pohodi : Travel-Slovenia","og_description":"Vsako leto se v Sloveniji odvijejo \u0161tevilni pohodi, tako manj\u0161i kot ve\u010dji. Veliko le-teh se je Travel-Slovenia \u017ee udele\u017eil, z nekaterimi pa tudi sodelujemo.","og_url":"https:\/\/www.travel-slovenia.si\/slo\/vsakoletni-pohodi\/","og_site_name":"Travel Slovenia - Sledite lepotam na\u0161e male dr\u017eavice","article_modified_time":"2020-02-13T12:04:18+00:00","og_image":[{"width":1000,"height":150,"url":"https:\/\/www.travel-slovenia.si\/slo\/wp-content\/uploads\/2020\/02\/travel-slovenia-vsakoletni-pohodi.jpg","type":"image\/jpeg"}],"twitter_card":"summary_large_image","twitter_title":"Vsakoletni pohodi : Travel-Slovenia","twitter_description":"Vsako leto se v Sloveniji odvijejo \u0161tevilni pohodi, tako manj\u0161i kot ve\u010dji. Veliko le-teh se je Travel-Slovenia \u017ee udele\u017eil, z nekaterimi pa tudi sodelujemo.","twitter_image":"https:\/\/www.travel-slovenia.si\/slo\/wp-content\/uploads\/2020\/02\/travel-slovenia-vsakoletni-pohodi.jpg","schema":{"@context":"https:\/\/schema.org","@graph":[{"@type":"WebPage","@id":"https:\/\/www.travel-slovenia.si\/slo\/vsakoletni-pohodi\/","url":"https:\/\/www.travel-slovenia.si\/slo\/vsakoletni-pohodi\/","name":"Vsakoletni pohodi : Travel-Slovenia","isPartOf":{"@id":"https:\/\/www.travel-slovenia.si\/slo\/#website"},"primaryImageOfPage":{"@id":"https:\/\/www.travel-slovenia.si\/slo\/vsakoletni-pohodi\/#primaryimage"},"image":{"@id":"https:\/\/www.travel-slovenia.si\/slo\/vsakoletni-pohodi\/#primaryimage"},"thumbnailUrl":"https:\/\/www.travel-slovenia.si\/wp-content\/uploads\/2020\/02\/travel-slovenia-sage-hike-view.jpg","datePublished":"2020-02-13T12:01:40+00:00","dateModified":"2020-02-13T12:04:18+00:00","description":"Vsako leto se v Sloveniji odvijejo \u0161tevilni pohodi, tako manj\u0161i kot ve\u010dji. Veliko le-teh se je Travel-Slovenia \u017ee udele\u017eil, z nekaterimi pa tudi sodelujemo.","breadcrumb":{"@id":"https:\/\/www.travel-slovenia.si\/slo\/vsakoletni-pohodi\/#breadcrumb"},"inLanguage":"sl-SI","potentialAction":[{"@type":"ReadAction","target":["https:\/\/www.travel-slovenia.si\/slo\/vsakoletni-pohodi\/"]}]},{"@type":"ImageObject","inLanguage":"sl-SI","@id":"https:\/\/www.travel-slovenia.si\/slo\/vsakoletni-pohodi\/#primaryimage","url":"https:\/\/www.travel-slovenia.si\/wp-content\/uploads\/2020\/02\/travel-slovenia-sage-hike-view.jpg","contentUrl":"https:\/\/www.travel-slovenia.si\/wp-content\/uploads\/2020\/02\/travel-slovenia-sage-hike-view.jpg"},{"@type":"BreadcrumbList","@id":"https:\/\/www.travel-slovenia.si\/slo\/vsakoletni-pohodi\/#breadcrumb","itemListElement":[{"@type":"ListItem","position":1,"name":"Home","item":"https:\/\/www.travel-slovenia.si\/slo\/"},{"@type":"ListItem","position":2,"name":"Vsakoletni pohodi"}]},{"@type":"WebSite","@id":"https:\/\/www.travel-slovenia.si\/slo\/#website","url":"https:\/\/www.travel-slovenia.si\/slo\/","name":"Travel Slovenia - Sledite lepotam na\u0161e male dr\u017eavice","description":"","potentialAction":[{"@type":"SearchAction","target":{"@type":"EntryPoint","urlTemplate":"https:\/\/www.travel-slovenia.si\/slo\/?s={search_term_string}"},"query-input":{"@type":"PropertyValueSpecification","valueRequired":true,"valueName":"search_term_string"}}],"inLanguage":"sl-SI"}]}},"post_mailing_queue_ids":[],"_links":{"self":[{"href":"https:\/\/www.travel-slovenia.si\/slo\/wp-json\/wp\/v2\/pages\/8781","targetHints":{"allow":["GET"]}}],"collection":[{"href":"https:\/\/www.travel-slovenia.si\/slo\/wp-json\/wp\/v2\/pages"}],"about":[{"href":"https:\/\/www.travel-slovenia.si\/slo\/wp-json\/wp\/v2\/types\/page"}],"author":[{"embeddable":true,"href":"https:\/\/www.travel-slovenia.si\/slo\/wp-json\/wp\/v2\/users\/111"}],"replies":[{"embeddable":true,"href":"https:\/\/www.travel-slovenia.si\/slo\/wp-json\/wp\/v2\/comments?post=8781"}],"version-history":[{"count":3,"href":"https:\/\/www.travel-slovenia.si\/slo\/wp-json\/wp\/v2\/pages\/8781\/revisions"}],"predecessor-version":[{"id":8784,"href":"https:\/\/www.travel-slovenia.si\/slo\/wp-json\/wp\/v2\/pages\/8781\/revisions\/8784"}],"wp:attachment":[{"href":"https:\/\/www.travel-slovenia.si\/slo\/wp-json\/wp\/v2\/media?parent=8781"}],"curies":[{"name":"wp","href":"https:\/\/api.w.org\/{rel}","templated":true}]}}