{"id":7425,"date":"2018-05-26T08:50:06","date_gmt":"2018-05-26T06:50:06","guid":{"rendered":"https:\/\/www.travel-slovenia.si\/slo\/?page_id=7425"},"modified":"2018-05-26T08:50:40","modified_gmt":"2018-05-26T06:50:40","slug":"70-let-filma-na-svoji-zemlji","status":"publish","type":"page","link":"https:\/\/www.travel-slovenia.si\/slo\/70-let-filma-na-svoji-zemlji\/","title":{"rendered":"70 let filma Na svoji zemlji"},"content":{"rendered":"<figure id=\"attachment_5995\" class=\"wp-caption alignleft\" style=\"max-width: 300px\"><img loading=\"lazy\" decoding=\"async\" class=\"size-medium wp-image-5995\" src=\"https:\/\/www.travel-slovenia.si\/slo\/wp-content\/uploads\/2016\/10\/travel-slovenia-na-svoji-zemlji-1-300x203.jpg\" alt=\"\" width=\"300\" height=\"203\" srcset=\"https:\/\/www.travel-slovenia.si\/slo\/wp-content\/uploads\/2016\/10\/travel-slovenia-na-svoji-zemlji-1-300x203.jpg 300w, https:\/\/www.travel-slovenia.si\/slo\/wp-content\/uploads\/2016\/10\/travel-slovenia-na-svoji-zemlji-1-24x16.jpg 24w, https:\/\/www.travel-slovenia.si\/slo\/wp-content\/uploads\/2016\/10\/travel-slovenia-na-svoji-zemlji-1-36x24.jpg 36w, https:\/\/www.travel-slovenia.si\/slo\/wp-content\/uploads\/2016\/10\/travel-slovenia-na-svoji-zemlji-1-48x33.jpg 48w, https:\/\/www.travel-slovenia.si\/slo\/wp-content\/uploads\/2016\/10\/travel-slovenia-na-svoji-zemlji-1.jpg 400w\" sizes=\"auto, (max-width: 300px) 100vw, 300px\" \/><figcaption class=\"wp-caption-text\">Scena iz filma<\/figcaption><\/figure>\n<p style=\"text-align: justify;\"><em>Grahovo ob Ba\u010di \u2013 Koritnica, 17. 5. 2018<\/em><br \/>\n<strong>Snemanje novega dokumentarnega filma RTV Slovenije, re\u017eiser Slavko Hren<\/strong><\/p>\n<p style=\"text-align: justify;\">Od ponedeljka, 14. 5. 18 do vklju\u010dno srede, 16. 5. 18 je Dru\u0161tvo Ba\u0161ka dedi\u0161\u010dina na Grahovem\u00a0 ob Ba\u010di in Koritnici gostilo snemalno ekipo RTV Slovenija z re\u017eiserjem Slavkom Hrenom na \u010delu.\u00a0 Tridnevno dru\u017eenje od jutra do ve\u010dera nam je prineslo novo izku\u0161njo in ponovno obudilo\u00a0 spomine na snemanje prvega slovenskega celove\u010dernega igranega filma Na svoji zemlji.<\/p>\n<blockquote>\n<p style=\"text-align: justify;\">Re\u017eiser Slavko Hren je po svojem prihodu iz Ba\u0161ke grape nazaj v Ljubljano poslal tole ZAHVALO:<br \/>\n<em>Ekipa se je vrnila v Ljubljano, vse na\u010drtovano smo posneli, tudi ga. Kofolovo, g. Muniha na\u00a0<\/em><em> Mostu na So\u010di, \u0161e \u017eupan je priletel. Zelo sem vesel, da nam je s pomo\u010djo vas, DBD, vseh\u00a0<\/em><em> doma\u010dinov kljub de\u017eju uspelo vse na\u010drtovano posneti, \u0161e ve\u010d, ujeti toliko emocij, ponosa,\u00a0<\/em><em> spo\u0161tljive skromnosti \u2026.<\/em><\/p>\n<p style=\"text-align: justify;\"><em>Ne da se z besedami napisati iskrene hvale\u017enosti za vso pomo\u010d. Zdaj me je \u0161e bolj strah, da vas\u00a0<\/em><em>vse ne bom razo\u010daral s kon\u010dnim izdelkom, filmom. \u010caka me te\u017eko delo. Hvala vam osebno,<\/em><em> vsem, ki so bili zraven kakorkoli. Res ste veli\u010dastni, obogatili ste me in potrdili, da vse v tem<\/em>\u00a0\u00a0<em> slovenskem prostoru \u0161e ni tako zavo\u017eeno, kot se zdi. Lepo bodite in, prosim prenesite mojo\u00a0<\/em>\u00a0<em> zahvalo vsem v grapi. Lepe pozdrave, Slavo Hren.<\/em><\/p>\n<\/blockquote>\n<p style=\"text-align: justify;\">Mi pa \u017ee te\u017eko pri\u010dakujemo novi dokumentarec ob 70. letnici filma Na svoji zemlji.<\/p>\n<p style=\"text-align: justify;\">Lansko leto smo se udele\u017eili pohoda po tematski poti Na svoji zemlji, za ogled utrinkov s pohoda obi\u0161\u010dite sledite povezavi <a href=\"https:\/\/www.travel-slovenia.si\/slo\/utrinki-s-5-pohoda-po-tematski-poti-na-svoji-zemlji\/\" target=\"_blank\" rel=\"noopener\">TUKAJ<\/a>.<\/p>\n<p style=\"text-align: justify;\">\n","protected":false},"excerpt":{"rendered":"<p>Grahovo ob Ba\u010di \u2013 Koritnica, 17. 5. 2018 Snemanje novega dokumentarnega filma RTV Slovenije, re\u017eiser Slavko Hren Od ponedeljka, 14. 5. 18 do vklju\u010dno srede, 16. 5. 18 je Dru\u0161tvo Ba\u0161ka dedi\u0161\u010dina na Grahovem\u00a0 ob Ba\u010di in Koritnici gostilo snemalno ekipo RTV Slovenija z re\u017eiserjem Slavkom Hrenom na \u010delu.\u00a0 Tridnevno dru\u017eenje od jutra do ve\u010dera [&hellip;]<\/p>\n","protected":false},"author":111,"featured_media":0,"parent":0,"menu_order":0,"comment_status":"closed","ping_status":"closed","template":"","meta":{"footnotes":""},"class_list":["post-7425","page","type-page","status-publish","hentry"],"yoast_head":"<!-- This site is optimized with the Yoast SEO plugin v25.4 - https:\/\/yoast.com\/wordpress\/plugins\/seo\/ -->\n<title>70 let filma Na svoji zemlji - Travel Slovenia - Sledite lepotam na\u0161e male dr\u017eavice<\/title>\n<meta name=\"robots\" content=\"index, follow, max-snippet:-1, max-image-preview:large, max-video-preview:-1\" \/>\n<link rel=\"canonical\" href=\"https:\/\/www.travel-slovenia.si\/slo\/70-let-filma-na-svoji-zemlji\/\" \/>\n<meta property=\"og:locale\" content=\"sl_SI\" \/>\n<meta property=\"og:type\" content=\"article\" \/>\n<meta property=\"og:title\" content=\"70 let filma Na svoji zemlji - Travel Slovenia - Sledite lepotam na\u0161e male dr\u017eavice\" \/>\n<meta property=\"og:description\" content=\"Grahovo ob Ba\u010di \u2013 Koritnica, 17. 5. 2018 Snemanje novega dokumentarnega filma RTV Slovenije, re\u017eiser Slavko Hren Od ponedeljka, 14. 5. 18 do vklju\u010dno srede, 16. 5. 18 je Dru\u0161tvo Ba\u0161ka dedi\u0161\u010dina na Grahovem\u00a0 ob Ba\u010di in Koritnici gostilo snemalno ekipo RTV Slovenija z re\u017eiserjem Slavkom Hrenom na \u010delu.\u00a0 Tridnevno dru\u017eenje od jutra do ve\u010dera [&hellip;]\" \/>\n<meta property=\"og:url\" content=\"https:\/\/www.travel-slovenia.si\/slo\/70-let-filma-na-svoji-zemlji\/\" \/>\n<meta property=\"og:site_name\" content=\"Travel Slovenia - Sledite lepotam na\u0161e male dr\u017eavice\" \/>\n<meta property=\"article:modified_time\" content=\"2018-05-26T06:50:40+00:00\" \/>\n<meta property=\"og:image\" content=\"https:\/\/www.travel-slovenia.si\/slo\/wp-content\/uploads\/2016\/10\/travel-slovenia-na-svoji-zemlji-1-300x203.jpg\" \/>\n<meta name=\"twitter:card\" content=\"summary_large_image\" \/>\n<meta name=\"twitter:label1\" content=\"Est. reading time\" \/>\n\t<meta name=\"twitter:data1\" content=\"1 minuta\" \/>\n<script type=\"application\/ld+json\" class=\"yoast-schema-graph\">{\"@context\":\"https:\/\/schema.org\",\"@graph\":[{\"@type\":\"WebPage\",\"@id\":\"https:\/\/www.travel-slovenia.si\/slo\/70-let-filma-na-svoji-zemlji\/\",\"url\":\"https:\/\/www.travel-slovenia.si\/slo\/70-let-filma-na-svoji-zemlji\/\",\"name\":\"70 let filma Na svoji zemlji - Travel Slovenia - Sledite lepotam na\u0161e male dr\u017eavice\",\"isPartOf\":{\"@id\":\"https:\/\/www.travel-slovenia.si\/slo\/#website\"},\"primaryImageOfPage\":{\"@id\":\"https:\/\/www.travel-slovenia.si\/slo\/70-let-filma-na-svoji-zemlji\/#primaryimage\"},\"image\":{\"@id\":\"https:\/\/www.travel-slovenia.si\/slo\/70-let-filma-na-svoji-zemlji\/#primaryimage\"},\"thumbnailUrl\":\"https:\/\/www.travel-slovenia.si\/slo\/wp-content\/uploads\/2016\/10\/travel-slovenia-na-svoji-zemlji-1-300x203.jpg\",\"datePublished\":\"2018-05-26T06:50:06+00:00\",\"dateModified\":\"2018-05-26T06:50:40+00:00\",\"breadcrumb\":{\"@id\":\"https:\/\/www.travel-slovenia.si\/slo\/70-let-filma-na-svoji-zemlji\/#breadcrumb\"},\"inLanguage\":\"sl-SI\",\"potentialAction\":[{\"@type\":\"ReadAction\",\"target\":[\"https:\/\/www.travel-slovenia.si\/slo\/70-let-filma-na-svoji-zemlji\/\"]}]},{\"@type\":\"ImageObject\",\"inLanguage\":\"sl-SI\",\"@id\":\"https:\/\/www.travel-slovenia.si\/slo\/70-let-filma-na-svoji-zemlji\/#primaryimage\",\"url\":\"https:\/\/www.travel-slovenia.si\/slo\/wp-content\/uploads\/2016\/10\/travel-slovenia-na-svoji-zemlji-1.jpg\",\"contentUrl\":\"https:\/\/www.travel-slovenia.si\/slo\/wp-content\/uploads\/2016\/10\/travel-slovenia-na-svoji-zemlji-1.jpg\",\"width\":400,\"height\":271,\"caption\":\"Scena iz filma\"},{\"@type\":\"BreadcrumbList\",\"@id\":\"https:\/\/www.travel-slovenia.si\/slo\/70-let-filma-na-svoji-zemlji\/#breadcrumb\",\"itemListElement\":[{\"@type\":\"ListItem\",\"position\":1,\"name\":\"Home\",\"item\":\"https:\/\/www.travel-slovenia.si\/slo\/\"},{\"@type\":\"ListItem\",\"position\":2,\"name\":\"70 let filma Na svoji zemlji\"}]},{\"@type\":\"WebSite\",\"@id\":\"https:\/\/www.travel-slovenia.si\/slo\/#website\",\"url\":\"https:\/\/www.travel-slovenia.si\/slo\/\",\"name\":\"Travel Slovenia - Sledite lepotam na\u0161e male dr\u017eavice\",\"description\":\"\",\"potentialAction\":[{\"@type\":\"SearchAction\",\"target\":{\"@type\":\"EntryPoint\",\"urlTemplate\":\"https:\/\/www.travel-slovenia.si\/slo\/?s={search_term_string}\"},\"query-input\":{\"@type\":\"PropertyValueSpecification\",\"valueRequired\":true,\"valueName\":\"search_term_string\"}}],\"inLanguage\":\"sl-SI\"}]}<\/script>\n<!-- \/ Yoast SEO plugin. -->","yoast_head_json":{"title":"70 let filma Na svoji zemlji - Travel Slovenia - Sledite lepotam na\u0161e male dr\u017eavice","robots":{"index":"index","follow":"follow","max-snippet":"max-snippet:-1","max-image-preview":"max-image-preview:large","max-video-preview":"max-video-preview:-1"},"canonical":"https:\/\/www.travel-slovenia.si\/slo\/70-let-filma-na-svoji-zemlji\/","og_locale":"sl_SI","og_type":"article","og_title":"70 let filma Na svoji zemlji - Travel Slovenia - Sledite lepotam na\u0161e male dr\u017eavice","og_description":"Grahovo ob Ba\u010di \u2013 Koritnica, 17. 5. 2018 Snemanje novega dokumentarnega filma RTV Slovenije, re\u017eiser Slavko Hren Od ponedeljka, 14. 5. 18 do vklju\u010dno srede, 16. 5. 18 je Dru\u0161tvo Ba\u0161ka dedi\u0161\u010dina na Grahovem\u00a0 ob Ba\u010di in Koritnici gostilo snemalno ekipo RTV Slovenija z re\u017eiserjem Slavkom Hrenom na \u010delu.\u00a0 Tridnevno dru\u017eenje od jutra do ve\u010dera [&hellip;]","og_url":"https:\/\/www.travel-slovenia.si\/slo\/70-let-filma-na-svoji-zemlji\/","og_site_name":"Travel Slovenia - Sledite lepotam na\u0161e male dr\u017eavice","article_modified_time":"2018-05-26T06:50:40+00:00","og_image":[{"url":"https:\/\/www.travel-slovenia.si\/slo\/wp-content\/uploads\/2016\/10\/travel-slovenia-na-svoji-zemlji-1-300x203.jpg","type":"","width":"","height":""}],"twitter_card":"summary_large_image","twitter_misc":{"Est. reading time":"1 minuta"},"schema":{"@context":"https:\/\/schema.org","@graph":[{"@type":"WebPage","@id":"https:\/\/www.travel-slovenia.si\/slo\/70-let-filma-na-svoji-zemlji\/","url":"https:\/\/www.travel-slovenia.si\/slo\/70-let-filma-na-svoji-zemlji\/","name":"70 let filma Na svoji zemlji - Travel Slovenia - Sledite lepotam na\u0161e male dr\u017eavice","isPartOf":{"@id":"https:\/\/www.travel-slovenia.si\/slo\/#website"},"primaryImageOfPage":{"@id":"https:\/\/www.travel-slovenia.si\/slo\/70-let-filma-na-svoji-zemlji\/#primaryimage"},"image":{"@id":"https:\/\/www.travel-slovenia.si\/slo\/70-let-filma-na-svoji-zemlji\/#primaryimage"},"thumbnailUrl":"https:\/\/www.travel-slovenia.si\/slo\/wp-content\/uploads\/2016\/10\/travel-slovenia-na-svoji-zemlji-1-300x203.jpg","datePublished":"2018-05-26T06:50:06+00:00","dateModified":"2018-05-26T06:50:40+00:00","breadcrumb":{"@id":"https:\/\/www.travel-slovenia.si\/slo\/70-let-filma-na-svoji-zemlji\/#breadcrumb"},"inLanguage":"sl-SI","potentialAction":[{"@type":"ReadAction","target":["https:\/\/www.travel-slovenia.si\/slo\/70-let-filma-na-svoji-zemlji\/"]}]},{"@type":"ImageObject","inLanguage":"sl-SI","@id":"https:\/\/www.travel-slovenia.si\/slo\/70-let-filma-na-svoji-zemlji\/#primaryimage","url":"https:\/\/www.travel-slovenia.si\/slo\/wp-content\/uploads\/2016\/10\/travel-slovenia-na-svoji-zemlji-1.jpg","contentUrl":"https:\/\/www.travel-slovenia.si\/slo\/wp-content\/uploads\/2016\/10\/travel-slovenia-na-svoji-zemlji-1.jpg","width":400,"height":271,"caption":"Scena iz filma"},{"@type":"BreadcrumbList","@id":"https:\/\/www.travel-slovenia.si\/slo\/70-let-filma-na-svoji-zemlji\/#breadcrumb","itemListElement":[{"@type":"ListItem","position":1,"name":"Home","item":"https:\/\/www.travel-slovenia.si\/slo\/"},{"@type":"ListItem","position":2,"name":"70 let filma Na svoji zemlji"}]},{"@type":"WebSite","@id":"https:\/\/www.travel-slovenia.si\/slo\/#website","url":"https:\/\/www.travel-slovenia.si\/slo\/","name":"Travel Slovenia - Sledite lepotam na\u0161e male dr\u017eavice","description":"","potentialAction":[{"@type":"SearchAction","target":{"@type":"EntryPoint","urlTemplate":"https:\/\/www.travel-slovenia.si\/slo\/?s={search_term_string}"},"query-input":{"@type":"PropertyValueSpecification","valueRequired":true,"valueName":"search_term_string"}}],"inLanguage":"sl-SI"}]}},"post_mailing_queue_ids":[],"_links":{"self":[{"href":"https:\/\/www.travel-slovenia.si\/slo\/wp-json\/wp\/v2\/pages\/7425","targetHints":{"allow":["GET"]}}],"collection":[{"href":"https:\/\/www.travel-slovenia.si\/slo\/wp-json\/wp\/v2\/pages"}],"about":[{"href":"https:\/\/www.travel-slovenia.si\/slo\/wp-json\/wp\/v2\/types\/page"}],"author":[{"embeddable":true,"href":"https:\/\/www.travel-slovenia.si\/slo\/wp-json\/wp\/v2\/users\/111"}],"replies":[{"embeddable":true,"href":"https:\/\/www.travel-slovenia.si\/slo\/wp-json\/wp\/v2\/comments?post=7425"}],"version-history":[{"count":2,"href":"https:\/\/www.travel-slovenia.si\/slo\/wp-json\/wp\/v2\/pages\/7425\/revisions"}],"predecessor-version":[{"id":7427,"href":"https:\/\/www.travel-slovenia.si\/slo\/wp-json\/wp\/v2\/pages\/7425\/revisions\/7427"}],"wp:attachment":[{"href":"https:\/\/www.travel-slovenia.si\/slo\/wp-json\/wp\/v2\/media?parent=7425"}],"curies":[{"name":"wp","href":"https:\/\/api.w.org\/{rel}","templated":true}]}}