{"id":7236,"date":"2018-03-15T17:06:37","date_gmt":"2018-03-15T16:06:37","guid":{"rendered":"https:\/\/www.travel-slovenia.si\/slo\/?page_id=7236"},"modified":"2018-03-15T17:06:37","modified_gmt":"2018-03-15T16:06:37","slug":"vtisi-s-25-pohoda-po-jurcicevi-poti","status":"publish","type":"page","link":"https:\/\/www.travel-slovenia.si\/slo\/vtisi-s-25-pohoda-po-jurcicevi-poti\/","title":{"rendered":"Vtisi s 25. pohoda po Jur\u010di\u010devi poti"},"content":{"rendered":"<figure id=\"attachment_7302\" class=\"wp-caption alignleft\" style=\"max-width: 300px\"><img loading=\"lazy\" decoding=\"async\" class=\"size-medium wp-image-7302\" src=\"https:\/\/www.travel-slovenia.si\/slo\/wp-content\/uploads\/2018\/03\/travel-slovenia-pohod-po-jurcicevi-poti-2018-66-300x169.jpg\" alt=\"\" width=\"300\" height=\"169\" srcset=\"https:\/\/www.travel-slovenia.si\/slo\/wp-content\/uploads\/2018\/03\/travel-slovenia-pohod-po-jurcicevi-poti-2018-66-300x169.jpg 300w, https:\/\/www.travel-slovenia.si\/slo\/wp-content\/uploads\/2018\/03\/travel-slovenia-pohod-po-jurcicevi-poti-2018-66-320x180.jpg 320w, https:\/\/www.travel-slovenia.si\/slo\/wp-content\/uploads\/2018\/03\/travel-slovenia-pohod-po-jurcicevi-poti-2018-66-24x14.jpg 24w, https:\/\/www.travel-slovenia.si\/slo\/wp-content\/uploads\/2018\/03\/travel-slovenia-pohod-po-jurcicevi-poti-2018-66-36x20.jpg 36w, https:\/\/www.travel-slovenia.si\/slo\/wp-content\/uploads\/2018\/03\/travel-slovenia-pohod-po-jurcicevi-poti-2018-66-48x27.jpg 48w, https:\/\/www.travel-slovenia.si\/slo\/wp-content\/uploads\/2018\/03\/travel-slovenia-pohod-po-jurcicevi-poti-2018-66.jpg 600w\" sizes=\"auto, (max-width: 300px) 100vw, 300px\" \/><figcaption class=\"wp-caption-text\">Kon\u010dna to\u010dka na Muljavi<\/figcaption><\/figure>\n<p style=\"text-align: justify;\">V soboto, dne 3.3.2018, se je Travel-Slovenia odpravil na organiziran pohod po Jur\u010di\u010devi poti. Svojo pot smo pri\u010deli v Vi\u0161nji Gori, \u017ee na samem za\u010detku so nas lepo sprejeli, obenem pa so si lahko obiskovalci kupili spominke Vi\u0161nje Gore. Cena pohoda je bila le 3 evre, kar pa je zajelo avtobusni prevoz na za\u010detno to\u010dko, torej iz Muljave v Vi\u0161njo Goro.<\/p>\n<p style=\"text-align: justify;\">Pot smo pri\u010deli z nekoliko strmej\u0161im vzponom skozi sneg, vzpon je poskrbel, da so se ogreli. Po tem kraj\u0161em vzponu pa nas je \u010dakala asfaltna in s\u010di\u0161\u010dena pot. Prva postojanka nas je pri\u010dakala v Pristavi, kjer smo se lahko malo okrep\u010dali z brezpla\u010dnimi prigrizki in toplim \u010dajem. Od tu smo se podali na gozdno nekoliko zasne\u017eeno pot, katero so kolikor se je dalo tudi splu\u017eili. Le na nekaterih nedostopnih mestih smo se morali malo namatrati s snegom.<\/p>\n<p style=\"text-align: justify;\">Naslednja postojanka nas je pri\u010dakala v Zavrta\u010dah, kjer smo dobili tudi svoj drugi \u017eig. Tu smo se ponovno okrep\u010dali s toplim \u010dajem in borovni\u010dkami. Na voljo so bili tudi prigrizki za vse la\u010dne. Pot se potem nadaljuje proti smu\u010di\u0161\u010du Pol\u017eevo, kar velja tudi za prvo ve\u010djo postojanko, kjer so za obiskovalce poskrbeli gasilci in osebje hotela Pol\u017eevo. Za pridobivanje energije smo tu nekaj prigriznili in spili topel \u010daj.<\/p>\n<p style=\"text-align: justify;\">Po kraj\u0161em po\u010ditku se odpravimo dalje po \u0161e zadnjem ve\u010djem vzponu, kar preko smu\u010di\u0161\u010da na gozdno pot. Na vrhu Pol\u017eevega si lahko ogledamo \u0161e cerkev Sv. Duha. Nadaljujemo v smeri Male Vrhe, tu nas pri\u010daka manj\u0161a postojanka, kjer so se lahko udele\u017eenci nekoliko spo\u010dili in spili topel \u010daj, kavo ali kaj drugega.<\/p>\n<p style=\"text-align: justify;\">Tu smo \u017ee prehodili ve\u010dino poti, pred nami je bilo le \u0161e pribli\u017eno \u010detrtino poti. Sledi kraj\u0161i spust in pot proti Kravjeku, pri cerkvi Sv. Janeza Krstnika nas pri\u010daka \u0161e zadnja postojanka, za katero so poskrbeli lokalni gasilci. Mo\u017een je bil tudi ogled cerkve, saj je bila na ta dan odprta. Pot nadaljujemo proti Oslici, po poti nas pri\u010daka \u0161e nekaj manj\u0161ih postojank, kmalu za tem pa prispemo na cilj v Muljavi. Tu pridobimo \u0161e zadnji \u017eig, da potrdimo svoj prihod.<\/p>\n<p style=\"text-align: justify;\">Celoten pohod je bil zelo dobro organiziran, saj so skupaj z doma\u010dini lepo poskrbeli za vse obiskovalce po poti. Na ve\u010djih mestih smo lahko opazili tudi re\u0161evalce, \u010de bi kdo potreboval pomo\u010d. Na cilju smo se lahko okrep\u010dali tudi z doma\u010do hrano, kaj popili ali kupili doma\u010de izdelke. Organiziran pa je bil tudi program, z govorom \u017eupana Vi\u0161nje Gore. Na voljo so bile tudi druge informacije o Jur\u010di\u010du, ogled manj\u0161e izbe ter glasba.<\/p>\n<p style=\"text-align: justify;\">Nedale\u010d stran od cilja nas je pri\u010dakal avtobusni prevoz, ki nas je zapeljal nazaj v Vi\u0161njo Goro, s tem pa smo na\u0161 pohod tudi kon\u010dali. Prehodili smo 12 kilometrov, videli veliko zanimiv stvari, veliko obiskovalcev in nasmejane doma\u010dine. Pohod je vsekakor vreden udele\u017ebe, obenem pa ponuja tudi dodatne informacije za vse, ki jih zanima nekaj ve\u010d.<\/p>\n<p>&nbsp;<\/p>\n\n\t\t\t<div id='gallery-7236-1' class='gallery gallery-7236'>\n\t\t\t\t<div class='gallery-row gallery-col-3 gallery-clear'>\n\t\t\t\t\t<figure class='gallery-item col-3'>\n\t\t\t\t\t\t<div class='gallery-icon '><a rel=\"gallery-1\" href='https:\/\/www.travel-slovenia.si\/slo\/wp-content\/uploads\/2018\/03\/travel-slovenia-pohod-po-jurcicevi-poti-2018-1.jpg'><img loading=\"lazy\" decoding=\"async\" width=\"232\" height=\"150\" src=\"https:\/\/www.travel-slovenia.si\/slo\/wp-content\/uploads\/2018\/03\/travel-slovenia-pohod-po-jurcicevi-poti-2018-1-232x150.jpg\" class=\"attachment-thumb-232 size-thumb-232\" alt=\"\" \/><\/a><\/div>\n\t\t\t\t\t\t<figcaption class='gallery-caption'>Vstopna to\u010dka poti v Vi\u0161nji Gori<\/figcaption>\n\t\t\t\t\t<\/figure>\n\t\t\t\t\t<figure class='gallery-item col-3'>\n\t\t\t\t\t\t<div class='gallery-icon '><a rel=\"gallery-1\" href='https:\/\/www.travel-slovenia.si\/slo\/wp-content\/uploads\/2018\/03\/travel-slovenia-pohod-po-jurcicevi-poti-2018-2.jpg'><img loading=\"lazy\" decoding=\"async\" width=\"232\" height=\"150\" src=\"https:\/\/www.travel-slovenia.si\/slo\/wp-content\/uploads\/2018\/03\/travel-slovenia-pohod-po-jurcicevi-poti-2018-2-232x150.jpg\" class=\"attachment-thumb-232 size-thumb-232\" alt=\"\" \/><\/a><\/div>\n\t\t\t\t\t\t<figcaption class='gallery-caption'>Registracijska to\u010dka<\/figcaption>\n\t\t\t\t\t<\/figure>\n\t\t\t\t\t<figure class='gallery-item col-3'>\n\t\t\t\t\t\t<div class='gallery-icon '><a rel=\"gallery-1\" href='https:\/\/www.travel-slovenia.si\/slo\/wp-content\/uploads\/2018\/03\/travel-slovenia-pohod-po-jurcicevi-poti-2018-3.jpg'><img loading=\"lazy\" decoding=\"async\" width=\"232\" height=\"150\" src=\"https:\/\/www.travel-slovenia.si\/slo\/wp-content\/uploads\/2018\/03\/travel-slovenia-pohod-po-jurcicevi-poti-2018-3-232x150.jpg\" class=\"attachment-thumb-232 size-thumb-232\" alt=\"\" \/><\/a><\/div>\n\t\t\t\t\t\t<figcaption class='gallery-caption'>Prihod pohodnikov<\/figcaption>\n\t\t\t\t\t<\/figure>\n\t\t\t\t<\/div>\n\t\t\t\t<div class='gallery-row gallery-col-3 gallery-clear'>\n\t\t\t\t\t<figure class='gallery-item col-3'>\n\t\t\t\t\t\t<div class='gallery-icon '><a rel=\"gallery-1\" href='https:\/\/www.travel-slovenia.si\/slo\/wp-content\/uploads\/2018\/03\/travel-slovenia-pohod-po-jurcicevi-poti-2018-4.jpg'><img loading=\"lazy\" decoding=\"async\" width=\"232\" height=\"150\" src=\"https:\/\/www.travel-slovenia.si\/slo\/wp-content\/uploads\/2018\/03\/travel-slovenia-pohod-po-jurcicevi-poti-2018-4-232x150.jpg\" class=\"attachment-thumb-232 size-thumb-232\" alt=\"\" \/><\/a><\/div>\n\t\t\t\t\t\t<figcaption class='gallery-caption'>Usmerjevalna tabla za Jur\u010di\u010devo pot<\/figcaption>\n\t\t\t\t\t<\/figure>\n\t\t\t\t\t<figure class='gallery-item col-3'>\n\t\t\t\t\t\t<div class='gallery-icon '><a rel=\"gallery-1\" href='https:\/\/www.travel-slovenia.si\/slo\/wp-content\/uploads\/2018\/03\/travel-slovenia-pohod-po-jurcicevi-poti-2018-5.jpg'><img loading=\"lazy\" decoding=\"async\" width=\"232\" height=\"150\" src=\"https:\/\/www.travel-slovenia.si\/slo\/wp-content\/uploads\/2018\/03\/travel-slovenia-pohod-po-jurcicevi-poti-2018-5-232x150.jpg\" class=\"attachment-thumb-232 size-thumb-232\" alt=\"\" \/><\/a><\/div>\n\t\t\t\t\t\t<figcaption class='gallery-caption'>Vzpon v snegu<\/figcaption>\n\t\t\t\t\t<\/figure>\n\t\t\t\t\t<figure class='gallery-item col-3'>\n\t\t\t\t\t\t<div class='gallery-icon '><a rel=\"gallery-1\" href='https:\/\/www.travel-slovenia.si\/slo\/wp-content\/uploads\/2018\/03\/travel-slovenia-pohod-po-jurcicevi-poti-2018-6.jpg'><img loading=\"lazy\" decoding=\"async\" width=\"232\" height=\"150\" src=\"https:\/\/www.travel-slovenia.si\/slo\/wp-content\/uploads\/2018\/03\/travel-slovenia-pohod-po-jurcicevi-poti-2018-6-232x150.jpg\" class=\"attachment-thumb-232 size-thumb-232\" alt=\"\" \/><\/a><\/div>\n\t\t\t\t\t\t<figcaption class='gallery-caption'>Ozna\u010dbe na drevesu<\/figcaption>\n\t\t\t\t\t<\/figure>\n\t\t\t\t<\/div>\n\t\t\t\t<div class='gallery-row gallery-col-3 gallery-clear'>\n\t\t\t\t\t<figure class='gallery-item col-3'>\n\t\t\t\t\t\t<div class='gallery-icon '><a rel=\"gallery-1\" href='https:\/\/www.travel-slovenia.si\/slo\/wp-content\/uploads\/2018\/03\/travel-slovenia-pohod-po-jurcicevi-poti-2018-7.jpg'><img loading=\"lazy\" decoding=\"async\" width=\"232\" height=\"150\" src=\"https:\/\/www.travel-slovenia.si\/slo\/wp-content\/uploads\/2018\/03\/travel-slovenia-pohod-po-jurcicevi-poti-2018-7-232x150.jpg\" class=\"attachment-thumb-232 size-thumb-232\" alt=\"\" \/><\/a><\/div>\n\t\t\t\t\t\t<figcaption class='gallery-caption'>Hoja po snegu<\/figcaption>\n\t\t\t\t\t<\/figure>\n\t\t\t\t\t<figure class='gallery-item col-3'>\n\t\t\t\t\t\t<div class='gallery-icon '><a rel=\"gallery-1\" href='https:\/\/www.travel-slovenia.si\/slo\/wp-content\/uploads\/2018\/03\/travel-slovenia-pohod-po-jurcicevi-poti-2018-8.jpg'><img loading=\"lazy\" decoding=\"async\" width=\"232\" height=\"150\" src=\"https:\/\/www.travel-slovenia.si\/slo\/wp-content\/uploads\/2018\/03\/travel-slovenia-pohod-po-jurcicevi-poti-2018-8-232x150.jpg\" class=\"attachment-thumb-232 size-thumb-232\" alt=\"\" \/><\/a><\/div>\n\t\t\t\t\t\t<figcaption class='gallery-caption'>Pogled s poti<\/figcaption>\n\t\t\t\t\t<\/figure>\n\t\t\t\t\t<figure class='gallery-item col-3'>\n\t\t\t\t\t\t<div class='gallery-icon '><a rel=\"gallery-1\" href='https:\/\/www.travel-slovenia.si\/slo\/wp-content\/uploads\/2018\/03\/travel-slovenia-pohod-po-jurcicevi-poti-2018-9.jpg'><img loading=\"lazy\" decoding=\"async\" width=\"232\" height=\"150\" src=\"https:\/\/www.travel-slovenia.si\/slo\/wp-content\/uploads\/2018\/03\/travel-slovenia-pohod-po-jurcicevi-poti-2018-9-232x150.jpg\" class=\"attachment-thumb-232 size-thumb-232\" alt=\"\" \/><\/a><\/div>\n\t\t\t\t\t\t<figcaption class='gallery-caption'>\u0160e nekaj korakov do postaje<\/figcaption>\n\t\t\t\t\t<\/figure>\n\t\t\t\t<\/div>\n\t\t\t\t<div class='gallery-row gallery-col-3 gallery-clear'>\n\t\t\t\t\t<figure class='gallery-item col-3'>\n\t\t\t\t\t\t<div class='gallery-icon '><a rel=\"gallery-1\" href='https:\/\/www.travel-slovenia.si\/slo\/wp-content\/uploads\/2018\/03\/travel-slovenia-pohod-po-jurcicevi-poti-2018-10.jpg'><img loading=\"lazy\" decoding=\"async\" width=\"232\" height=\"150\" src=\"https:\/\/www.travel-slovenia.si\/slo\/wp-content\/uploads\/2018\/03\/travel-slovenia-pohod-po-jurcicevi-poti-2018-10-232x150.jpg\" class=\"attachment-thumb-232 size-thumb-232\" alt=\"\" \/><\/a><\/div>\n\t\t\t\t\t\t<figcaption class='gallery-caption'>To\u010dka s toplim \u010dajem<\/figcaption>\n\t\t\t\t\t<\/figure>\n\t\t\t\t\t<figure class='gallery-item col-3'>\n\t\t\t\t\t\t<div class='gallery-icon '><a rel=\"gallery-1\" href='https:\/\/www.travel-slovenia.si\/slo\/wp-content\/uploads\/2018\/03\/travel-slovenia-pohod-po-jurcicevi-poti-2018-11.jpg'><img loading=\"lazy\" decoding=\"async\" width=\"232\" height=\"150\" src=\"https:\/\/www.travel-slovenia.si\/slo\/wp-content\/uploads\/2018\/03\/travel-slovenia-pohod-po-jurcicevi-poti-2018-11-232x150.jpg\" class=\"attachment-thumb-232 size-thumb-232\" alt=\"\" \/><\/a><\/div>\n\t\t\t\t\t\t<figcaption class='gallery-caption'>Zemljevid poti<\/figcaption>\n\t\t\t\t\t<\/figure>\n\t\t\t\t\t<figure class='gallery-item col-3'>\n\t\t\t\t\t\t<div class='gallery-icon '><a rel=\"gallery-1\" href='https:\/\/www.travel-slovenia.si\/slo\/wp-content\/uploads\/2018\/03\/travel-slovenia-pohod-po-jurcicevi-poti-2018-12.jpg'><img loading=\"lazy\" decoding=\"async\" width=\"232\" height=\"150\" src=\"https:\/\/www.travel-slovenia.si\/slo\/wp-content\/uploads\/2018\/03\/travel-slovenia-pohod-po-jurcicevi-poti-2018-12-232x150.jpg\" class=\"attachment-thumb-232 size-thumb-232\" alt=\"\" \/><\/a><\/div>\n\t\t\t\t\t\t<figcaption class='gallery-caption'>Obmo\u010dje medveda<\/figcaption>\n\t\t\t\t\t<\/figure>\n\t\t\t\t<\/div>\n\t\t\t\t<div class='gallery-row gallery-col-3 gallery-clear'>\n\t\t\t\t\t<figure class='gallery-item col-3'>\n\t\t\t\t\t\t<div class='gallery-icon '><a rel=\"gallery-1\" href='https:\/\/www.travel-slovenia.si\/slo\/wp-content\/uploads\/2018\/03\/travel-slovenia-pohod-po-jurcicevi-poti-2018-13.jpg'><img loading=\"lazy\" decoding=\"async\" width=\"232\" height=\"150\" src=\"https:\/\/www.travel-slovenia.si\/slo\/wp-content\/uploads\/2018\/03\/travel-slovenia-pohod-po-jurcicevi-poti-2018-13-232x150.jpg\" class=\"attachment-thumb-232 size-thumb-232\" alt=\"\" \/><\/a><\/div>\n\t\t\t\t\t\t<figcaption class='gallery-caption'>Jur\u010di\u010deva tabla<\/figcaption>\n\t\t\t\t\t<\/figure>\n\t\t\t\t\t<figure class='gallery-item col-3'>\n\t\t\t\t\t\t<div class='gallery-icon '><a rel=\"gallery-1\" href='https:\/\/www.travel-slovenia.si\/slo\/wp-content\/uploads\/2018\/03\/travel-slovenia-pohod-po-jurcicevi-poti-2018-14.jpg'><img loading=\"lazy\" decoding=\"async\" width=\"232\" height=\"150\" src=\"https:\/\/www.travel-slovenia.si\/slo\/wp-content\/uploads\/2018\/03\/travel-slovenia-pohod-po-jurcicevi-poti-2018-14-232x150.jpg\" class=\"attachment-thumb-232 size-thumb-232\" alt=\"\" \/><\/a><\/div>\n\t\t\t\t\t\t<figcaption class='gallery-caption'>Zasne\u017eena pot<\/figcaption>\n\t\t\t\t\t<\/figure>\n\t\t\t\t\t<figure class='gallery-item col-3'>\n\t\t\t\t\t\t<div class='gallery-icon '><a rel=\"gallery-1\" href='https:\/\/www.travel-slovenia.si\/slo\/wp-content\/uploads\/2018\/03\/travel-slovenia-pohod-po-jurcicevi-poti-2018-15.jpg'><img loading=\"lazy\" decoding=\"async\" width=\"232\" height=\"150\" src=\"https:\/\/www.travel-slovenia.si\/slo\/wp-content\/uploads\/2018\/03\/travel-slovenia-pohod-po-jurcicevi-poti-2018-15-232x150.jpg\" class=\"attachment-thumb-232 size-thumb-232\" alt=\"\" \/><\/a><\/div>\n\t\t\t\t\t\t<figcaption class='gallery-caption'>Pogled s poti<\/figcaption>\n\t\t\t\t\t<\/figure>\n\t\t\t\t<\/div>\n\t\t\t\t<div class='gallery-row gallery-col-3 gallery-clear'>\n\t\t\t\t\t<figure class='gallery-item col-3'>\n\t\t\t\t\t\t<div class='gallery-icon '><a rel=\"gallery-1\" href='https:\/\/www.travel-slovenia.si\/slo\/wp-content\/uploads\/2018\/03\/travel-slovenia-pohod-po-jurcicevi-poti-2018-16.jpg'><img loading=\"lazy\" decoding=\"async\" width=\"232\" height=\"150\" src=\"https:\/\/www.travel-slovenia.si\/slo\/wp-content\/uploads\/2018\/03\/travel-slovenia-pohod-po-jurcicevi-poti-2018-16-232x150.jpg\" class=\"attachment-thumb-232 size-thumb-232\" alt=\"\" \/><\/a><\/div>\n\t\t\t\t\t\t<figcaption class='gallery-caption'>Drevesa ob cesti<\/figcaption>\n\t\t\t\t\t<\/figure>\n\t\t\t\t\t<figure class='gallery-item col-3'>\n\t\t\t\t\t\t<div class='gallery-icon '><a rel=\"gallery-1\" href='https:\/\/www.travel-slovenia.si\/slo\/wp-content\/uploads\/2018\/03\/travel-slovenia-pohod-po-jurcicevi-poti-2018-17.jpg'><img loading=\"lazy\" decoding=\"async\" width=\"232\" height=\"150\" src=\"https:\/\/www.travel-slovenia.si\/slo\/wp-content\/uploads\/2018\/03\/travel-slovenia-pohod-po-jurcicevi-poti-2018-17-232x150.jpg\" class=\"attachment-thumb-232 size-thumb-232\" alt=\"\" \/><\/a><\/div>\n\t\t\t\t\t\t<figcaption class='gallery-caption'>Zavrta\u010de<\/figcaption>\n\t\t\t\t\t<\/figure>\n\t\t\t\t\t<figure class='gallery-item col-3'>\n\t\t\t\t\t\t<div class='gallery-icon '><a rel=\"gallery-1\" href='https:\/\/www.travel-slovenia.si\/slo\/wp-content\/uploads\/2018\/03\/travel-slovenia-pohod-po-jurcicevi-poti-2018-18.jpg'><img loading=\"lazy\" decoding=\"async\" width=\"232\" height=\"150\" src=\"https:\/\/www.travel-slovenia.si\/slo\/wp-content\/uploads\/2018\/03\/travel-slovenia-pohod-po-jurcicevi-poti-2018-18-232x150.jpg\" class=\"attachment-thumb-232 size-thumb-232\" alt=\"\" \/><\/a><\/div>\n\t\t\t\t\t\t<figcaption class='gallery-caption'>TD Vi\u0161nja Gora<\/figcaption>\n\t\t\t\t\t<\/figure>\n\t\t\t\t<\/div>\n\t\t\t\t<div class='gallery-row gallery-col-3 gallery-clear'>\n\t\t\t\t\t<figure class='gallery-item col-3'>\n\t\t\t\t\t\t<div class='gallery-icon '><a rel=\"gallery-1\" href='https:\/\/www.travel-slovenia.si\/slo\/wp-content\/uploads\/2018\/03\/travel-slovenia-pohod-po-jurcicevi-poti-2018-19.jpg'><img loading=\"lazy\" decoding=\"async\" width=\"232\" height=\"150\" src=\"https:\/\/www.travel-slovenia.si\/slo\/wp-content\/uploads\/2018\/03\/travel-slovenia-pohod-po-jurcicevi-poti-2018-19-232x150.jpg\" class=\"attachment-thumb-232 size-thumb-232\" alt=\"\" \/><\/a><\/div>\n\t\t\t\t\t\t<figcaption class='gallery-caption'>\u010cas za po\u010ditek<\/figcaption>\n\t\t\t\t\t<\/figure>\n\t\t\t\t\t<figure class='gallery-item col-3'>\n\t\t\t\t\t\t<div class='gallery-icon '><a rel=\"gallery-1\" href='https:\/\/www.travel-slovenia.si\/slo\/wp-content\/uploads\/2018\/03\/travel-slovenia-pohod-po-jurcicevi-poti-2018-20.jpg'><img loading=\"lazy\" decoding=\"async\" width=\"232\" height=\"150\" src=\"https:\/\/www.travel-slovenia.si\/slo\/wp-content\/uploads\/2018\/03\/travel-slovenia-pohod-po-jurcicevi-poti-2018-20-232x150.jpg\" class=\"attachment-thumb-232 size-thumb-232\" alt=\"\" \/><\/a><\/div>\n\t\t\t\t\t\t<figcaption class='gallery-caption'>Pridobivanje \u017eiga<\/figcaption>\n\t\t\t\t\t<\/figure>\n\t\t\t\t\t<figure class='gallery-item col-3'>\n\t\t\t\t\t\t<div class='gallery-icon '><a rel=\"gallery-1\" href='https:\/\/www.travel-slovenia.si\/slo\/wp-content\/uploads\/2018\/03\/travel-slovenia-pohod-po-jurcicevi-poti-2018-21.jpg'><img loading=\"lazy\" decoding=\"async\" width=\"232\" height=\"150\" src=\"https:\/\/www.travel-slovenia.si\/slo\/wp-content\/uploads\/2018\/03\/travel-slovenia-pohod-po-jurcicevi-poti-2018-21-232x150.jpg\" class=\"attachment-thumb-232 size-thumb-232\" alt=\"\" \/><\/a><\/div>\n\t\t\t\t\t\t<figcaption class='gallery-caption'>Po\u010ditek pred odhodom<\/figcaption>\n\t\t\t\t\t<\/figure>\n\t\t\t\t<\/div>\n\t\t\t\t<div class='gallery-row gallery-col-3 gallery-clear'>\n\t\t\t\t\t<figure class='gallery-item col-3'>\n\t\t\t\t\t\t<div class='gallery-icon '><a rel=\"gallery-1\" href='https:\/\/www.travel-slovenia.si\/slo\/wp-content\/uploads\/2018\/03\/travel-slovenia-pohod-po-jurcicevi-poti-2018-22.jpg'><img loading=\"lazy\" decoding=\"async\" width=\"232\" height=\"150\" src=\"https:\/\/www.travel-slovenia.si\/slo\/wp-content\/uploads\/2018\/03\/travel-slovenia-pohod-po-jurcicevi-poti-2018-22-232x150.jpg\" class=\"attachment-thumb-232 size-thumb-232\" alt=\"\" \/><\/a><\/div>\n\t\t\t\t\t\t<figcaption class='gallery-caption'>Pogled s poti<\/figcaption>\n\t\t\t\t\t<\/figure>\n\t\t\t\t\t<figure class='gallery-item col-3'>\n\t\t\t\t\t\t<div class='gallery-icon '><a rel=\"gallery-1\" href='https:\/\/www.travel-slovenia.si\/slo\/wp-content\/uploads\/2018\/03\/travel-slovenia-pohod-po-jurcicevi-poti-2018-23.jpg'><img loading=\"lazy\" decoding=\"async\" width=\"232\" height=\"150\" src=\"https:\/\/www.travel-slovenia.si\/slo\/wp-content\/uploads\/2018\/03\/travel-slovenia-pohod-po-jurcicevi-poti-2018-23-232x150.jpg\" class=\"attachment-thumb-232 size-thumb-232\" alt=\"\" \/><\/a><\/div>\n\t\t\t\t\t\t<figcaption class='gallery-caption'>Zasne\u017eena cesta<\/figcaption>\n\t\t\t\t\t<\/figure>\n\t\t\t\t\t<figure class='gallery-item col-3'>\n\t\t\t\t\t\t<div class='gallery-icon '><a rel=\"gallery-1\" href='https:\/\/www.travel-slovenia.si\/slo\/wp-content\/uploads\/2018\/03\/travel-slovenia-pohod-po-jurcicevi-poti-2018-24.jpg'><img loading=\"lazy\" decoding=\"async\" width=\"232\" height=\"150\" src=\"https:\/\/www.travel-slovenia.si\/slo\/wp-content\/uploads\/2018\/03\/travel-slovenia-pohod-po-jurcicevi-poti-2018-24-232x150.jpg\" class=\"attachment-thumb-232 size-thumb-232\" alt=\"\" \/><\/a><\/div>\n\t\t\t\t\t\t<figcaption class='gallery-caption'>Pol\u017eevo<\/figcaption>\n\t\t\t\t\t<\/figure>\n\t\t\t\t<\/div>\n\t\t\t\t<div class='gallery-row gallery-col-3 gallery-clear'>\n\t\t\t\t\t<figure class='gallery-item col-3'>\n\t\t\t\t\t\t<div class='gallery-icon '><a rel=\"gallery-1\" href='https:\/\/www.travel-slovenia.si\/slo\/wp-content\/uploads\/2018\/03\/travel-slovenia-pohod-po-jurcicevi-poti-2018-25.jpg'><img loading=\"lazy\" decoding=\"async\" width=\"232\" height=\"150\" src=\"https:\/\/www.travel-slovenia.si\/slo\/wp-content\/uploads\/2018\/03\/travel-slovenia-pohod-po-jurcicevi-poti-2018-25-232x150.jpg\" class=\"attachment-thumb-232 size-thumb-232\" alt=\"\" \/><\/a><\/div>\n\t\t\t\t\t\t<figcaption class='gallery-caption'>Prihod na to\u010dko na Pol\u017eevem<\/figcaption>\n\t\t\t\t\t<\/figure>\n\t\t\t\t\t<figure class='gallery-item col-3'>\n\t\t\t\t\t\t<div class='gallery-icon '><a rel=\"gallery-1\" href='https:\/\/www.travel-slovenia.si\/slo\/wp-content\/uploads\/2018\/03\/travel-slovenia-pohod-po-jurcicevi-poti-2018-26.jpg'><img loading=\"lazy\" decoding=\"async\" width=\"232\" height=\"150\" src=\"https:\/\/www.travel-slovenia.si\/slo\/wp-content\/uploads\/2018\/03\/travel-slovenia-pohod-po-jurcicevi-poti-2018-26-232x150.jpg\" class=\"attachment-thumb-232 size-thumb-232\" alt=\"\" \/><\/a><\/div>\n\t\t\t\t\t\t<figcaption class='gallery-caption'>Re\u0161evalno vozilo<\/figcaption>\n\t\t\t\t\t<\/figure>\n\t\t\t\t\t<figure class='gallery-item col-3'>\n\t\t\t\t\t\t<div class='gallery-icon '><a rel=\"gallery-1\" href='https:\/\/www.travel-slovenia.si\/slo\/wp-content\/uploads\/2018\/03\/travel-slovenia-pohod-po-jurcicevi-poti-2018-27.jpg'><img loading=\"lazy\" decoding=\"async\" width=\"232\" height=\"150\" src=\"https:\/\/www.travel-slovenia.si\/slo\/wp-content\/uploads\/2018\/03\/travel-slovenia-pohod-po-jurcicevi-poti-2018-27-232x150.jpg\" class=\"attachment-thumb-232 size-thumb-232\" alt=\"\" \/><\/a><\/div>\n\t\t\t\t\t\t<figcaption class='gallery-caption'>U\u017eivanje ob toplem napitku<\/figcaption>\n\t\t\t\t\t<\/figure>\n\t\t\t\t<\/div>\n\t\t\t\t<div class='gallery-row gallery-col-3 gallery-clear'>\n\t\t\t\t\t<figure class='gallery-item col-3'>\n\t\t\t\t\t\t<div class='gallery-icon '><a rel=\"gallery-1\" href='https:\/\/www.travel-slovenia.si\/slo\/wp-content\/uploads\/2018\/03\/travel-slovenia-pohod-po-jurcicevi-poti-2018-28.jpg'><img loading=\"lazy\" decoding=\"async\" width=\"232\" height=\"150\" src=\"https:\/\/www.travel-slovenia.si\/slo\/wp-content\/uploads\/2018\/03\/travel-slovenia-pohod-po-jurcicevi-poti-2018-28-232x150.jpg\" class=\"attachment-thumb-232 size-thumb-232\" alt=\"\" \/><\/a><\/div>\n\t\t\t\t\t\t<figcaption class='gallery-caption'>Oglasne table<\/figcaption>\n\t\t\t\t\t<\/figure>\n\t\t\t\t\t<figure class='gallery-item col-3'>\n\t\t\t\t\t\t<div class='gallery-icon '><a rel=\"gallery-1\" href='https:\/\/www.travel-slovenia.si\/slo\/wp-content\/uploads\/2018\/03\/travel-slovenia-pohod-po-jurcicevi-poti-2018-29.jpg'><img loading=\"lazy\" decoding=\"async\" width=\"232\" height=\"150\" src=\"https:\/\/www.travel-slovenia.si\/slo\/wp-content\/uploads\/2018\/03\/travel-slovenia-pohod-po-jurcicevi-poti-2018-29-232x150.jpg\" class=\"attachment-thumb-232 size-thumb-232\" alt=\"\" \/><\/a><\/div>\n\t\t\t\t\t\t<figcaption class='gallery-caption'>\u0160e malo po\u010ditka<\/figcaption>\n\t\t\t\t\t<\/figure>\n\t\t\t\t\t<figure class='gallery-item col-3'>\n\t\t\t\t\t\t<div class='gallery-icon '><a rel=\"gallery-1\" href='https:\/\/www.travel-slovenia.si\/slo\/wp-content\/uploads\/2018\/03\/travel-slovenia-pohod-po-jurcicevi-poti-2018-30.jpg'><img loading=\"lazy\" decoding=\"async\" width=\"232\" height=\"150\" src=\"https:\/\/www.travel-slovenia.si\/slo\/wp-content\/uploads\/2018\/03\/travel-slovenia-pohod-po-jurcicevi-poti-2018-30-232x150.jpg\" class=\"attachment-thumb-232 size-thumb-232\" alt=\"\" \/><\/a><\/div>\n\t\t\t\t\t\t<figcaption class='gallery-caption'>Sankanje<\/figcaption>\n\t\t\t\t\t<\/figure>\n\t\t\t\t<\/div>\n\t\t\t\t<div class='gallery-row gallery-col-3 gallery-clear'>\n\t\t\t\t\t<figure class='gallery-item col-3'>\n\t\t\t\t\t\t<div class='gallery-icon '><a rel=\"gallery-1\" href='https:\/\/www.travel-slovenia.si\/slo\/wp-content\/uploads\/2018\/03\/travel-slovenia-pohod-po-jurcicevi-poti-2018-31.jpg'><img loading=\"lazy\" decoding=\"async\" width=\"232\" height=\"150\" src=\"https:\/\/www.travel-slovenia.si\/slo\/wp-content\/uploads\/2018\/03\/travel-slovenia-pohod-po-jurcicevi-poti-2018-31-232x150.jpg\" class=\"attachment-thumb-232 size-thumb-232\" alt=\"\" \/><\/a><\/div>\n\t\t\t\t\t\t<figcaption class='gallery-caption'>Ve\u010dje drevo na sredini<\/figcaption>\n\t\t\t\t\t<\/figure>\n\t\t\t\t\t<figure class='gallery-item col-3'>\n\t\t\t\t\t\t<div class='gallery-icon '><a rel=\"gallery-1\" href='https:\/\/www.travel-slovenia.si\/slo\/wp-content\/uploads\/2018\/03\/travel-slovenia-pohod-po-jurcicevi-poti-2018-32.jpg'><img loading=\"lazy\" decoding=\"async\" width=\"232\" height=\"150\" src=\"https:\/\/www.travel-slovenia.si\/slo\/wp-content\/uploads\/2018\/03\/travel-slovenia-pohod-po-jurcicevi-poti-2018-32-232x150.jpg\" class=\"attachment-thumb-232 size-thumb-232\" alt=\"\" \/><\/a><\/div>\n\t\t\t\t\t\t<figcaption class='gallery-caption'>Hotel Pol\u017eevo<\/figcaption>\n\t\t\t\t\t<\/figure>\n\t\t\t\t\t<figure class='gallery-item col-3'>\n\t\t\t\t\t\t<div class='gallery-icon '><a rel=\"gallery-1\" href='https:\/\/www.travel-slovenia.si\/slo\/wp-content\/uploads\/2018\/03\/travel-slovenia-pohod-po-jurcicevi-poti-2018-33.jpg'><img loading=\"lazy\" decoding=\"async\" width=\"232\" height=\"150\" src=\"https:\/\/www.travel-slovenia.si\/slo\/wp-content\/uploads\/2018\/03\/travel-slovenia-pohod-po-jurcicevi-poti-2018-33-232x150.jpg\" class=\"attachment-thumb-232 size-thumb-232\" alt=\"\" \/><\/a><\/div>\n\t\t\t\t\t\t<figcaption class='gallery-caption'>Tabla za to\u010dko Pol\u017eevo<\/figcaption>\n\t\t\t\t\t<\/figure>\n\t\t\t\t<\/div>\n\t\t\t\t<div class='gallery-row gallery-col-3 gallery-clear'>\n\t\t\t\t\t<figure class='gallery-item col-3'>\n\t\t\t\t\t\t<div class='gallery-icon '><a rel=\"gallery-1\" href='https:\/\/www.travel-slovenia.si\/slo\/wp-content\/uploads\/2018\/03\/travel-slovenia-pohod-po-jurcicevi-poti-2018-34.jpg'><img loading=\"lazy\" decoding=\"async\" width=\"232\" height=\"150\" src=\"https:\/\/www.travel-slovenia.si\/slo\/wp-content\/uploads\/2018\/03\/travel-slovenia-pohod-po-jurcicevi-poti-2018-34-232x150.jpg\" class=\"attachment-thumb-232 size-thumb-232\" alt=\"\" \/><\/a><\/div>\n\t\t\t\t\t\t<figcaption class='gallery-caption'>Vzpon na smu\u010di\u0161\u010de<\/figcaption>\n\t\t\t\t\t<\/figure>\n\t\t\t\t\t<figure class='gallery-item col-3'>\n\t\t\t\t\t\t<div class='gallery-icon '><a rel=\"gallery-1\" href='https:\/\/www.travel-slovenia.si\/slo\/wp-content\/uploads\/2018\/03\/travel-slovenia-pohod-po-jurcicevi-poti-2018-35.jpg'><img loading=\"lazy\" decoding=\"async\" width=\"232\" height=\"150\" src=\"https:\/\/www.travel-slovenia.si\/slo\/wp-content\/uploads\/2018\/03\/travel-slovenia-pohod-po-jurcicevi-poti-2018-35-232x150.jpg\" class=\"attachment-thumb-232 size-thumb-232\" alt=\"\" \/><\/a><\/div>\n\t\t\t\t\t\t<figcaption class='gallery-caption'>TD Pol\u017eevo<\/figcaption>\n\t\t\t\t\t<\/figure>\n\t\t\t\t\t<figure class='gallery-item col-3'>\n\t\t\t\t\t\t<div class='gallery-icon '><a rel=\"gallery-1\" href='https:\/\/www.travel-slovenia.si\/slo\/wp-content\/uploads\/2018\/03\/travel-slovenia-pohod-po-jurcicevi-poti-2018-36.jpg'><img loading=\"lazy\" decoding=\"async\" width=\"232\" height=\"150\" src=\"https:\/\/www.travel-slovenia.si\/slo\/wp-content\/uploads\/2018\/03\/travel-slovenia-pohod-po-jurcicevi-poti-2018-36-232x150.jpg\" class=\"attachment-thumb-232 size-thumb-232\" alt=\"\" \/><\/a><\/div>\n\t\t\t\t\t\t<figcaption class='gallery-caption'>Pogled nazaj<\/figcaption>\n\t\t\t\t\t<\/figure>\n\t\t\t\t<\/div>\n\t\t\t\t<div class='gallery-row gallery-col-3 gallery-clear'>\n\t\t\t\t\t<figure class='gallery-item col-3'>\n\t\t\t\t\t\t<div class='gallery-icon '><a rel=\"gallery-1\" href='https:\/\/www.travel-slovenia.si\/slo\/wp-content\/uploads\/2018\/03\/travel-slovenia-pohod-po-jurcicevi-poti-2018-37.jpg'><img loading=\"lazy\" decoding=\"async\" width=\"232\" height=\"150\" src=\"https:\/\/www.travel-slovenia.si\/slo\/wp-content\/uploads\/2018\/03\/travel-slovenia-pohod-po-jurcicevi-poti-2018-37-232x150.jpg\" class=\"attachment-thumb-232 size-thumb-232\" alt=\"\" \/><\/a><\/div>\n\t\t\t\t\t\t<figcaption class='gallery-caption'>Cerkev na Pol\u017eevem<\/figcaption>\n\t\t\t\t\t<\/figure>\n\t\t\t\t\t<figure class='gallery-item col-3'>\n\t\t\t\t\t\t<div class='gallery-icon '><a rel=\"gallery-1\" href='https:\/\/www.travel-slovenia.si\/slo\/wp-content\/uploads\/2018\/03\/travel-slovenia-pohod-po-jurcicevi-poti-2018-38.jpg'><img loading=\"lazy\" decoding=\"async\" width=\"232\" height=\"150\" src=\"https:\/\/www.travel-slovenia.si\/slo\/wp-content\/uploads\/2018\/03\/travel-slovenia-pohod-po-jurcicevi-poti-2018-38-232x150.jpg\" class=\"attachment-thumb-232 size-thumb-232\" alt=\"\" \/><\/a><\/div>\n\t\t\t\t\t\t<figcaption class='gallery-caption'>Spust po snegu<\/figcaption>\n\t\t\t\t\t<\/figure>\n\t\t\t\t\t<figure class='gallery-item col-3'>\n\t\t\t\t\t\t<div class='gallery-icon '><a rel=\"gallery-1\" href='https:\/\/www.travel-slovenia.si\/slo\/wp-content\/uploads\/2018\/03\/travel-slovenia-pohod-po-jurcicevi-poti-2018-39.jpg'><img loading=\"lazy\" decoding=\"async\" width=\"232\" height=\"150\" src=\"https:\/\/www.travel-slovenia.si\/slo\/wp-content\/uploads\/2018\/03\/travel-slovenia-pohod-po-jurcicevi-poti-2018-39-232x150.jpg\" class=\"attachment-thumb-232 size-thumb-232\" alt=\"\" \/><\/a><\/div>\n\t\t\t\t\t\t<figcaption class='gallery-caption'>Pogled s ceste<\/figcaption>\n\t\t\t\t\t<\/figure>\n\t\t\t\t<\/div>\n\t\t\t\t<div class='gallery-row gallery-col-3 gallery-clear'>\n\t\t\t\t\t<figure class='gallery-item col-3'>\n\t\t\t\t\t\t<div class='gallery-icon '><a rel=\"gallery-1\" href='https:\/\/www.travel-slovenia.si\/slo\/wp-content\/uploads\/2018\/03\/travel-slovenia-pohod-po-jurcicevi-poti-2018-40.jpg'><img loading=\"lazy\" decoding=\"async\" width=\"232\" height=\"150\" src=\"https:\/\/www.travel-slovenia.si\/slo\/wp-content\/uploads\/2018\/03\/travel-slovenia-pohod-po-jurcicevi-poti-2018-40-232x150.jpg\" class=\"attachment-thumb-232 size-thumb-232\" alt=\"\" \/><\/a><\/div>\n\t\t\t\t\t\t<figcaption class='gallery-caption'>Asfaltna cesta<\/figcaption>\n\t\t\t\t\t<\/figure>\n\t\t\t\t\t<figure class='gallery-item col-3'>\n\t\t\t\t\t\t<div class='gallery-icon '><a rel=\"gallery-1\" href='https:\/\/www.travel-slovenia.si\/slo\/wp-content\/uploads\/2018\/03\/travel-slovenia-pohod-po-jurcicevi-poti-2018-41.jpg'><img loading=\"lazy\" decoding=\"async\" width=\"232\" height=\"150\" src=\"https:\/\/www.travel-slovenia.si\/slo\/wp-content\/uploads\/2018\/03\/travel-slovenia-pohod-po-jurcicevi-poti-2018-41-232x150.jpg\" class=\"attachment-thumb-232 size-thumb-232\" alt=\"\" \/><\/a><\/div>\n\t\t\t\t\t\t<figcaption class='gallery-caption'>Suha slama na kozolcu<\/figcaption>\n\t\t\t\t\t<\/figure>\n\t\t\t\t\t<figure class='gallery-item col-3'>\n\t\t\t\t\t\t<div class='gallery-icon '><a rel=\"gallery-1\" href='https:\/\/www.travel-slovenia.si\/slo\/wp-content\/uploads\/2018\/03\/travel-slovenia-pohod-po-jurcicevi-poti-2018-42.jpg'><img loading=\"lazy\" decoding=\"async\" width=\"232\" height=\"150\" src=\"https:\/\/www.travel-slovenia.si\/slo\/wp-content\/uploads\/2018\/03\/travel-slovenia-pohod-po-jurcicevi-poti-2018-42-232x150.jpg\" class=\"attachment-thumb-232 size-thumb-232\" alt=\"\" \/><\/a><\/div>\n\t\t\t\t\t\t<figcaption class='gallery-caption'>Tik pred naslednjo to\u010dko<\/figcaption>\n\t\t\t\t\t<\/figure>\n\t\t\t\t<\/div>\n\t\t\t\t<div class='gallery-row gallery-col-3 gallery-clear'>\n\t\t\t\t\t<figure class='gallery-item col-3'>\n\t\t\t\t\t\t<div class='gallery-icon '><a rel=\"gallery-1\" href='https:\/\/www.travel-slovenia.si\/slo\/wp-content\/uploads\/2018\/03\/travel-slovenia-pohod-po-jurcicevi-poti-2018-43.jpg'><img loading=\"lazy\" decoding=\"async\" width=\"232\" height=\"150\" src=\"https:\/\/www.travel-slovenia.si\/slo\/wp-content\/uploads\/2018\/03\/travel-slovenia-pohod-po-jurcicevi-poti-2018-43-232x150.jpg\" class=\"attachment-thumb-232 size-thumb-232\" alt=\"\" \/><\/a><\/div>\n\t\t\t\t\t\t<figcaption class='gallery-caption'>Prihod<\/figcaption>\n\t\t\t\t\t<\/figure>\n\t\t\t\t\t<figure class='gallery-item col-3'>\n\t\t\t\t\t\t<div class='gallery-icon '><a rel=\"gallery-1\" href='https:\/\/www.travel-slovenia.si\/slo\/wp-content\/uploads\/2018\/03\/travel-slovenia-pohod-po-jurcicevi-poti-2018-44.jpg'><img loading=\"lazy\" decoding=\"async\" width=\"232\" height=\"150\" src=\"https:\/\/www.travel-slovenia.si\/slo\/wp-content\/uploads\/2018\/03\/travel-slovenia-pohod-po-jurcicevi-poti-2018-44-232x150.jpg\" class=\"attachment-thumb-232 size-thumb-232\" alt=\"\" \/><\/a><\/div>\n\t\t\t\t\t\t<figcaption class='gallery-caption'>Napitki<\/figcaption>\n\t\t\t\t\t<\/figure>\n\t\t\t\t\t<figure class='gallery-item col-3'>\n\t\t\t\t\t\t<div class='gallery-icon '><a rel=\"gallery-1\" href='https:\/\/www.travel-slovenia.si\/slo\/wp-content\/uploads\/2018\/03\/travel-slovenia-pohod-po-jurcicevi-poti-2018-45.jpg'><img loading=\"lazy\" decoding=\"async\" width=\"232\" height=\"150\" src=\"https:\/\/www.travel-slovenia.si\/slo\/wp-content\/uploads\/2018\/03\/travel-slovenia-pohod-po-jurcicevi-poti-2018-45-232x150.jpg\" class=\"attachment-thumb-232 size-thumb-232\" alt=\"\" \/><\/a><\/div>\n\t\t\t\t\t\t<figcaption class='gallery-caption'>Po\u010ditek<\/figcaption>\n\t\t\t\t\t<\/figure>\n\t\t\t\t<\/div>\n\t\t\t\t<div class='gallery-row gallery-col-3 gallery-clear'>\n\t\t\t\t\t<figure class='gallery-item col-3'>\n\t\t\t\t\t\t<div class='gallery-icon '><a rel=\"gallery-1\" href='https:\/\/www.travel-slovenia.si\/slo\/wp-content\/uploads\/2018\/03\/travel-slovenia-pohod-po-jurcicevi-poti-2018-46.jpg'><img loading=\"lazy\" decoding=\"async\" width=\"232\" height=\"150\" src=\"https:\/\/www.travel-slovenia.si\/slo\/wp-content\/uploads\/2018\/03\/travel-slovenia-pohod-po-jurcicevi-poti-2018-46-232x150.jpg\" class=\"attachment-thumb-232 size-thumb-232\" alt=\"\" \/><\/a><\/div>\n\t\t\t\t\t\t<figcaption class='gallery-caption'>Nadaljevanje poti<\/figcaption>\n\t\t\t\t\t<\/figure>\n\t\t\t\t\t<figure class='gallery-item col-3'>\n\t\t\t\t\t\t<div class='gallery-icon '><a rel=\"gallery-1\" href='https:\/\/www.travel-slovenia.si\/slo\/wp-content\/uploads\/2018\/03\/travel-slovenia-pohod-po-jurcicevi-poti-2018-47.jpg'><img loading=\"lazy\" decoding=\"async\" width=\"232\" height=\"150\" src=\"https:\/\/www.travel-slovenia.si\/slo\/wp-content\/uploads\/2018\/03\/travel-slovenia-pohod-po-jurcicevi-poti-2018-47-232x150.jpg\" class=\"attachment-thumb-232 size-thumb-232\" alt=\"\" \/><\/a><\/div>\n\t\t\t\t\t\t<figcaption class='gallery-caption'>Kraj\u0161i po\u010ditek<\/figcaption>\n\t\t\t\t\t<\/figure>\n\t\t\t\t\t<figure class='gallery-item col-3'>\n\t\t\t\t\t\t<div class='gallery-icon '><a rel=\"gallery-1\" href='https:\/\/www.travel-slovenia.si\/slo\/wp-content\/uploads\/2018\/03\/travel-slovenia-pohod-po-jurcicevi-poti-2018-48.jpg'><img loading=\"lazy\" decoding=\"async\" width=\"232\" height=\"150\" src=\"https:\/\/www.travel-slovenia.si\/slo\/wp-content\/uploads\/2018\/03\/travel-slovenia-pohod-po-jurcicevi-poti-2018-48-232x150.jpg\" class=\"attachment-thumb-232 size-thumb-232\" alt=\"\" \/><\/a><\/div>\n\t\t\t\t\t\t<figcaption class='gallery-caption'>Dru\u017eenje<\/figcaption>\n\t\t\t\t\t<\/figure>\n\t\t\t\t<\/div>\n\t\t\t\t<div class='gallery-row gallery-col-3 gallery-clear'>\n\t\t\t\t\t<figure class='gallery-item col-3'>\n\t\t\t\t\t\t<div class='gallery-icon '><a rel=\"gallery-1\" href='https:\/\/www.travel-slovenia.si\/slo\/wp-content\/uploads\/2018\/03\/travel-slovenia-pohod-po-jurcicevi-poti-2018-49.jpg'><img loading=\"lazy\" decoding=\"async\" width=\"232\" height=\"150\" src=\"https:\/\/www.travel-slovenia.si\/slo\/wp-content\/uploads\/2018\/03\/travel-slovenia-pohod-po-jurcicevi-poti-2018-49-232x150.jpg\" class=\"attachment-thumb-232 size-thumb-232\" alt=\"\" \/><\/a><\/div>\n\t\t\t\t\t\t<figcaption class='gallery-caption'>Po\u010ditek ob cerkvi<\/figcaption>\n\t\t\t\t\t<\/figure>\n\t\t\t\t\t<figure class='gallery-item col-3'>\n\t\t\t\t\t\t<div class='gallery-icon '><a rel=\"gallery-1\" href='https:\/\/www.travel-slovenia.si\/slo\/wp-content\/uploads\/2018\/03\/travel-slovenia-pohod-po-jurcicevi-poti-2018-50.jpg'><img loading=\"lazy\" decoding=\"async\" width=\"232\" height=\"150\" src=\"https:\/\/www.travel-slovenia.si\/slo\/wp-content\/uploads\/2018\/03\/travel-slovenia-pohod-po-jurcicevi-poti-2018-50-232x150.jpg\" class=\"attachment-thumb-232 size-thumb-232\" alt=\"\" \/><\/a><\/div>\n\t\t\t\t\t\t<figcaption class='gallery-caption'>Prihod pohodnikov<\/figcaption>\n\t\t\t\t\t<\/figure>\n\t\t\t\t\t<figure class='gallery-item col-3'>\n\t\t\t\t\t\t<div class='gallery-icon '><a rel=\"gallery-1\" href='https:\/\/www.travel-slovenia.si\/slo\/wp-content\/uploads\/2018\/03\/travel-slovenia-pohod-po-jurcicevi-poti-2018-51.jpg'><img loading=\"lazy\" decoding=\"async\" width=\"232\" height=\"150\" src=\"https:\/\/www.travel-slovenia.si\/slo\/wp-content\/uploads\/2018\/03\/travel-slovenia-pohod-po-jurcicevi-poti-2018-51-232x150.jpg\" class=\"attachment-thumb-232 size-thumb-232\" alt=\"\" \/><\/a><\/div>\n\t\t\t\t\t\t<figcaption class='gallery-caption'>Po\u010ditek<\/figcaption>\n\t\t\t\t\t<\/figure>\n\t\t\t\t<\/div>\n\t\t\t\t<div class='gallery-row gallery-col-3 gallery-clear'>\n\t\t\t\t\t<figure class='gallery-item col-3'>\n\t\t\t\t\t\t<div class='gallery-icon '><a rel=\"gallery-1\" href='https:\/\/www.travel-slovenia.si\/slo\/wp-content\/uploads\/2018\/03\/travel-slovenia-pohod-po-jurcicevi-poti-2018-52.jpg'><img loading=\"lazy\" decoding=\"async\" width=\"232\" height=\"150\" src=\"https:\/\/www.travel-slovenia.si\/slo\/wp-content\/uploads\/2018\/03\/travel-slovenia-pohod-po-jurcicevi-poti-2018-52-232x150.jpg\" class=\"attachment-thumb-232 size-thumb-232\" alt=\"\" \/><\/a><\/div>\n\t\t\t\t\t\t<figcaption class='gallery-caption'>Tudo otroci hodijo<\/figcaption>\n\t\t\t\t\t<\/figure>\n\t\t\t\t\t<figure class='gallery-item col-3'>\n\t\t\t\t\t\t<div class='gallery-icon '><a rel=\"gallery-1\" href='https:\/\/www.travel-slovenia.si\/slo\/wp-content\/uploads\/2018\/03\/travel-slovenia-pohod-po-jurcicevi-poti-2018-53.jpg'><img loading=\"lazy\" decoding=\"async\" width=\"232\" height=\"150\" src=\"https:\/\/www.travel-slovenia.si\/slo\/wp-content\/uploads\/2018\/03\/travel-slovenia-pohod-po-jurcicevi-poti-2018-53-232x150.jpg\" class=\"attachment-thumb-232 size-thumb-232\" alt=\"\" \/><\/a><\/div>\n\t\t\t\t\t\t<figcaption class='gallery-caption'>Manj\u0161a postojanka<\/figcaption>\n\t\t\t\t\t<\/figure>\n\t\t\t\t\t<figure class='gallery-item col-3'>\n\t\t\t\t\t\t<div class='gallery-icon '><a rel=\"gallery-1\" href='https:\/\/www.travel-slovenia.si\/slo\/wp-content\/uploads\/2018\/03\/travel-slovenia-pohod-po-jurcicevi-poti-2018-54.jpg'><img loading=\"lazy\" decoding=\"async\" width=\"232\" height=\"150\" src=\"https:\/\/www.travel-slovenia.si\/slo\/wp-content\/uploads\/2018\/03\/travel-slovenia-pohod-po-jurcicevi-poti-2018-54-232x150.jpg\" class=\"attachment-thumb-232 size-thumb-232\" alt=\"\" \/><\/a><\/div>\n\t\t\t\t\t\t<figcaption class='gallery-caption'>Dobrote<\/figcaption>\n\t\t\t\t\t<\/figure>\n\t\t\t\t<\/div>\n\t\t\t\t<div class='gallery-row gallery-col-3 gallery-clear'>\n\t\t\t\t\t<figure class='gallery-item col-3'>\n\t\t\t\t\t\t<div class='gallery-icon '><a rel=\"gallery-1\" href='https:\/\/www.travel-slovenia.si\/slo\/wp-content\/uploads\/2018\/03\/travel-slovenia-pohod-po-jurcicevi-poti-2018-55.jpg'><img loading=\"lazy\" decoding=\"async\" width=\"232\" height=\"150\" src=\"https:\/\/www.travel-slovenia.si\/slo\/wp-content\/uploads\/2018\/03\/travel-slovenia-pohod-po-jurcicevi-poti-2018-55-232x150.jpg\" class=\"attachment-thumb-232 size-thumb-232\" alt=\"\" \/><\/a><\/div>\n\t\t\t\t\t\t<figcaption class='gallery-caption'>Hiter po\u010ditek<\/figcaption>\n\t\t\t\t\t<\/figure>\n\t\t\t\t\t<figure class='gallery-item col-3'>\n\t\t\t\t\t\t<div class='gallery-icon '><a rel=\"gallery-1\" href='https:\/\/www.travel-slovenia.si\/slo\/wp-content\/uploads\/2018\/03\/travel-slovenia-pohod-po-jurcicevi-poti-2018-56.jpg'><img loading=\"lazy\" decoding=\"async\" width=\"232\" height=\"150\" src=\"https:\/\/www.travel-slovenia.si\/slo\/wp-content\/uploads\/2018\/03\/travel-slovenia-pohod-po-jurcicevi-poti-2018-56-232x150.jpg\" class=\"attachment-thumb-232 size-thumb-232\" alt=\"\" \/><\/a><\/div>\n\t\t\t\t\t\t<figcaption class='gallery-caption'>\u0160e malo okrep\u010dila<\/figcaption>\n\t\t\t\t\t<\/figure>\n\t\t\t\t\t<figure class='gallery-item col-3'>\n\t\t\t\t\t\t<div class='gallery-icon '><a rel=\"gallery-1\" href='https:\/\/www.travel-slovenia.si\/slo\/wp-content\/uploads\/2018\/03\/travel-slovenia-pohod-po-jurcicevi-poti-2018-57.jpg'><img loading=\"lazy\" decoding=\"async\" width=\"232\" height=\"150\" src=\"https:\/\/www.travel-slovenia.si\/slo\/wp-content\/uploads\/2018\/03\/travel-slovenia-pohod-po-jurcicevi-poti-2018-57-232x150.jpg\" class=\"attachment-thumb-232 size-thumb-232\" alt=\"\" \/><\/a><\/div>\n\t\t\t\t\t\t<figcaption class='gallery-caption'>Po\u010ditek<\/figcaption>\n\t\t\t\t\t<\/figure>\n\t\t\t\t<\/div>\n\t\t\t\t<div class='gallery-row gallery-col-3 gallery-clear'>\n\t\t\t\t\t<figure class='gallery-item col-3'>\n\t\t\t\t\t\t<div class='gallery-icon '><a rel=\"gallery-1\" href='https:\/\/www.travel-slovenia.si\/slo\/wp-content\/uploads\/2018\/03\/travel-slovenia-pohod-po-jurcicevi-poti-2018-58.jpg'><img loading=\"lazy\" decoding=\"async\" width=\"232\" height=\"150\" src=\"https:\/\/www.travel-slovenia.si\/slo\/wp-content\/uploads\/2018\/03\/travel-slovenia-pohod-po-jurcicevi-poti-2018-58-232x150.jpg\" class=\"attachment-thumb-232 size-thumb-232\" alt=\"\" \/><\/a><\/div>\n\t\t\t\t\t\t<figcaption class='gallery-caption'>Razpcep kjer lahko gremo po dalj\u0161i poti<\/figcaption>\n\t\t\t\t\t<\/figure>\n\t\t\t\t\t<figure class='gallery-item col-3'>\n\t\t\t\t\t\t<div class='gallery-icon '><a rel=\"gallery-1\" href='https:\/\/www.travel-slovenia.si\/slo\/wp-content\/uploads\/2018\/03\/travel-slovenia-pohod-po-jurcicevi-poti-2018-59.jpg'><img loading=\"lazy\" decoding=\"async\" width=\"232\" height=\"150\" src=\"https:\/\/www.travel-slovenia.si\/slo\/wp-content\/uploads\/2018\/03\/travel-slovenia-pohod-po-jurcicevi-poti-2018-59-232x150.jpg\" class=\"attachment-thumb-232 size-thumb-232\" alt=\"\" \/><\/a><\/div>\n\t\t\t\t\t\t<figcaption class='gallery-caption'>\u0160e malo vzpona<\/figcaption>\n\t\t\t\t\t<\/figure>\n\t\t\t\t\t<figure class='gallery-item col-3'>\n\t\t\t\t\t\t<div class='gallery-icon '><a rel=\"gallery-1\" href='https:\/\/www.travel-slovenia.si\/slo\/wp-content\/uploads\/2018\/03\/travel-slovenia-pohod-po-jurcicevi-poti-2018-60.jpg'><img loading=\"lazy\" decoding=\"async\" width=\"232\" height=\"150\" src=\"https:\/\/www.travel-slovenia.si\/slo\/wp-content\/uploads\/2018\/03\/travel-slovenia-pohod-po-jurcicevi-poti-2018-60-232x150.jpg\" class=\"attachment-thumb-232 size-thumb-232\" alt=\"\" \/><\/a><\/div>\n\t\t\t\t\t\t<figcaption class='gallery-caption'>Doma\u010de mesne dobrote<\/figcaption>\n\t\t\t\t\t<\/figure>\n\t\t\t\t<\/div>\n\t\t\t\t<div class='gallery-row gallery-col-3 gallery-clear'>\n\t\t\t\t\t<figure class='gallery-item col-3'>\n\t\t\t\t\t\t<div class='gallery-icon '><a rel=\"gallery-1\" href='https:\/\/www.travel-slovenia.si\/slo\/wp-content\/uploads\/2018\/03\/travel-slovenia-pohod-po-jurcicevi-poti-2018-61.jpg'><img loading=\"lazy\" decoding=\"async\" width=\"232\" height=\"150\" src=\"https:\/\/www.travel-slovenia.si\/slo\/wp-content\/uploads\/2018\/03\/travel-slovenia-pohod-po-jurcicevi-poti-2018-61-232x150.jpg\" class=\"attachment-thumb-232 size-thumb-232\" alt=\"\" \/><\/a><\/div>\n\t\t\t\t\t\t<figcaption class='gallery-caption'>\u010cas za kraj\u0161i po\u010ditek<\/figcaption>\n\t\t\t\t\t<\/figure>\n\t\t\t\t\t<figure class='gallery-item col-3'>\n\t\t\t\t\t\t<div class='gallery-icon '><a rel=\"gallery-1\" href='https:\/\/www.travel-slovenia.si\/slo\/wp-content\/uploads\/2018\/03\/travel-slovenia-pohod-po-jurcicevi-poti-2018-62.jpg'><img loading=\"lazy\" decoding=\"async\" width=\"232\" height=\"150\" src=\"https:\/\/www.travel-slovenia.si\/slo\/wp-content\/uploads\/2018\/03\/travel-slovenia-pohod-po-jurcicevi-poti-2018-62-232x150.jpg\" class=\"attachment-thumb-232 size-thumb-232\" alt=\"\" \/><\/a><\/div>\n\t\t\t\t\t\t<figcaption class='gallery-caption'>Doma\u010di sir<\/figcaption>\n\t\t\t\t\t<\/figure>\n\t\t\t\t\t<figure class='gallery-item col-3'>\n\t\t\t\t\t\t<div class='gallery-icon '><a rel=\"gallery-1\" href='https:\/\/www.travel-slovenia.si\/slo\/wp-content\/uploads\/2018\/03\/travel-slovenia-pohod-po-jurcicevi-poti-2018-63.jpg'><img loading=\"lazy\" decoding=\"async\" width=\"232\" height=\"150\" src=\"https:\/\/www.travel-slovenia.si\/slo\/wp-content\/uploads\/2018\/03\/travel-slovenia-pohod-po-jurcicevi-poti-2018-63-232x150.jpg\" class=\"attachment-thumb-232 size-thumb-232\" alt=\"\" \/><\/a><\/div>\n\t\t\t\t\t\t<figcaption class='gallery-caption'>Lokalne zastave<\/figcaption>\n\t\t\t\t\t<\/figure>\n\t\t\t\t<\/div>\n\t\t\t\t<div class='gallery-row gallery-col-3 gallery-clear'>\n\t\t\t\t\t<figure class='gallery-item col-3'>\n\t\t\t\t\t\t<div class='gallery-icon '><a rel=\"gallery-1\" href='https:\/\/www.travel-slovenia.si\/slo\/wp-content\/uploads\/2018\/03\/travel-slovenia-pohod-po-jurcicevi-poti-2018-64.jpg'><img loading=\"lazy\" decoding=\"async\" width=\"232\" height=\"150\" src=\"https:\/\/www.travel-slovenia.si\/slo\/wp-content\/uploads\/2018\/03\/travel-slovenia-pohod-po-jurcicevi-poti-2018-64-232x150.jpg\" class=\"attachment-thumb-232 size-thumb-232\" alt=\"\" \/><\/a><\/div>\n\t\t\t\t\t\t<figcaption class='gallery-caption'>Cilje na vidiku<\/figcaption>\n\t\t\t\t\t<\/figure>\n\t\t\t\t\t<figure class='gallery-item col-3'>\n\t\t\t\t\t\t<div class='gallery-icon '><a rel=\"gallery-1\" href='https:\/\/www.travel-slovenia.si\/slo\/wp-content\/uploads\/2018\/03\/travel-slovenia-pohod-po-jurcicevi-poti-2018-65.jpg'><img loading=\"lazy\" decoding=\"async\" width=\"232\" height=\"150\" src=\"https:\/\/www.travel-slovenia.si\/slo\/wp-content\/uploads\/2018\/03\/travel-slovenia-pohod-po-jurcicevi-poti-2018-65-232x150.jpg\" class=\"attachment-thumb-232 size-thumb-232\" alt=\"\" \/><\/a><\/div>\n\t\t\t\t\t\t<figcaption class='gallery-caption'>Glasbeni ansambel<\/figcaption>\n\t\t\t\t\t<\/figure>\n\t\t\t\t\t<figure class='gallery-item col-3'>\n\t\t\t\t\t\t<div class='gallery-icon '><a rel=\"gallery-1\" href='https:\/\/www.travel-slovenia.si\/slo\/wp-content\/uploads\/2018\/03\/travel-slovenia-pohod-po-jurcicevi-poti-2018-66.jpg'><img loading=\"lazy\" decoding=\"async\" width=\"232\" height=\"150\" src=\"https:\/\/www.travel-slovenia.si\/slo\/wp-content\/uploads\/2018\/03\/travel-slovenia-pohod-po-jurcicevi-poti-2018-66-232x150.jpg\" class=\"attachment-thumb-232 size-thumb-232\" alt=\"\" \/><\/a><\/div>\n\t\t\t\t\t\t<figcaption class='gallery-caption'>Kon\u010dna to\u010dka na Muljavi<\/figcaption>\n\t\t\t\t\t<\/figure>\n\t\t\t\t<\/div>\n\t\t\t\t<div class='gallery-row gallery-col-3 gallery-clear'>\n\t\t\t\t\t<figure class='gallery-item col-3'>\n\t\t\t\t\t\t<div class='gallery-icon '><a rel=\"gallery-1\" href='https:\/\/www.travel-slovenia.si\/slo\/wp-content\/uploads\/2018\/03\/travel-slovenia-pohod-po-jurcicevi-poti-2018-67.jpg'><img loading=\"lazy\" decoding=\"async\" width=\"232\" height=\"150\" src=\"https:\/\/www.travel-slovenia.si\/slo\/wp-content\/uploads\/2018\/03\/travel-slovenia-pohod-po-jurcicevi-poti-2018-67-232x150.jpg\" class=\"attachment-thumb-232 size-thumb-232\" alt=\"\" \/><\/a><\/div>\n\t\t\t\t\t\t<figcaption class='gallery-caption'>\u0160e zadnji \u017eig<\/figcaption>\n\t\t\t\t\t<\/figure>\n\t\t\t\t\t<figure class='gallery-item col-3'>\n\t\t\t\t\t\t<div class='gallery-icon '><a rel=\"gallery-1\" href='https:\/\/www.travel-slovenia.si\/slo\/wp-content\/uploads\/2018\/03\/travel-slovenia-pohod-po-jurcicevi-poti-2018-68.jpg'><img loading=\"lazy\" decoding=\"async\" width=\"232\" height=\"150\" src=\"https:\/\/www.travel-slovenia.si\/slo\/wp-content\/uploads\/2018\/03\/travel-slovenia-pohod-po-jurcicevi-poti-2018-68-232x150.jpg\" class=\"attachment-thumb-232 size-thumb-232\" alt=\"\" \/><\/a><\/div>\n\t\t\t\t\t\t<figcaption class='gallery-caption'>Re\u0161evalci<\/figcaption>\n\t\t\t\t\t<\/figure>\n\t\t\t\t\t<figure class='gallery-item col-3'>\n\t\t\t\t\t\t<div class='gallery-icon '><a rel=\"gallery-1\" href='https:\/\/www.travel-slovenia.si\/slo\/wp-content\/uploads\/2018\/03\/travel-slovenia-pohod-po-jurcicevi-poti-2018-69.jpg'><img loading=\"lazy\" decoding=\"async\" width=\"232\" height=\"150\" src=\"https:\/\/www.travel-slovenia.si\/slo\/wp-content\/uploads\/2018\/03\/travel-slovenia-pohod-po-jurcicevi-poti-2018-69-232x150.jpg\" class=\"attachment-thumb-232 size-thumb-232\" alt=\"\" \/><\/a><\/div>\n\t\t\t\t\t\t<figcaption class='gallery-caption'>Prizori\u0161\u010de na cilju<\/figcaption>\n\t\t\t\t\t<\/figure>\n\t\t\t\t<\/div>\n\t\t\t\t<div class='gallery-row gallery-col-3 gallery-clear'>\n\t\t\t\t\t<figure class='gallery-item col-3'>\n\t\t\t\t\t\t<div class='gallery-icon '><a rel=\"gallery-1\" href='https:\/\/www.travel-slovenia.si\/slo\/wp-content\/uploads\/2018\/03\/travel-slovenia-pohod-po-jurcicevi-poti-2018-70.jpg'><img loading=\"lazy\" decoding=\"async\" width=\"232\" height=\"150\" src=\"https:\/\/www.travel-slovenia.si\/slo\/wp-content\/uploads\/2018\/03\/travel-slovenia-pohod-po-jurcicevi-poti-2018-70-232x150.jpg\" class=\"attachment-thumb-232 size-thumb-232\" alt=\"\" \/><\/a><\/div>\n\t\t\t\t\t\t<figcaption class='gallery-caption'>Zbrana dru\u0161\u010dina<\/figcaption>\n\t\t\t\t\t<\/figure>\n\t\t\t\t\t<figure class='gallery-item col-3'>\n\t\t\t\t\t\t<div class='gallery-icon '><a rel=\"gallery-1\" href='https:\/\/www.travel-slovenia.si\/slo\/wp-content\/uploads\/2018\/03\/travel-slovenia-pohod-po-jurcicevi-poti-2018-71.jpg'><img loading=\"lazy\" decoding=\"async\" width=\"232\" height=\"150\" src=\"https:\/\/www.travel-slovenia.si\/slo\/wp-content\/uploads\/2018\/03\/travel-slovenia-pohod-po-jurcicevi-poti-2018-71-232x150.jpg\" class=\"attachment-thumb-232 size-thumb-232\" alt=\"\" \/><\/a><\/div>\n\t\t\t\t\t\t<figcaption class='gallery-caption'>Informacije o Jur\u010di\u010devi poti<\/figcaption>\n\t\t\t\t\t<\/figure>\n\t\t\t\t\t<figure class='gallery-item col-3'>\n\t\t\t\t\t\t<div class='gallery-icon '><a rel=\"gallery-1\" href='https:\/\/www.travel-slovenia.si\/slo\/wp-content\/uploads\/2018\/03\/travel-slovenia-pohod-po-jurcicevi-poti-2018-72.jpg'><img loading=\"lazy\" decoding=\"async\" width=\"232\" height=\"150\" src=\"https:\/\/www.travel-slovenia.si\/slo\/wp-content\/uploads\/2018\/03\/travel-slovenia-pohod-po-jurcicevi-poti-2018-72-232x150.jpg\" class=\"attachment-thumb-232 size-thumb-232\" alt=\"\" \/><\/a><\/div>\n\t\t\t\t\t\t<figcaption class='gallery-caption'>Stara hi\u0161a<\/figcaption>\n\t\t\t\t\t<\/figure>\n\t\t\t\t<\/div>\n\t\t\t\t<div class='gallery-row gallery-col-3 gallery-clear'>\n\t\t\t\t\t<figure class='gallery-item col-3'>\n\t\t\t\t\t\t<div class='gallery-icon '><a rel=\"gallery-1\" href='https:\/\/www.travel-slovenia.si\/slo\/wp-content\/uploads\/2018\/03\/travel-slovenia-pohod-po-jurcicevi-poti-2018-73.jpg'><img loading=\"lazy\" decoding=\"async\" width=\"232\" height=\"150\" src=\"https:\/\/www.travel-slovenia.si\/slo\/wp-content\/uploads\/2018\/03\/travel-slovenia-pohod-po-jurcicevi-poti-2018-73-232x150.jpg\" class=\"attachment-thumb-232 size-thumb-232\" alt=\"\" \/><\/a><\/div>\n\t\t\t\t\t\t<figcaption class='gallery-caption'>Prizori\u0161\u010de<\/figcaption>\n\t\t\t\t\t<\/figure>\n\t\t\t\t\t<figure class='gallery-item col-3'>\n\t\t\t\t\t\t<div class='gallery-icon '><a rel=\"gallery-1\" href='https:\/\/www.travel-slovenia.si\/slo\/wp-content\/uploads\/2018\/03\/travel-slovenia-pohod-po-jurcicevi-poti-2018-74.jpg'><img loading=\"lazy\" decoding=\"async\" width=\"232\" height=\"150\" src=\"https:\/\/www.travel-slovenia.si\/slo\/wp-content\/uploads\/2018\/03\/travel-slovenia-pohod-po-jurcicevi-poti-2018-74-232x150.jpg\" class=\"attachment-thumb-232 size-thumb-232\" alt=\"\" \/><\/a><\/div>\n\t\t\t\t\t\t<figcaption class='gallery-caption'>Doma\u010di izdelki<\/figcaption>\n\t\t\t\t\t<\/figure>\n\t\t\t\t\t<figure class='gallery-item col-3'>\n\t\t\t\t\t\t<div class='gallery-icon '><a rel=\"gallery-1\" href='https:\/\/www.travel-slovenia.si\/slo\/wp-content\/uploads\/2018\/03\/travel-slovenia-pohod-po-jurcicevi-poti-2018-75.jpg'><img loading=\"lazy\" decoding=\"async\" width=\"232\" height=\"150\" src=\"https:\/\/www.travel-slovenia.si\/slo\/wp-content\/uploads\/2018\/03\/travel-slovenia-pohod-po-jurcicevi-poti-2018-75-232x150.jpg\" class=\"attachment-thumb-232 size-thumb-232\" alt=\"\" \/><\/a><\/div>\n\t\t\t\t\t\t<figcaption class='gallery-caption'>\u0160e del kon\u010dne to\u010dke<\/figcaption>\n\t\t\t\t\t<\/figure>\n\t\t\t\t<\/div>\n\t\t\t\t<div class='gallery-row gallery-col-3 gallery-clear'>\n\t\t\t\t\t<figure class='gallery-item col-3'>\n\t\t\t\t\t\t<div class='gallery-icon '><a rel=\"gallery-1\" href='https:\/\/www.travel-slovenia.si\/slo\/wp-content\/uploads\/2018\/03\/travel-slovenia-pohod-po-jurcicevi-poti-2018-76.jpg'><img loading=\"lazy\" decoding=\"async\" width=\"232\" height=\"150\" src=\"https:\/\/www.travel-slovenia.si\/slo\/wp-content\/uploads\/2018\/03\/travel-slovenia-pohod-po-jurcicevi-poti-2018-76-232x150.jpg\" class=\"attachment-thumb-232 size-thumb-232\" alt=\"\" \/><\/a><\/div>\n\t\t\t\t\t\t<figcaption class='gallery-caption'>Prihod novih pohodnikov<\/figcaption>\n\t\t\t\t\t<\/figure>\n\t\t\t\t\t<figure class='gallery-item col-3'>\n\t\t\t\t\t\t<div class='gallery-icon '><a rel=\"gallery-1\" href='https:\/\/www.travel-slovenia.si\/slo\/wp-content\/uploads\/2018\/03\/travel-slovenia-pohod-po-jurcicevi-poti-2018-77.jpg'><img loading=\"lazy\" decoding=\"async\" width=\"232\" height=\"150\" src=\"https:\/\/www.travel-slovenia.si\/slo\/wp-content\/uploads\/2018\/03\/travel-slovenia-pohod-po-jurcicevi-poti-2018-77-232x150.jpg\" class=\"attachment-thumb-232 size-thumb-232\" alt=\"\" \/><\/a><\/div>\n\t\t\t\t\t\t<figcaption class='gallery-caption'>Zbor na cilju<\/figcaption>\n\t\t\t\t\t<\/figure>\n\t\t\t\t\t<figure class='gallery-item col-3'>\n\t\t\t\t\t\t<div class='gallery-icon '><a rel=\"gallery-1\" href='https:\/\/www.travel-slovenia.si\/slo\/wp-content\/uploads\/2018\/03\/travel-slovenia-pohod-po-jurcicevi-poti-2018-78.jpg'><img loading=\"lazy\" decoding=\"async\" width=\"232\" height=\"150\" src=\"https:\/\/www.travel-slovenia.si\/slo\/wp-content\/uploads\/2018\/03\/travel-slovenia-pohod-po-jurcicevi-poti-2018-78-232x150.jpg\" class=\"attachment-thumb-232 size-thumb-232\" alt=\"\" \/><\/a><\/div>\n\t\t\t\t\t\t<figcaption class='gallery-caption'>Odhod domov<\/figcaption>\n\t\t\t\t\t<\/figure>\n\t\t\t\t<\/div>\n\t\t\t\t<div class='gallery-row gallery-col-3 gallery-clear'>\n\t\t\t\t\t<figure class='gallery-item col-3'>\n\t\t\t\t\t\t<div class='gallery-icon '><a rel=\"gallery-1\" href='https:\/\/www.travel-slovenia.si\/slo\/wp-content\/uploads\/2018\/03\/travel-slovenia-pohod-po-jurcicevi-poti-2018-79.jpg'><img loading=\"lazy\" decoding=\"async\" width=\"232\" height=\"150\" src=\"https:\/\/www.travel-slovenia.si\/slo\/wp-content\/uploads\/2018\/03\/travel-slovenia-pohod-po-jurcicevi-poti-2018-79-232x150.jpg\" class=\"attachment-thumb-232 size-thumb-232\" alt=\"\" \/><\/a><\/div>\n\t\t\t\t\t\t<figcaption class='gallery-caption'>Jur\u010di\u010deva pot<\/figcaption>\n\t\t\t\t\t<\/figure>\n\t\t\t<\/div>\n\t\t\t<\/div><!-- .gallery -->\n\n","protected":false},"excerpt":{"rendered":"<p>V soboto, dne 3.3.2018, se je Travel-Slovenia odpravil na organiziran pohod po Jur\u010di\u010devi poti. Svojo pot smo pri\u010deli v Vi\u0161nji Gori, \u017ee na samem za\u010detku so nas lepo sprejeli, obenem pa so si lahko obiskovalci kupili spominke Vi\u0161nje Gore. Cena pohoda je bila le 3 evre, kar pa je zajelo avtobusni prevoz na za\u010detno to\u010dko, [&hellip;]<\/p>\n","protected":false},"author":111,"featured_media":0,"parent":0,"menu_order":0,"comment_status":"closed","ping_status":"closed","template":"","meta":{"footnotes":""},"class_list":["post-7236","page","type-page","status-publish","hentry"],"yoast_head":"<!-- This site is optimized with the Yoast SEO plugin v25.4 - https:\/\/yoast.com\/wordpress\/plugins\/seo\/ -->\n<title>Vtisi s 25. pohoda po Jur\u010di\u010devi poti : Travel-Slovenia<\/title>\n<meta name=\"description\" content=\"V soboto, dne 3.3.2018, se je Travel-Slovenia odpravil na organiziran pohod po Jur\u010di\u010devi poti. Svojo pot smo pri\u010deli v Vi\u0161nji Gori, \u017ee na samem za\u010detku so nas lepo sprejeli, obenem pa so si lahko obiskovalci kupili spominke Vi\u0161nje Gore.\" \/>\n<meta name=\"robots\" content=\"index, follow, max-snippet:-1, max-image-preview:large, max-video-preview:-1\" \/>\n<link rel=\"canonical\" href=\"https:\/\/www.travel-slovenia.si\/slo\/vtisi-s-25-pohoda-po-jurcicevi-poti\/\" \/>\n<meta property=\"og:locale\" content=\"sl_SI\" \/>\n<meta property=\"og:type\" content=\"article\" \/>\n<meta property=\"og:title\" content=\"Vtisi s 25. pohoda po Jur\u010di\u010devi poti : Travel-Slovenia\" \/>\n<meta property=\"og:description\" content=\"V soboto, dne 3.3.2018, se je Travel-Slovenia odpravil na organiziran pohod po Jur\u010di\u010devi poti. Svojo pot smo pri\u010deli v Vi\u0161nji Gori, \u017ee na samem za\u010detku so nas lepo sprejeli, obenem pa so si lahko obiskovalci kupili spominke Vi\u0161nje Gore.\" \/>\n<meta property=\"og:url\" content=\"https:\/\/www.travel-slovenia.si\/slo\/vtisi-s-25-pohoda-po-jurcicevi-poti\/\" \/>\n<meta property=\"og:site_name\" content=\"Travel Slovenia - Sledite lepotam na\u0161e male dr\u017eavice\" \/>\n<meta property=\"og:image\" content=\"https:\/\/www.travel-slovenia.si\/slo\/wp-content\/uploads\/2018\/03\/travel-slovenia-pohod-po-jurcicevi-poti-2018-66.jpg\" \/>\n\t<meta property=\"og:image:width\" content=\"600\" \/>\n\t<meta property=\"og:image:height\" content=\"338\" \/>\n\t<meta property=\"og:image:type\" content=\"image\/jpeg\" \/>\n<meta name=\"twitter:card\" content=\"summary_large_image\" \/>\n<meta name=\"twitter:title\" content=\"Vtisi s 25. pohoda po Jur\u010di\u010devi poti : Travel-Slovenia\" \/>\n<meta name=\"twitter:description\" content=\"V soboto, dne 3.3.2018, se je Travel-Slovenia odpravil na organiziran pohod po Jur\u010di\u010devi poti. Svojo pot smo pri\u010deli v Vi\u0161nji Gori, \u017ee na samem za\u010detku so nas lepo sprejeli, obenem pa so si lahko obiskovalci kupili spominke Vi\u0161nje Gore.\" \/>\n<meta name=\"twitter:image\" content=\"https:\/\/www.travel-slovenia.si\/slo\/wp-content\/uploads\/2018\/03\/travel-slovenia-pohod-po-jurcicevi-poti-2018-66.jpg\" \/>\n<meta name=\"twitter:label1\" content=\"Est. reading time\" \/>\n\t<meta name=\"twitter:data1\" content=\"3 minute\" \/>\n<script type=\"application\/ld+json\" class=\"yoast-schema-graph\">{\"@context\":\"https:\/\/schema.org\",\"@graph\":[{\"@type\":\"WebPage\",\"@id\":\"https:\/\/www.travel-slovenia.si\/slo\/vtisi-s-25-pohoda-po-jurcicevi-poti\/\",\"url\":\"https:\/\/www.travel-slovenia.si\/slo\/vtisi-s-25-pohoda-po-jurcicevi-poti\/\",\"name\":\"Vtisi s 25. pohoda po Jur\u010di\u010devi poti : Travel-Slovenia\",\"isPartOf\":{\"@id\":\"https:\/\/www.travel-slovenia.si\/slo\/#website\"},\"primaryImageOfPage\":{\"@id\":\"https:\/\/www.travel-slovenia.si\/slo\/vtisi-s-25-pohoda-po-jurcicevi-poti\/#primaryimage\"},\"image\":{\"@id\":\"https:\/\/www.travel-slovenia.si\/slo\/vtisi-s-25-pohoda-po-jurcicevi-poti\/#primaryimage\"},\"thumbnailUrl\":\"https:\/\/www.travel-slovenia.si\/slo\/wp-content\/uploads\/2018\/03\/travel-slovenia-pohod-po-jurcicevi-poti-2018-66-300x169.jpg\",\"datePublished\":\"2018-03-15T16:06:37+00:00\",\"description\":\"V soboto, dne 3.3.2018, se je Travel-Slovenia odpravil na organiziran pohod po Jur\u010di\u010devi poti. Svojo pot smo pri\u010deli v Vi\u0161nji Gori, \u017ee na samem za\u010detku so nas lepo sprejeli, obenem pa so si lahko obiskovalci kupili spominke Vi\u0161nje Gore.\",\"breadcrumb\":{\"@id\":\"https:\/\/www.travel-slovenia.si\/slo\/vtisi-s-25-pohoda-po-jurcicevi-poti\/#breadcrumb\"},\"inLanguage\":\"sl-SI\",\"potentialAction\":[{\"@type\":\"ReadAction\",\"target\":[\"https:\/\/www.travel-slovenia.si\/slo\/vtisi-s-25-pohoda-po-jurcicevi-poti\/\"]}]},{\"@type\":\"ImageObject\",\"inLanguage\":\"sl-SI\",\"@id\":\"https:\/\/www.travel-slovenia.si\/slo\/vtisi-s-25-pohoda-po-jurcicevi-poti\/#primaryimage\",\"url\":\"https:\/\/www.travel-slovenia.si\/slo\/wp-content\/uploads\/2018\/03\/travel-slovenia-pohod-po-jurcicevi-poti-2018-66.jpg\",\"contentUrl\":\"https:\/\/www.travel-slovenia.si\/slo\/wp-content\/uploads\/2018\/03\/travel-slovenia-pohod-po-jurcicevi-poti-2018-66.jpg\",\"width\":600,\"height\":338,\"caption\":\"Kon\u010dna to\u010dka na Muljavi\"},{\"@type\":\"BreadcrumbList\",\"@id\":\"https:\/\/www.travel-slovenia.si\/slo\/vtisi-s-25-pohoda-po-jurcicevi-poti\/#breadcrumb\",\"itemListElement\":[{\"@type\":\"ListItem\",\"position\":1,\"name\":\"Home\",\"item\":\"https:\/\/www.travel-slovenia.si\/slo\/\"},{\"@type\":\"ListItem\",\"position\":2,\"name\":\"Vtisi s 25. pohoda po Jur\u010di\u010devi poti\"}]},{\"@type\":\"WebSite\",\"@id\":\"https:\/\/www.travel-slovenia.si\/slo\/#website\",\"url\":\"https:\/\/www.travel-slovenia.si\/slo\/\",\"name\":\"Travel Slovenia - Sledite lepotam na\u0161e male dr\u017eavice\",\"description\":\"\",\"potentialAction\":[{\"@type\":\"SearchAction\",\"target\":{\"@type\":\"EntryPoint\",\"urlTemplate\":\"https:\/\/www.travel-slovenia.si\/slo\/?s={search_term_string}\"},\"query-input\":{\"@type\":\"PropertyValueSpecification\",\"valueRequired\":true,\"valueName\":\"search_term_string\"}}],\"inLanguage\":\"sl-SI\"}]}<\/script>\n<!-- \/ Yoast SEO plugin. -->","yoast_head_json":{"title":"Vtisi s 25. pohoda po Jur\u010di\u010devi poti : Travel-Slovenia","description":"V soboto, dne 3.3.2018, se je Travel-Slovenia odpravil na organiziran pohod po Jur\u010di\u010devi poti. Svojo pot smo pri\u010deli v Vi\u0161nji Gori, \u017ee na samem za\u010detku so nas lepo sprejeli, obenem pa so si lahko obiskovalci kupili spominke Vi\u0161nje Gore.","robots":{"index":"index","follow":"follow","max-snippet":"max-snippet:-1","max-image-preview":"max-image-preview:large","max-video-preview":"max-video-preview:-1"},"canonical":"https:\/\/www.travel-slovenia.si\/slo\/vtisi-s-25-pohoda-po-jurcicevi-poti\/","og_locale":"sl_SI","og_type":"article","og_title":"Vtisi s 25. pohoda po Jur\u010di\u010devi poti : Travel-Slovenia","og_description":"V soboto, dne 3.3.2018, se je Travel-Slovenia odpravil na organiziran pohod po Jur\u010di\u010devi poti. Svojo pot smo pri\u010deli v Vi\u0161nji Gori, \u017ee na samem za\u010detku so nas lepo sprejeli, obenem pa so si lahko obiskovalci kupili spominke Vi\u0161nje Gore.","og_url":"https:\/\/www.travel-slovenia.si\/slo\/vtisi-s-25-pohoda-po-jurcicevi-poti\/","og_site_name":"Travel Slovenia - Sledite lepotam na\u0161e male dr\u017eavice","og_image":[{"width":600,"height":338,"url":"https:\/\/www.travel-slovenia.si\/slo\/wp-content\/uploads\/2018\/03\/travel-slovenia-pohod-po-jurcicevi-poti-2018-66.jpg","type":"image\/jpeg"}],"twitter_card":"summary_large_image","twitter_title":"Vtisi s 25. pohoda po Jur\u010di\u010devi poti : Travel-Slovenia","twitter_description":"V soboto, dne 3.3.2018, se je Travel-Slovenia odpravil na organiziran pohod po Jur\u010di\u010devi poti. Svojo pot smo pri\u010deli v Vi\u0161nji Gori, \u017ee na samem za\u010detku so nas lepo sprejeli, obenem pa so si lahko obiskovalci kupili spominke Vi\u0161nje Gore.","twitter_image":"https:\/\/www.travel-slovenia.si\/slo\/wp-content\/uploads\/2018\/03\/travel-slovenia-pohod-po-jurcicevi-poti-2018-66.jpg","twitter_misc":{"Est. reading time":"3 minute"},"schema":{"@context":"https:\/\/schema.org","@graph":[{"@type":"WebPage","@id":"https:\/\/www.travel-slovenia.si\/slo\/vtisi-s-25-pohoda-po-jurcicevi-poti\/","url":"https:\/\/www.travel-slovenia.si\/slo\/vtisi-s-25-pohoda-po-jurcicevi-poti\/","name":"Vtisi s 25. pohoda po Jur\u010di\u010devi poti : Travel-Slovenia","isPartOf":{"@id":"https:\/\/www.travel-slovenia.si\/slo\/#website"},"primaryImageOfPage":{"@id":"https:\/\/www.travel-slovenia.si\/slo\/vtisi-s-25-pohoda-po-jurcicevi-poti\/#primaryimage"},"image":{"@id":"https:\/\/www.travel-slovenia.si\/slo\/vtisi-s-25-pohoda-po-jurcicevi-poti\/#primaryimage"},"thumbnailUrl":"https:\/\/www.travel-slovenia.si\/slo\/wp-content\/uploads\/2018\/03\/travel-slovenia-pohod-po-jurcicevi-poti-2018-66-300x169.jpg","datePublished":"2018-03-15T16:06:37+00:00","description":"V soboto, dne 3.3.2018, se je Travel-Slovenia odpravil na organiziran pohod po Jur\u010di\u010devi poti. Svojo pot smo pri\u010deli v Vi\u0161nji Gori, \u017ee na samem za\u010detku so nas lepo sprejeli, obenem pa so si lahko obiskovalci kupili spominke Vi\u0161nje Gore.","breadcrumb":{"@id":"https:\/\/www.travel-slovenia.si\/slo\/vtisi-s-25-pohoda-po-jurcicevi-poti\/#breadcrumb"},"inLanguage":"sl-SI","potentialAction":[{"@type":"ReadAction","target":["https:\/\/www.travel-slovenia.si\/slo\/vtisi-s-25-pohoda-po-jurcicevi-poti\/"]}]},{"@type":"ImageObject","inLanguage":"sl-SI","@id":"https:\/\/www.travel-slovenia.si\/slo\/vtisi-s-25-pohoda-po-jurcicevi-poti\/#primaryimage","url":"https:\/\/www.travel-slovenia.si\/slo\/wp-content\/uploads\/2018\/03\/travel-slovenia-pohod-po-jurcicevi-poti-2018-66.jpg","contentUrl":"https:\/\/www.travel-slovenia.si\/slo\/wp-content\/uploads\/2018\/03\/travel-slovenia-pohod-po-jurcicevi-poti-2018-66.jpg","width":600,"height":338,"caption":"Kon\u010dna to\u010dka na Muljavi"},{"@type":"BreadcrumbList","@id":"https:\/\/www.travel-slovenia.si\/slo\/vtisi-s-25-pohoda-po-jurcicevi-poti\/#breadcrumb","itemListElement":[{"@type":"ListItem","position":1,"name":"Home","item":"https:\/\/www.travel-slovenia.si\/slo\/"},{"@type":"ListItem","position":2,"name":"Vtisi s 25. pohoda po Jur\u010di\u010devi poti"}]},{"@type":"WebSite","@id":"https:\/\/www.travel-slovenia.si\/slo\/#website","url":"https:\/\/www.travel-slovenia.si\/slo\/","name":"Travel Slovenia - Sledite lepotam na\u0161e male dr\u017eavice","description":"","potentialAction":[{"@type":"SearchAction","target":{"@type":"EntryPoint","urlTemplate":"https:\/\/www.travel-slovenia.si\/slo\/?s={search_term_string}"},"query-input":{"@type":"PropertyValueSpecification","valueRequired":true,"valueName":"search_term_string"}}],"inLanguage":"sl-SI"}]}},"post_mailing_queue_ids":[],"_links":{"self":[{"href":"https:\/\/www.travel-slovenia.si\/slo\/wp-json\/wp\/v2\/pages\/7236","targetHints":{"allow":["GET"]}}],"collection":[{"href":"https:\/\/www.travel-slovenia.si\/slo\/wp-json\/wp\/v2\/pages"}],"about":[{"href":"https:\/\/www.travel-slovenia.si\/slo\/wp-json\/wp\/v2\/types\/page"}],"author":[{"embeddable":true,"href":"https:\/\/www.travel-slovenia.si\/slo\/wp-json\/wp\/v2\/users\/111"}],"replies":[{"embeddable":true,"href":"https:\/\/www.travel-slovenia.si\/slo\/wp-json\/wp\/v2\/comments?post=7236"}],"version-history":[{"count":1,"href":"https:\/\/www.travel-slovenia.si\/slo\/wp-json\/wp\/v2\/pages\/7236\/revisions"}],"predecessor-version":[{"id":7316,"href":"https:\/\/www.travel-slovenia.si\/slo\/wp-json\/wp\/v2\/pages\/7236\/revisions\/7316"}],"wp:attachment":[{"href":"https:\/\/www.travel-slovenia.si\/slo\/wp-json\/wp\/v2\/media?parent=7236"}],"curies":[{"name":"wp","href":"https:\/\/api.w.org\/{rel}","templated":true}]}}