{"id":7172,"date":"2018-02-07T10:36:27","date_gmt":"2018-02-07T09:36:27","guid":{"rendered":"https:\/\/www.travel-slovenia.si\/slo\/?page_id=7172"},"modified":"2018-02-07T10:37:28","modified_gmt":"2018-02-07T09:37:28","slug":"travel-slovenia-nov-izgled","status":"publish","type":"page","link":"https:\/\/www.travel-slovenia.si\/slo\/travel-slovenia-nov-izgled\/","title":{"rendered":"Travel-Slovenia nov izgled"},"content":{"rendered":"<p style=\"text-align: justify;\">Spletni turisti\u010dni portal Travel-Slovenia | Vsesplo\u0161ni turisti\u010dni priro\u010dnik za Slovenijo v leto 2018 vstopa z novo podobo, kot tudi s sve\u017eim zagonom. V lanskem letu smo delali na novi grafi\u010dni podobi, da bi v celoti predstavili Slovenijo in njene \u010dude\u017ee.<\/p>\n<p style=\"text-align: justify;\"><img loading=\"lazy\" decoding=\"async\" class=\"alignleft size-medium wp-image-7181\" src=\"https:\/\/www.travel-slovenia.si\/slo\/wp-content\/uploads\/2018\/02\/travel-slovenia-logo-slo-300x138.jpg\" alt=\"\" width=\"300\" height=\"138\" srcset=\"https:\/\/www.travel-slovenia.si\/slo\/wp-content\/uploads\/2018\/02\/travel-slovenia-logo-slo-300x138.jpg 300w, https:\/\/www.travel-slovenia.si\/slo\/wp-content\/uploads\/2018\/02\/travel-slovenia-logo-slo-24x11.jpg 24w, https:\/\/www.travel-slovenia.si\/slo\/wp-content\/uploads\/2018\/02\/travel-slovenia-logo-slo-36x17.jpg 36w, https:\/\/www.travel-slovenia.si\/slo\/wp-content\/uploads\/2018\/02\/travel-slovenia-logo-slo-48x22.jpg 48w, https:\/\/www.travel-slovenia.si\/slo\/wp-content\/uploads\/2018\/02\/travel-slovenia-logo-slo.jpg 600w\" sizes=\"auto, (max-width: 300px) 100vw, 300px\" \/>Logotip vsebuje ime portala, moto portala in simbol Slovenske dr\u017eave &#8211; Triglav. Kot dodatno pa se pod imenom zapi\u0161e \u0161e spletno povezavo. Za Travel-Slovenia ime smo uporabili zeleno barvo, ker smo s tem \u017eeleli pokazati, da ima na\u0161a dr\u017eave veliko zelenih povr\u0161in, kot tudi ni\u017ein (predvsem predel Prekmurja ter Dolenjske in Osrednjo Slovenijo &#8211; Ljubljanska kotlina). Tri zavite \u010drte, simetri\u010dno razporejene, predstavljajo simbol Slovenije, najvi\u0161jo slovensko goro Triglav. \u010crte so postavljene v diagonali, kar predstavlja vzpon ali dvigovanje v nebo. Obenem pa simbolizira gorati del Slovenije (predel Gorenjske in Koro\u0161ke). Uporabi se modra barva, ki predstavlja gore in nebo, obenem pa modro barvo uporabimo tudi v motu portala (Vsesplo\u0161ni turisti\u010dni priro\u010dnik za Slovenijo), ki predstavlja modrino morja (Predel Primorske) in lepoto slovenskih rek. Tipografija je bila izbrana, ker v celoti predstavlja razgibanost slovenske pokrajine, ki se ne pojavi v nobeni drugi dr\u017eavi.<\/p>\n<p style=\"text-align: justify;\">V okviru celostne grafi\u010dne podobe smo izdelali logotip, koledar, spletne pasice, vizitko, grafiko za majico, letak in druge grafi\u010dne podobe. Nekaj si jih lahko ogledate tudi spodaj. Sprejemamo pa tudi naro\u010dila za majico, za ve\u010d informacij pa nam pi\u0161ite na info@travel-slovenia.si.<\/p>\n<p style=\"text-align: justify;\"><strong>www.travel-slovenia.si\/slo<\/strong><br \/>\n<strong>Vsesplo\u0161ni turisti\u010dni priro\u010dnik za Slovenijo<\/strong><\/p>\n<p><img loading=\"lazy\" decoding=\"async\" class=\"aligncenter size-full wp-image-7176\" src=\"https:\/\/www.travel-slovenia.si\/slo\/wp-content\/uploads\/2018\/02\/travel-slovenia-vodnik.jpg\" alt=\"\" width=\"600\" height=\"182\" srcset=\"https:\/\/www.travel-slovenia.si\/slo\/wp-content\/uploads\/2018\/02\/travel-slovenia-vodnik.jpg 600w, https:\/\/www.travel-slovenia.si\/slo\/wp-content\/uploads\/2018\/02\/travel-slovenia-vodnik-300x91.jpg 300w, https:\/\/www.travel-slovenia.si\/slo\/wp-content\/uploads\/2018\/02\/travel-slovenia-vodnik-24x7.jpg 24w, https:\/\/www.travel-slovenia.si\/slo\/wp-content\/uploads\/2018\/02\/travel-slovenia-vodnik-36x11.jpg 36w, https:\/\/www.travel-slovenia.si\/slo\/wp-content\/uploads\/2018\/02\/travel-slovenia-vodnik-48x15.jpg 48w\" sizes=\"auto, (max-width: 600px) 100vw, 600px\" \/><\/p>\n<p><img loading=\"lazy\" decoding=\"async\" class=\"aligncenter size-full wp-image-7179\" src=\"https:\/\/www.travel-slovenia.si\/slo\/wp-content\/uploads\/2018\/02\/majica.jpg\" alt=\"\" width=\"600\" height=\"424\" srcset=\"https:\/\/www.travel-slovenia.si\/slo\/wp-content\/uploads\/2018\/02\/majica.jpg 600w, https:\/\/www.travel-slovenia.si\/slo\/wp-content\/uploads\/2018\/02\/majica-300x212.jpg 300w, https:\/\/www.travel-slovenia.si\/slo\/wp-content\/uploads\/2018\/02\/majica-24x17.jpg 24w, https:\/\/www.travel-slovenia.si\/slo\/wp-content\/uploads\/2018\/02\/majica-36x25.jpg 36w, https:\/\/www.travel-slovenia.si\/slo\/wp-content\/uploads\/2018\/02\/majica-48x34.jpg 48w\" sizes=\"auto, (max-width: 600px) 100vw, 600px\" \/><img loading=\"lazy\" decoding=\"async\" class=\"aligncenter wp-image-7173\" src=\"https:\/\/www.travel-slovenia.si\/slo\/wp-content\/uploads\/2018\/02\/Facebook-cover-SLO.jpg\" alt=\"\" width=\"600\" height=\"249\" srcset=\"https:\/\/www.travel-slovenia.si\/slo\/wp-content\/uploads\/2018\/02\/Facebook-cover-SLO.jpg 820w, https:\/\/www.travel-slovenia.si\/slo\/wp-content\/uploads\/2018\/02\/Facebook-cover-SLO-300x124.jpg 300w, https:\/\/www.travel-slovenia.si\/slo\/wp-content\/uploads\/2018\/02\/Facebook-cover-SLO-768x318.jpg 768w, https:\/\/www.travel-slovenia.si\/slo\/wp-content\/uploads\/2018\/02\/Facebook-cover-SLO-24x10.jpg 24w, https:\/\/www.travel-slovenia.si\/slo\/wp-content\/uploads\/2018\/02\/Facebook-cover-SLO-36x15.jpg 36w, https:\/\/www.travel-slovenia.si\/slo\/wp-content\/uploads\/2018\/02\/Facebook-cover-SLO-48x20.jpg 48w\" sizes=\"auto, (max-width: 600px) 100vw, 600px\" \/><\/p>\n<p><img loading=\"lazy\" decoding=\"async\" class=\"aligncenter size-full wp-image-7180\" src=\"https:\/\/www.travel-slovenia.si\/slo\/wp-content\/uploads\/2018\/02\/travel-slovenia-forum-slo.jpg\" alt=\"\" width=\"300\" height=\"108\" srcset=\"https:\/\/www.travel-slovenia.si\/slo\/wp-content\/uploads\/2018\/02\/travel-slovenia-forum-slo.jpg 300w, https:\/\/www.travel-slovenia.si\/slo\/wp-content\/uploads\/2018\/02\/travel-slovenia-forum-slo-24x9.jpg 24w, https:\/\/www.travel-slovenia.si\/slo\/wp-content\/uploads\/2018\/02\/travel-slovenia-forum-slo-36x13.jpg 36w, https:\/\/www.travel-slovenia.si\/slo\/wp-content\/uploads\/2018\/02\/travel-slovenia-forum-slo-48x17.jpg 48w\" sizes=\"auto, (max-width: 300px) 100vw, 300px\" \/><\/p>\n<p><img loading=\"lazy\" decoding=\"async\" class=\"aligncenter size-full wp-image-7175\" src=\"https:\/\/www.travel-slovenia.si\/slo\/wp-content\/uploads\/2018\/02\/travel-slovenia-transparent.jpg\" alt=\"\" width=\"600\" height=\"200\" srcset=\"https:\/\/www.travel-slovenia.si\/slo\/wp-content\/uploads\/2018\/02\/travel-slovenia-transparent.jpg 600w, https:\/\/www.travel-slovenia.si\/slo\/wp-content\/uploads\/2018\/02\/travel-slovenia-transparent-300x100.jpg 300w, https:\/\/www.travel-slovenia.si\/slo\/wp-content\/uploads\/2018\/02\/travel-slovenia-transparent-24x8.jpg 24w, https:\/\/www.travel-slovenia.si\/slo\/wp-content\/uploads\/2018\/02\/travel-slovenia-transparent-36x12.jpg 36w, https:\/\/www.travel-slovenia.si\/slo\/wp-content\/uploads\/2018\/02\/travel-slovenia-transparent-48x16.jpg 48w\" sizes=\"auto, (max-width: 600px) 100vw, 600px\" \/><\/p>\n<table>\n<tbody>\n<tr>\n<td><img loading=\"lazy\" decoding=\"async\" class=\"aligncenter wp-image-7178\" src=\"https:\/\/www.travel-slovenia.si\/slo\/wp-content\/uploads\/2018\/02\/koledar2.jpg\" alt=\"\" width=\"290\" height=\"448\" srcset=\"https:\/\/www.travel-slovenia.si\/slo\/wp-content\/uploads\/2018\/02\/koledar2.jpg 325w, https:\/\/www.travel-slovenia.si\/slo\/wp-content\/uploads\/2018\/02\/koledar2-194x300.jpg 194w, https:\/\/www.travel-slovenia.si\/slo\/wp-content\/uploads\/2018\/02\/koledar2-16x24.jpg 16w, https:\/\/www.travel-slovenia.si\/slo\/wp-content\/uploads\/2018\/02\/koledar2-23x36.jpg 23w, https:\/\/www.travel-slovenia.si\/slo\/wp-content\/uploads\/2018\/02\/koledar2-31x48.jpg 31w\" sizes=\"auto, (max-width: 290px) 100vw, 290px\" \/><\/td>\n<td><img loading=\"lazy\" decoding=\"async\" class=\"aligncenter wp-image-7177\" src=\"https:\/\/www.travel-slovenia.si\/slo\/wp-content\/uploads\/2018\/02\/koledar1.jpg\" alt=\"\" width=\"290\" height=\"448\" srcset=\"https:\/\/www.travel-slovenia.si\/slo\/wp-content\/uploads\/2018\/02\/koledar1.jpg 325w, https:\/\/www.travel-slovenia.si\/slo\/wp-content\/uploads\/2018\/02\/koledar1-194x300.jpg 194w, https:\/\/www.travel-slovenia.si\/slo\/wp-content\/uploads\/2018\/02\/koledar1-16x24.jpg 16w, https:\/\/www.travel-slovenia.si\/slo\/wp-content\/uploads\/2018\/02\/koledar1-23x36.jpg 23w, https:\/\/www.travel-slovenia.si\/slo\/wp-content\/uploads\/2018\/02\/koledar1-31x48.jpg 31w\" sizes=\"auto, (max-width: 290px) 100vw, 290px\" \/><\/td>\n<\/tr>\n<\/tbody>\n<\/table>\n","protected":false},"excerpt":{"rendered":"<p>Spletni turisti\u010dni portal Travel-Slovenia | Vsesplo\u0161ni turisti\u010dni priro\u010dnik za Slovenijo v leto 2018 vstopa z novo podobo, kot tudi s sve\u017eim zagonom. V lanskem letu smo delali na novi grafi\u010dni podobi, da bi v celoti predstavili Slovenijo in njene \u010dude\u017ee. Logotip vsebuje ime portala, moto portala in simbol Slovenske dr\u017eave &#8211; Triglav. Kot dodatno pa [&hellip;]<\/p>\n","protected":false},"author":111,"featured_media":0,"parent":0,"menu_order":0,"comment_status":"closed","ping_status":"closed","template":"","meta":{"footnotes":""},"class_list":["post-7172","page","type-page","status-publish","hentry"],"yoast_head":"<!-- This site is optimized with the Yoast SEO plugin v25.4 - https:\/\/yoast.com\/wordpress\/plugins\/seo\/ -->\n<title>Travel-Slovenia nov izgled : Travel-Slovenia<\/title>\n<meta name=\"description\" content=\"Spletni turisti\u010dni portal Travel-Slovenia | Vsesplo\u0161ni turisti\u010dni priro\u010dnik za Slovenijo v leto 2018 vstopa z novo podobo, kot tudi s sve\u017eim zagonom. V lanskem letu smo delali na novi grafi\u010dni podobi, da bi v celoti predstavili Slovenijo in njene \u010dude\u017ee.\" \/>\n<meta name=\"robots\" content=\"index, follow, max-snippet:-1, max-image-preview:large, max-video-preview:-1\" \/>\n<link rel=\"canonical\" href=\"https:\/\/www.travel-slovenia.si\/slo\/travel-slovenia-nov-izgled\/\" \/>\n<meta property=\"og:locale\" content=\"sl_SI\" \/>\n<meta property=\"og:type\" content=\"article\" \/>\n<meta property=\"og:title\" content=\"Travel-Slovenia nov izgled : Travel-Slovenia\" \/>\n<meta property=\"og:description\" content=\"Spletni turisti\u010dni portal Travel-Slovenia | Vsesplo\u0161ni turisti\u010dni priro\u010dnik za Slovenijo v leto 2018 vstopa z novo podobo, kot tudi s sve\u017eim zagonom. V lanskem letu smo delali na novi grafi\u010dni podobi, da bi v celoti predstavili Slovenijo in njene \u010dude\u017ee.\" \/>\n<meta property=\"og:url\" content=\"https:\/\/www.travel-slovenia.si\/slo\/travel-slovenia-nov-izgled\/\" \/>\n<meta property=\"og:site_name\" content=\"Travel Slovenia - Sledite lepotam na\u0161e male dr\u017eavice\" \/>\n<meta property=\"article:modified_time\" content=\"2018-02-07T09:37:28+00:00\" \/>\n<meta property=\"og:image\" content=\"https:\/\/www.travel-slovenia.si\/slo\/wp-content\/uploads\/2018\/02\/travel-slovenia-logo-slo.jpg\" \/>\n\t<meta property=\"og:image:width\" content=\"600\" \/>\n\t<meta property=\"og:image:height\" content=\"275\" \/>\n\t<meta property=\"og:image:type\" content=\"image\/jpeg\" \/>\n<meta name=\"twitter:card\" content=\"summary_large_image\" \/>\n<meta name=\"twitter:title\" content=\"Travel-Slovenia nov izgled : Travel-Slovenia\" \/>\n<meta name=\"twitter:description\" content=\"Spletni turisti\u010dni portal Travel-Slovenia | Vsesplo\u0161ni turisti\u010dni priro\u010dnik za Slovenijo v leto 2018 vstopa z novo podobo, kot tudi s sve\u017eim zagonom. V lanskem letu smo delali na novi grafi\u010dni podobi, da bi v celoti predstavili Slovenijo in njene \u010dude\u017ee.\" \/>\n<meta name=\"twitter:image\" content=\"https:\/\/www.travel-slovenia.si\/slo\/wp-content\/uploads\/2018\/02\/travel-slovenia-logo-slo.jpg\" \/>\n<meta name=\"twitter:label1\" content=\"Est. reading time\" \/>\n\t<meta name=\"twitter:data1\" content=\"1 minuta\" \/>\n<script type=\"application\/ld+json\" class=\"yoast-schema-graph\">{\"@context\":\"https:\/\/schema.org\",\"@graph\":[{\"@type\":\"WebPage\",\"@id\":\"https:\/\/www.travel-slovenia.si\/slo\/travel-slovenia-nov-izgled\/\",\"url\":\"https:\/\/www.travel-slovenia.si\/slo\/travel-slovenia-nov-izgled\/\",\"name\":\"Travel-Slovenia nov izgled : Travel-Slovenia\",\"isPartOf\":{\"@id\":\"https:\/\/www.travel-slovenia.si\/slo\/#website\"},\"primaryImageOfPage\":{\"@id\":\"https:\/\/www.travel-slovenia.si\/slo\/travel-slovenia-nov-izgled\/#primaryimage\"},\"image\":{\"@id\":\"https:\/\/www.travel-slovenia.si\/slo\/travel-slovenia-nov-izgled\/#primaryimage\"},\"thumbnailUrl\":\"https:\/\/www.travel-slovenia.si\/slo\/wp-content\/uploads\/2018\/02\/travel-slovenia-logo-slo-300x138.jpg\",\"datePublished\":\"2018-02-07T09:36:27+00:00\",\"dateModified\":\"2018-02-07T09:37:28+00:00\",\"description\":\"Spletni turisti\u010dni portal Travel-Slovenia | Vsesplo\u0161ni turisti\u010dni priro\u010dnik za Slovenijo v leto 2018 vstopa z novo podobo, kot tudi s sve\u017eim zagonom. V lanskem letu smo delali na novi grafi\u010dni podobi, da bi v celoti predstavili Slovenijo in njene \u010dude\u017ee.\",\"breadcrumb\":{\"@id\":\"https:\/\/www.travel-slovenia.si\/slo\/travel-slovenia-nov-izgled\/#breadcrumb\"},\"inLanguage\":\"sl-SI\",\"potentialAction\":[{\"@type\":\"ReadAction\",\"target\":[\"https:\/\/www.travel-slovenia.si\/slo\/travel-slovenia-nov-izgled\/\"]}]},{\"@type\":\"ImageObject\",\"inLanguage\":\"sl-SI\",\"@id\":\"https:\/\/www.travel-slovenia.si\/slo\/travel-slovenia-nov-izgled\/#primaryimage\",\"url\":\"https:\/\/www.travel-slovenia.si\/slo\/wp-content\/uploads\/2018\/02\/travel-slovenia-logo-slo.jpg\",\"contentUrl\":\"https:\/\/www.travel-slovenia.si\/slo\/wp-content\/uploads\/2018\/02\/travel-slovenia-logo-slo.jpg\",\"width\":600,\"height\":275},{\"@type\":\"BreadcrumbList\",\"@id\":\"https:\/\/www.travel-slovenia.si\/slo\/travel-slovenia-nov-izgled\/#breadcrumb\",\"itemListElement\":[{\"@type\":\"ListItem\",\"position\":1,\"name\":\"Home\",\"item\":\"https:\/\/www.travel-slovenia.si\/slo\/\"},{\"@type\":\"ListItem\",\"position\":2,\"name\":\"Travel-Slovenia nov izgled\"}]},{\"@type\":\"WebSite\",\"@id\":\"https:\/\/www.travel-slovenia.si\/slo\/#website\",\"url\":\"https:\/\/www.travel-slovenia.si\/slo\/\",\"name\":\"Travel Slovenia - Sledite lepotam na\u0161e male dr\u017eavice\",\"description\":\"\",\"potentialAction\":[{\"@type\":\"SearchAction\",\"target\":{\"@type\":\"EntryPoint\",\"urlTemplate\":\"https:\/\/www.travel-slovenia.si\/slo\/?s={search_term_string}\"},\"query-input\":{\"@type\":\"PropertyValueSpecification\",\"valueRequired\":true,\"valueName\":\"search_term_string\"}}],\"inLanguage\":\"sl-SI\"}]}<\/script>\n<!-- \/ Yoast SEO plugin. -->","yoast_head_json":{"title":"Travel-Slovenia nov izgled : Travel-Slovenia","description":"Spletni turisti\u010dni portal Travel-Slovenia | Vsesplo\u0161ni turisti\u010dni priro\u010dnik za Slovenijo v leto 2018 vstopa z novo podobo, kot tudi s sve\u017eim zagonom. V lanskem letu smo delali na novi grafi\u010dni podobi, da bi v celoti predstavili Slovenijo in njene \u010dude\u017ee.","robots":{"index":"index","follow":"follow","max-snippet":"max-snippet:-1","max-image-preview":"max-image-preview:large","max-video-preview":"max-video-preview:-1"},"canonical":"https:\/\/www.travel-slovenia.si\/slo\/travel-slovenia-nov-izgled\/","og_locale":"sl_SI","og_type":"article","og_title":"Travel-Slovenia nov izgled : Travel-Slovenia","og_description":"Spletni turisti\u010dni portal Travel-Slovenia | Vsesplo\u0161ni turisti\u010dni priro\u010dnik za Slovenijo v leto 2018 vstopa z novo podobo, kot tudi s sve\u017eim zagonom. V lanskem letu smo delali na novi grafi\u010dni podobi, da bi v celoti predstavili Slovenijo in njene \u010dude\u017ee.","og_url":"https:\/\/www.travel-slovenia.si\/slo\/travel-slovenia-nov-izgled\/","og_site_name":"Travel Slovenia - Sledite lepotam na\u0161e male dr\u017eavice","article_modified_time":"2018-02-07T09:37:28+00:00","og_image":[{"width":600,"height":275,"url":"https:\/\/www.travel-slovenia.si\/slo\/wp-content\/uploads\/2018\/02\/travel-slovenia-logo-slo.jpg","type":"image\/jpeg"}],"twitter_card":"summary_large_image","twitter_title":"Travel-Slovenia nov izgled : Travel-Slovenia","twitter_description":"Spletni turisti\u010dni portal Travel-Slovenia | Vsesplo\u0161ni turisti\u010dni priro\u010dnik za Slovenijo v leto 2018 vstopa z novo podobo, kot tudi s sve\u017eim zagonom. V lanskem letu smo delali na novi grafi\u010dni podobi, da bi v celoti predstavili Slovenijo in njene \u010dude\u017ee.","twitter_image":"https:\/\/www.travel-slovenia.si\/slo\/wp-content\/uploads\/2018\/02\/travel-slovenia-logo-slo.jpg","twitter_misc":{"Est. reading time":"1 minuta"},"schema":{"@context":"https:\/\/schema.org","@graph":[{"@type":"WebPage","@id":"https:\/\/www.travel-slovenia.si\/slo\/travel-slovenia-nov-izgled\/","url":"https:\/\/www.travel-slovenia.si\/slo\/travel-slovenia-nov-izgled\/","name":"Travel-Slovenia nov izgled : Travel-Slovenia","isPartOf":{"@id":"https:\/\/www.travel-slovenia.si\/slo\/#website"},"primaryImageOfPage":{"@id":"https:\/\/www.travel-slovenia.si\/slo\/travel-slovenia-nov-izgled\/#primaryimage"},"image":{"@id":"https:\/\/www.travel-slovenia.si\/slo\/travel-slovenia-nov-izgled\/#primaryimage"},"thumbnailUrl":"https:\/\/www.travel-slovenia.si\/slo\/wp-content\/uploads\/2018\/02\/travel-slovenia-logo-slo-300x138.jpg","datePublished":"2018-02-07T09:36:27+00:00","dateModified":"2018-02-07T09:37:28+00:00","description":"Spletni turisti\u010dni portal Travel-Slovenia | Vsesplo\u0161ni turisti\u010dni priro\u010dnik za Slovenijo v leto 2018 vstopa z novo podobo, kot tudi s sve\u017eim zagonom. V lanskem letu smo delali na novi grafi\u010dni podobi, da bi v celoti predstavili Slovenijo in njene \u010dude\u017ee.","breadcrumb":{"@id":"https:\/\/www.travel-slovenia.si\/slo\/travel-slovenia-nov-izgled\/#breadcrumb"},"inLanguage":"sl-SI","potentialAction":[{"@type":"ReadAction","target":["https:\/\/www.travel-slovenia.si\/slo\/travel-slovenia-nov-izgled\/"]}]},{"@type":"ImageObject","inLanguage":"sl-SI","@id":"https:\/\/www.travel-slovenia.si\/slo\/travel-slovenia-nov-izgled\/#primaryimage","url":"https:\/\/www.travel-slovenia.si\/slo\/wp-content\/uploads\/2018\/02\/travel-slovenia-logo-slo.jpg","contentUrl":"https:\/\/www.travel-slovenia.si\/slo\/wp-content\/uploads\/2018\/02\/travel-slovenia-logo-slo.jpg","width":600,"height":275},{"@type":"BreadcrumbList","@id":"https:\/\/www.travel-slovenia.si\/slo\/travel-slovenia-nov-izgled\/#breadcrumb","itemListElement":[{"@type":"ListItem","position":1,"name":"Home","item":"https:\/\/www.travel-slovenia.si\/slo\/"},{"@type":"ListItem","position":2,"name":"Travel-Slovenia nov izgled"}]},{"@type":"WebSite","@id":"https:\/\/www.travel-slovenia.si\/slo\/#website","url":"https:\/\/www.travel-slovenia.si\/slo\/","name":"Travel Slovenia - Sledite lepotam na\u0161e male dr\u017eavice","description":"","potentialAction":[{"@type":"SearchAction","target":{"@type":"EntryPoint","urlTemplate":"https:\/\/www.travel-slovenia.si\/slo\/?s={search_term_string}"},"query-input":{"@type":"PropertyValueSpecification","valueRequired":true,"valueName":"search_term_string"}}],"inLanguage":"sl-SI"}]}},"post_mailing_queue_ids":[],"_links":{"self":[{"href":"https:\/\/www.travel-slovenia.si\/slo\/wp-json\/wp\/v2\/pages\/7172","targetHints":{"allow":["GET"]}}],"collection":[{"href":"https:\/\/www.travel-slovenia.si\/slo\/wp-json\/wp\/v2\/pages"}],"about":[{"href":"https:\/\/www.travel-slovenia.si\/slo\/wp-json\/wp\/v2\/types\/page"}],"author":[{"embeddable":true,"href":"https:\/\/www.travel-slovenia.si\/slo\/wp-json\/wp\/v2\/users\/111"}],"replies":[{"embeddable":true,"href":"https:\/\/www.travel-slovenia.si\/slo\/wp-json\/wp\/v2\/comments?post=7172"}],"version-history":[{"count":2,"href":"https:\/\/www.travel-slovenia.si\/slo\/wp-json\/wp\/v2\/pages\/7172\/revisions"}],"predecessor-version":[{"id":7183,"href":"https:\/\/www.travel-slovenia.si\/slo\/wp-json\/wp\/v2\/pages\/7172\/revisions\/7183"}],"wp:attachment":[{"href":"https:\/\/www.travel-slovenia.si\/slo\/wp-json\/wp\/v2\/media?parent=7172"}],"curies":[{"name":"wp","href":"https:\/\/api.w.org\/{rel}","templated":true}]}}