{"id":7008,"date":"2017-10-03T22:56:39","date_gmt":"2017-10-03T20:56:39","guid":{"rendered":"https:\/\/www.travel-slovenia.si\/slo\/?page_id=7008"},"modified":"2017-10-03T22:57:28","modified_gmt":"2017-10-03T20:57:28","slug":"utrinki-s-5-pohoda-po-tematski-poti-na-svoji-zemlji","status":"publish","type":"page","link":"https:\/\/www.travel-slovenia.si\/slo\/utrinki-s-5-pohoda-po-tematski-poti-na-svoji-zemlji\/","title":{"rendered":"Utrinki s 5. pohoda po tematski poti Na svoji zemlji"},"content":{"rendered":"<p style=\"text-align: justify;\">V soboto, 30.9.2017, smo se udele\u017eili 5. pohoda po tematski poti Na svoji zemlji. Gre za pot, ki nas popelje po krajih kjer so se posneli najpomembnej\u0161i prizori filma, pot dedi\u0161\u010dino filma trajno vpi\u0161e v prostor Ba\u0161ke grape. Po poti nas spremljajo tudi informacijske table.<\/p>\n<p><img loading=\"lazy\" decoding=\"async\" class=\"aligncenter wp-image-7009 size-full\" src=\"https:\/\/www.travel-slovenia.si\/slo\/wp-content\/uploads\/2017\/10\/travel-slovenia-Na-svoji-zemlji-1.jpg\" alt=\"\" width=\"600\" height=\"450\" srcset=\"https:\/\/www.travel-slovenia.si\/slo\/wp-content\/uploads\/2017\/10\/travel-slovenia-Na-svoji-zemlji-1.jpg 600w, https:\/\/www.travel-slovenia.si\/slo\/wp-content\/uploads\/2017\/10\/travel-slovenia-Na-svoji-zemlji-1-300x225.jpg 300w, https:\/\/www.travel-slovenia.si\/slo\/wp-content\/uploads\/2017\/10\/travel-slovenia-Na-svoji-zemlji-1-24x18.jpg 24w, https:\/\/www.travel-slovenia.si\/slo\/wp-content\/uploads\/2017\/10\/travel-slovenia-Na-svoji-zemlji-1-36x27.jpg 36w, https:\/\/www.travel-slovenia.si\/slo\/wp-content\/uploads\/2017\/10\/travel-slovenia-Na-svoji-zemlji-1-48x36.jpg 48w\" sizes=\"auto, (max-width: 600px) 100vw, 600px\" \/><\/p>\n<p style=\"text-align: justify;\">Zbrali smo se v vasi Grahovo ob Ba\u010di, v Domu krajanov, kjer smo dobili nekaj napotkov in informacij o sami poti in njenem poteku. Od tu smo se odpravili po sledeh najpomembnej\u0161i prizorov filma Na svoji zemlji. Vodniki so nam na posameznih to\u010dkah seznanili z dejstvi o zgodovini in snemanju filma. Celotna organizacija je bila opravljena na osebni ravni in na visokem nivoju. Skozi celotno pot nas je spremljala glasba iz harmonike. Kratek posnetek si lahko ogledate in poslu\u0161ate spodaj. Na vmesnih to\u010dkah so nas doma\u010dini nekoliko razvajali in nas pogostili s \u010dajem in pecivom. Na koncu pa nas je pri\u010dakala \u0161e enolon\u010dnica, jota ali gola\u017e. Pohod priporo\u010dam vsem, ki jih zanima ta del Slovenije ali dejstva o prvem celove\u010dernem slovenskem filmu. Primeren je za vse, za otroke in starej\u0161e, tudi za tiste z malo manj kondicije.<\/p>\n\n\t\t\t<div id='gallery-7008-1' class='gallery gallery-7008'>\n\t\t\t\t<div class='gallery-row gallery-col-3 gallery-clear'>\n\t\t\t\t\t<figure class='gallery-item col-3'>\n\t\t\t\t\t\t<div class='gallery-icon '><a rel=\"gallery-1\" href='https:\/\/www.travel-slovenia.si\/slo\/utrinki-s-5-pohoda-po-tematski-poti-na-svoji-zemlji\/travel-slovenia-na-svoji-zemlji-1\/'><img loading=\"lazy\" decoding=\"async\" width=\"232\" height=\"150\" src=\"https:\/\/www.travel-slovenia.si\/slo\/wp-content\/uploads\/2017\/10\/travel-slovenia-Na-svoji-zemlji-1-232x150.jpg\" class=\"attachment-thumb-232 size-thumb-232\" alt=\"\" \/><\/a><\/div>\n\t\t\t\t\t\t<figcaption class='gallery-caption'>Naj znana scena s starko<\/figcaption>\n\t\t\t\t\t<\/figure>\n\t\t\t\t\t<figure class='gallery-item col-3'>\n\t\t\t\t\t\t<div class='gallery-icon '><a rel=\"gallery-1\" href='https:\/\/www.travel-slovenia.si\/slo\/utrinki-s-5-pohoda-po-tematski-poti-na-svoji-zemlji\/travel-slovenia-na-svoji-zemlji-2-2\/'><img loading=\"lazy\" decoding=\"async\" width=\"232\" height=\"150\" src=\"https:\/\/www.travel-slovenia.si\/slo\/wp-content\/uploads\/2017\/10\/travel-slovenia-Na-svoji-zemlji-2-232x150.jpg\" class=\"attachment-thumb-232 size-thumb-232\" alt=\"\" \/><\/a><\/div>\n\t\t\t\t\t\t<figcaption class='gallery-caption'>Informacije o tematski poti Na svoji zemlji<\/figcaption>\n\t\t\t\t\t<\/figure>\n\t\t\t\t\t<figure class='gallery-item col-3'>\n\t\t\t\t\t\t<div class='gallery-icon '><a rel=\"gallery-1\" href='https:\/\/www.travel-slovenia.si\/slo\/utrinki-s-5-pohoda-po-tematski-poti-na-svoji-zemlji\/travel-slovenia-na-svoji-zemlji-3\/'><img loading=\"lazy\" decoding=\"async\" width=\"232\" height=\"150\" src=\"https:\/\/www.travel-slovenia.si\/slo\/wp-content\/uploads\/2017\/10\/travel-slovenia-Na-svoji-zemlji-3-232x150.jpg\" class=\"attachment-thumb-232 size-thumb-232\" alt=\"\" \/><\/a><\/div>\n\t\t\t\t\t\t<figcaption class='gallery-caption'>Zbor pred pohodom<\/figcaption>\n\t\t\t\t\t<\/figure>\n\t\t\t\t<\/div>\n\t\t\t\t<div class='gallery-row gallery-col-3 gallery-clear'>\n\t\t\t\t\t<figure class='gallery-item col-3'>\n\t\t\t\t\t\t<div class='gallery-icon '><a rel=\"gallery-1\" href='https:\/\/www.travel-slovenia.si\/slo\/utrinki-s-5-pohoda-po-tematski-poti-na-svoji-zemlji\/travel-slovenia-na-svoji-zemlji-4\/'><img loading=\"lazy\" decoding=\"async\" width=\"232\" height=\"150\" src=\"https:\/\/www.travel-slovenia.si\/slo\/wp-content\/uploads\/2017\/10\/travel-slovenia-Na-svoji-zemlji-4-232x150.jpg\" class=\"attachment-thumb-232 size-thumb-232\" alt=\"\" \/><\/a><\/div>\n\t\t\t\t\t\t<figcaption class='gallery-caption'>Pridobivanje informacij<\/figcaption>\n\t\t\t\t\t<\/figure>\n\t\t\t\t\t<figure class='gallery-item col-3'>\n\t\t\t\t\t\t<div class='gallery-icon '><a rel=\"gallery-1\" href='https:\/\/www.travel-slovenia.si\/slo\/utrinki-s-5-pohoda-po-tematski-poti-na-svoji-zemlji\/travel-slovenia-na-svoji-zemlji-5\/'><img loading=\"lazy\" decoding=\"async\" width=\"232\" height=\"150\" src=\"https:\/\/www.travel-slovenia.si\/slo\/wp-content\/uploads\/2017\/10\/travel-slovenia-Na-svoji-zemlji-5-232x150.jpg\" class=\"attachment-thumb-232 size-thumb-232\" alt=\"\" \/><\/a><\/div>\n\t\t\t\t\t\t<figcaption class='gallery-caption'>1 postaja<\/figcaption>\n\t\t\t\t\t<\/figure>\n\t\t\t\t\t<figure class='gallery-item col-3'>\n\t\t\t\t\t\t<div class='gallery-icon '><a rel=\"gallery-1\" href='https:\/\/www.travel-slovenia.si\/slo\/utrinki-s-5-pohoda-po-tematski-poti-na-svoji-zemlji\/travel-slovenia-na-svoji-zemlji-6\/'><img loading=\"lazy\" decoding=\"async\" width=\"232\" height=\"150\" src=\"https:\/\/www.travel-slovenia.si\/slo\/wp-content\/uploads\/2017\/10\/travel-slovenia-Na-svoji-zemlji-6-232x150.jpg\" class=\"attachment-thumb-232 size-thumb-232\" alt=\"\" \/><\/a><\/div>\n\t\t\t\t\t\t<figcaption class='gallery-caption'>2 postaja<\/figcaption>\n\t\t\t\t\t<\/figure>\n\t\t\t\t<\/div>\n\t\t\t\t<div class='gallery-row gallery-col-3 gallery-clear'>\n\t\t\t\t\t<figure class='gallery-item col-3'>\n\t\t\t\t\t\t<div class='gallery-icon '><a rel=\"gallery-1\" href='https:\/\/www.travel-slovenia.si\/slo\/utrinki-s-5-pohoda-po-tematski-poti-na-svoji-zemlji\/travel-slovenia-na-svoji-zemlji-7\/'><img loading=\"lazy\" decoding=\"async\" width=\"232\" height=\"150\" src=\"https:\/\/www.travel-slovenia.si\/slo\/wp-content\/uploads\/2017\/10\/travel-slovenia-Na-svoji-zemlji-7-232x150.jpg\" class=\"attachment-thumb-232 size-thumb-232\" alt=\"\" \/><\/a><\/div>\n\t\t\t\t\t\t<figcaption class='gallery-caption'>Kamniti most<\/figcaption>\n\t\t\t\t\t<\/figure>\n\t\t\t\t\t<figure class='gallery-item col-3'>\n\t\t\t\t\t\t<div class='gallery-icon '><a rel=\"gallery-1\" href='https:\/\/www.travel-slovenia.si\/slo\/utrinki-s-5-pohoda-po-tematski-poti-na-svoji-zemlji\/travel-slovenia-na-svoji-zemlji-8\/'><img loading=\"lazy\" decoding=\"async\" width=\"232\" height=\"150\" src=\"https:\/\/www.travel-slovenia.si\/slo\/wp-content\/uploads\/2017\/10\/travel-slovenia-Na-svoji-zemlji-8-232x150.jpg\" class=\"attachment-thumb-232 size-thumb-232\" alt=\"\" \/><\/a><\/div>\n\t\t\t\t\t\t<figcaption class='gallery-caption'>Scena z uni\u010denjem kamnitega mostu<\/figcaption>\n\t\t\t\t\t<\/figure>\n\t\t\t\t\t<figure class='gallery-item col-3'>\n\t\t\t\t\t\t<div class='gallery-icon '><a rel=\"gallery-1\" href='https:\/\/www.travel-slovenia.si\/slo\/utrinki-s-5-pohoda-po-tematski-poti-na-svoji-zemlji\/travel-slovenia-na-svoji-zemlji-9\/'><img loading=\"lazy\" decoding=\"async\" width=\"232\" height=\"150\" src=\"https:\/\/www.travel-slovenia.si\/slo\/wp-content\/uploads\/2017\/10\/travel-slovenia-Na-svoji-zemlji-9-232x150.jpg\" class=\"attachment-thumb-232 size-thumb-232\" alt=\"\" \/><\/a><\/div>\n\t\t\t\t\t\t<figcaption class='gallery-caption'>Ba\u0161ka grapa in vas Grahovo ob Ba\u010di<\/figcaption>\n\t\t\t\t\t<\/figure>\n\t\t\t\t<\/div>\n\t\t\t\t<div class='gallery-row gallery-col-3 gallery-clear'>\n\t\t\t\t\t<figure class='gallery-item col-3'>\n\t\t\t\t\t\t<div class='gallery-icon '><a rel=\"gallery-1\" href='https:\/\/www.travel-slovenia.si\/slo\/utrinki-s-5-pohoda-po-tematski-poti-na-svoji-zemlji\/travel-slovenia-na-svoji-zemlji-10\/'><img loading=\"lazy\" decoding=\"async\" width=\"232\" height=\"150\" src=\"https:\/\/www.travel-slovenia.si\/slo\/wp-content\/uploads\/2017\/10\/travel-slovenia-Na-svoji-zemlji-10-232x150.jpg\" class=\"attachment-thumb-232 size-thumb-232\" alt=\"\" \/><\/a><\/div>\n\t\t\t\t\t\t<figcaption class='gallery-caption'>Ba\u0161ka grapa in vas Koritnica<\/figcaption>\n\t\t\t\t\t<\/figure>\n\t\t\t\t\t<figure class='gallery-item col-3'>\n\t\t\t\t\t\t<div class='gallery-icon '><a rel=\"gallery-1\" href='https:\/\/www.travel-slovenia.si\/slo\/utrinki-s-5-pohoda-po-tematski-poti-na-svoji-zemlji\/travel-slovenia-na-svoji-zemlji-11\/'><img loading=\"lazy\" decoding=\"async\" width=\"232\" height=\"150\" src=\"https:\/\/www.travel-slovenia.si\/slo\/wp-content\/uploads\/2017\/10\/travel-slovenia-Na-svoji-zemlji-11-232x150.jpg\" class=\"attachment-thumb-232 size-thumb-232\" alt=\"\" \/><\/a><\/div>\n\t\t\t\t\t\t<figcaption class='gallery-caption'>Konji<\/figcaption>\n\t\t\t\t\t<\/figure>\n\t\t\t\t\t<figure class='gallery-item col-3'>\n\t\t\t\t\t\t<div class='gallery-icon '><a rel=\"gallery-1\" href='https:\/\/www.travel-slovenia.si\/slo\/utrinki-s-5-pohoda-po-tematski-poti-na-svoji-zemlji\/travel-slovenia-na-svoji-zemlji-12\/'><img loading=\"lazy\" decoding=\"async\" width=\"232\" height=\"150\" src=\"https:\/\/www.travel-slovenia.si\/slo\/wp-content\/uploads\/2017\/10\/travel-slovenia-Na-svoji-zemlji-12-232x150.jpg\" class=\"attachment-thumb-232 size-thumb-232\" alt=\"\" \/><\/a><\/div>\n\t\t\t\t\t\t<figcaption class='gallery-caption'>Po\u010ditek ob \u010daju in pecivu<\/figcaption>\n\t\t\t\t\t<\/figure>\n\t\t\t\t<\/div>\n\t\t\t\t<div class='gallery-row gallery-col-3 gallery-clear'>\n\t\t\t\t\t<figure class='gallery-item col-3'>\n\t\t\t\t\t\t<div class='gallery-icon '><a rel=\"gallery-1\" href='https:\/\/www.travel-slovenia.si\/slo\/utrinki-s-5-pohoda-po-tematski-poti-na-svoji-zemlji\/travel-slovenia-na-svoji-zemlji-13\/'><img loading=\"lazy\" decoding=\"async\" width=\"232\" height=\"150\" src=\"https:\/\/www.travel-slovenia.si\/slo\/wp-content\/uploads\/2017\/10\/travel-slovenia-Na-svoji-zemlji-13-232x150.jpg\" class=\"attachment-thumb-232 size-thumb-232\" alt=\"\" \/><\/a><\/div>\n\t\t\t\t\t\t<figcaption class='gallery-caption'>Pohod po gozdu<\/figcaption>\n\t\t\t\t\t<\/figure>\n\t\t\t\t\t<figure class='gallery-item col-3'>\n\t\t\t\t\t\t<div class='gallery-icon '><a rel=\"gallery-1\" href='https:\/\/www.travel-slovenia.si\/slo\/utrinki-s-5-pohoda-po-tematski-poti-na-svoji-zemlji\/travel-slovenia-na-svoji-zemlji-14\/'><img loading=\"lazy\" decoding=\"async\" width=\"232\" height=\"150\" src=\"https:\/\/www.travel-slovenia.si\/slo\/wp-content\/uploads\/2017\/10\/travel-slovenia-Na-svoji-zemlji-14-232x150.jpg\" class=\"attachment-thumb-232 size-thumb-232\" alt=\"\" \/><\/a><\/div>\n\t\t\t\t\t\t<figcaption class='gallery-caption'>Prihod iz gozda<\/figcaption>\n\t\t\t\t\t<\/figure>\n\t\t\t\t\t<figure class='gallery-item col-3'>\n\t\t\t\t\t\t<div class='gallery-icon '><a rel=\"gallery-1\" href='https:\/\/www.travel-slovenia.si\/slo\/utrinki-s-5-pohoda-po-tematski-poti-na-svoji-zemlji\/travel-slovenia-na-svoji-zemlji-15\/'><img loading=\"lazy\" decoding=\"async\" width=\"232\" height=\"150\" src=\"https:\/\/www.travel-slovenia.si\/slo\/wp-content\/uploads\/2017\/10\/travel-slovenia-Na-svoji-zemlji-15-232x150.jpg\" class=\"attachment-thumb-232 size-thumb-232\" alt=\"\" \/><\/a><\/div>\n\t\t\t\t\t\t<figcaption class='gallery-caption'>Usmerjevalna tabla<\/figcaption>\n\t\t\t\t\t<\/figure>\n\t\t\t\t<\/div>\n\t\t\t\t<div class='gallery-row gallery-col-3 gallery-clear'>\n\t\t\t\t\t<figure class='gallery-item col-3'>\n\t\t\t\t\t\t<div class='gallery-icon '><a rel=\"gallery-1\" href='https:\/\/www.travel-slovenia.si\/slo\/utrinki-s-5-pohoda-po-tematski-poti-na-svoji-zemlji\/travel-slovenia-na-svoji-zemlji-16\/'><img loading=\"lazy\" decoding=\"async\" width=\"232\" height=\"150\" src=\"https:\/\/www.travel-slovenia.si\/slo\/wp-content\/uploads\/2017\/10\/travel-slovenia-Na-svoji-zemlji-16-232x150.jpg\" class=\"attachment-thumb-232 size-thumb-232\" alt=\"\" \/><\/a><\/div>\n\t\t\t\t\t\t<figcaption class='gallery-caption'>Reka Ba\u010da<\/figcaption>\n\t\t\t\t\t<\/figure>\n\t\t\t\t\t<figure class='gallery-item col-3'>\n\t\t\t\t\t\t<div class='gallery-icon '><a rel=\"gallery-1\" href='https:\/\/www.travel-slovenia.si\/slo\/utrinki-s-5-pohoda-po-tematski-poti-na-svoji-zemlji\/travel-slovenia-na-svoji-zemlji-17\/'><img loading=\"lazy\" decoding=\"async\" width=\"232\" height=\"150\" src=\"https:\/\/www.travel-slovenia.si\/slo\/wp-content\/uploads\/2017\/10\/travel-slovenia-Na-svoji-zemlji-17-232x150.jpg\" class=\"attachment-thumb-232 size-thumb-232\" alt=\"\" \/><\/a><\/div>\n\t\t\t\t\t\t<figcaption class='gallery-caption'>Prihod na zadnji hrib<\/figcaption>\n\t\t\t\t\t<\/figure>\n\t\t\t\t\t<figure class='gallery-item col-3'>\n\t\t\t\t\t\t<div class='gallery-icon '><a rel=\"gallery-1\" href='https:\/\/www.travel-slovenia.si\/slo\/utrinki-s-5-pohoda-po-tematski-poti-na-svoji-zemlji\/travel-slovenia-na-svoji-zemlji-18\/'><img loading=\"lazy\" decoding=\"async\" width=\"232\" height=\"150\" src=\"https:\/\/www.travel-slovenia.si\/slo\/wp-content\/uploads\/2017\/10\/travel-slovenia-Na-svoji-zemlji-18-232x150.jpg\" class=\"attachment-thumb-232 size-thumb-232\" alt=\"\" \/><\/a><\/div>\n\t\t\t\t\t\t<figcaption class='gallery-caption'>Zbiranje<\/figcaption>\n\t\t\t\t\t<\/figure>\n\t\t\t\t<\/div>\n\t\t\t\t<div class='gallery-row gallery-col-3 gallery-clear'>\n\t\t\t\t\t<figure class='gallery-item col-3'>\n\t\t\t\t\t\t<div class='gallery-icon '><a rel=\"gallery-1\" href='https:\/\/www.travel-slovenia.si\/slo\/utrinki-s-5-pohoda-po-tematski-poti-na-svoji-zemlji\/travel-slovenia-na-svoji-zemlji-19\/'><img loading=\"lazy\" decoding=\"async\" width=\"232\" height=\"150\" src=\"https:\/\/www.travel-slovenia.si\/slo\/wp-content\/uploads\/2017\/10\/travel-slovenia-Na-svoji-zemlji-19-232x150.jpg\" class=\"attachment-thumb-232 size-thumb-232\" alt=\"\" \/><\/a><\/div>\n\t\t\t\t\t\t<figcaption class='gallery-caption'>Slovenska zastava odhaja<\/figcaption>\n\t\t\t\t\t<\/figure>\n\t\t\t\t\t<figure class='gallery-item col-3'>\n\t\t\t\t\t\t<div class='gallery-icon '><a rel=\"gallery-1\" href='https:\/\/www.travel-slovenia.si\/slo\/utrinki-s-5-pohoda-po-tematski-poti-na-svoji-zemlji\/travel-slovenia-na-svoji-zemlji-20\/'><img loading=\"lazy\" decoding=\"async\" width=\"232\" height=\"150\" src=\"https:\/\/www.travel-slovenia.si\/slo\/wp-content\/uploads\/2017\/10\/travel-slovenia-Na-svoji-zemlji-20-232x150.jpg\" class=\"attachment-thumb-232 size-thumb-232\" alt=\"\" \/><\/a><\/div>\n\t\t\t\t\t\t<figcaption class='gallery-caption'>Spust<\/figcaption>\n\t\t\t\t\t<\/figure>\n\t\t\t\t\t<figure class='gallery-item col-3'>\n\t\t\t\t\t\t<div class='gallery-icon '><a rel=\"gallery-1\" href='https:\/\/www.travel-slovenia.si\/slo\/utrinki-s-5-pohoda-po-tematski-poti-na-svoji-zemlji\/travel-slovenia-na-svoji-zemlji-21\/'><img loading=\"lazy\" decoding=\"async\" width=\"232\" height=\"150\" src=\"https:\/\/www.travel-slovenia.si\/slo\/wp-content\/uploads\/2017\/10\/travel-slovenia-Na-svoji-zemlji-21-232x150.jpg\" class=\"attachment-thumb-232 size-thumb-232\" alt=\"\" \/><\/a><\/div>\n\t\t\t\t\t\t<figcaption class='gallery-caption'>Prostor kjer so posneli, kjer starka sezuje \u010devlje<\/figcaption>\n\t\t\t\t\t<\/figure>\n\t\t\t\t<\/div>\n\t\t\t\t<div class='gallery-row gallery-col-3 gallery-clear'>\n\t\t\t\t\t<figure class='gallery-item col-3'>\n\t\t\t\t\t\t<div class='gallery-icon '><a rel=\"gallery-1\" href='https:\/\/www.travel-slovenia.si\/slo\/utrinki-s-5-pohoda-po-tematski-poti-na-svoji-zemlji\/travel-slovenia-na-svoji-zemlji-22\/'><img loading=\"lazy\" decoding=\"async\" width=\"232\" height=\"150\" src=\"https:\/\/www.travel-slovenia.si\/slo\/wp-content\/uploads\/2017\/10\/travel-slovenia-Na-svoji-zemlji-22-232x150.jpg\" class=\"attachment-thumb-232 size-thumb-232\" alt=\"\" \/><\/a><\/div>\n\t\t\t\t\t\t<figcaption class='gallery-caption'>Sezula se bom, ker grem poslednji\u010d po na\u0161i zemlji. (znana kvota iz filma)<\/figcaption>\n\t\t\t\t\t<\/figure>\n\t\t\t\t\t<figure class='gallery-item col-3'>\n\t\t\t\t\t\t<div class='gallery-icon '><a rel=\"gallery-1\" href='https:\/\/www.travel-slovenia.si\/slo\/utrinki-s-5-pohoda-po-tematski-poti-na-svoji-zemlji\/travel-slovenia-na-svoji-zemlji-23\/'><img loading=\"lazy\" decoding=\"async\" width=\"232\" height=\"150\" src=\"https:\/\/www.travel-slovenia.si\/slo\/wp-content\/uploads\/2017\/10\/travel-slovenia-Na-svoji-zemlji-23-232x150.jpg\" class=\"attachment-thumb-232 size-thumb-232\" alt=\"\" \/><\/a><\/div>\n\t\t\t\t\t\t<figcaption class='gallery-caption'>Zadnje besede pred enolon\u010dnico<\/figcaption>\n\t\t\t\t\t<\/figure>\n\t\t\t<\/div>\n\t\t\t<\/div><!-- .gallery -->\n\n<p>Kratek video s slovensko pesmijo:<\/p>\n<p><iframe loading=\"lazy\" title=\"5. hike on themed path On our own land - 5. pohod po tematski poti Na svoji zemlji\" width=\"640\" height=\"360\" src=\"https:\/\/www.youtube.com\/embed\/JP0G7GuToi0?feature=oembed\" frameborder=\"0\" allow=\"accelerometer; autoplay; clipboard-write; encrypted-media; gyroscope; picture-in-picture; web-share\" referrerpolicy=\"strict-origin-when-cross-origin\" allowfullscreen><\/iframe><\/p>\n","protected":false},"excerpt":{"rendered":"<p>V soboto, 30.9.2017, smo se udele\u017eili 5. pohoda po tematski poti Na svoji zemlji. Gre za pot, ki nas popelje po krajih kjer so se posneli najpomembnej\u0161i prizori filma, pot dedi\u0161\u010dino filma trajno vpi\u0161e v prostor Ba\u0161ke grape. Po poti nas spremljajo tudi informacijske table. Zbrali smo se v vasi Grahovo ob Ba\u010di, v Domu [&hellip;]<\/p>\n","protected":false},"author":111,"featured_media":0,"parent":0,"menu_order":0,"comment_status":"closed","ping_status":"closed","template":"","meta":{"footnotes":""},"class_list":["post-7008","page","type-page","status-publish","hentry"],"yoast_head":"<!-- This site is optimized with the Yoast SEO plugin v25.4 - https:\/\/yoast.com\/wordpress\/plugins\/seo\/ -->\n<title>Utrinki s 5. pohoda po tematski poti Na svoji zemlji : Travel-Slovenia<\/title>\n<meta name=\"description\" content=\"V soboto, 30.9, smo se udele\u017eili 5. pohoda po tematski poti Na svoji zemlji. Pot, ki nas popelje po krajih kjer so se posneli najpomembnej\u0161i prizori filma\" \/>\n<meta name=\"robots\" content=\"index, follow, max-snippet:-1, max-image-preview:large, max-video-preview:-1\" \/>\n<link rel=\"canonical\" href=\"https:\/\/www.travel-slovenia.si\/slo\/utrinki-s-5-pohoda-po-tematski-poti-na-svoji-zemlji\/\" \/>\n<meta property=\"og:locale\" content=\"sl_SI\" \/>\n<meta property=\"og:type\" content=\"article\" \/>\n<meta property=\"og:title\" content=\"Utrinki s 5. pohoda po tematski poti Na svoji zemlji : Travel-Slovenia\" \/>\n<meta property=\"og:description\" content=\"V soboto, 30.9, smo se udele\u017eili 5. pohoda po tematski poti Na svoji zemlji. Pot, ki nas popelje po krajih kjer so se posneli najpomembnej\u0161i prizori filma\" \/>\n<meta property=\"og:url\" content=\"https:\/\/www.travel-slovenia.si\/slo\/utrinki-s-5-pohoda-po-tematski-poti-na-svoji-zemlji\/\" \/>\n<meta property=\"og:site_name\" content=\"Travel Slovenia - Sledite lepotam na\u0161e male dr\u017eavice\" \/>\n<meta property=\"article:modified_time\" content=\"2017-10-03T20:57:28+00:00\" \/>\n<meta property=\"og:image\" content=\"https:\/\/www.travel-slovenia.si\/slo\/wp-content\/uploads\/2017\/10\/travel-slovenia-Na-svoji-zemlji-1.jpg\" \/>\n\t<meta property=\"og:image:width\" content=\"600\" \/>\n\t<meta property=\"og:image:height\" content=\"450\" \/>\n\t<meta property=\"og:image:type\" content=\"image\/jpeg\" \/>\n<meta name=\"twitter:card\" content=\"summary_large_image\" \/>\n<meta name=\"twitter:title\" content=\"Utrinki s 5. pohoda po tematski poti Na svoji zemlji : Travel-Slovenia\" \/>\n<meta name=\"twitter:description\" content=\"V soboto, 30.9, smo se udele\u017eili 5. pohoda po tematski poti Na svoji zemlji. Pot, ki nas popelje po krajih kjer so se posneli najpomembnej\u0161i prizori filma\" \/>\n<meta name=\"twitter:image\" content=\"https:\/\/www.travel-slovenia.si\/slo\/wp-content\/uploads\/2017\/10\/travel-slovenia-Na-svoji-zemlji-1.jpg\" \/>\n<meta name=\"twitter:label1\" content=\"Est. reading time\" \/>\n\t<meta name=\"twitter:data1\" content=\"1 minuta\" \/>\n<script type=\"application\/ld+json\" class=\"yoast-schema-graph\">{\"@context\":\"https:\/\/schema.org\",\"@graph\":[{\"@type\":\"WebPage\",\"@id\":\"https:\/\/www.travel-slovenia.si\/slo\/utrinki-s-5-pohoda-po-tematski-poti-na-svoji-zemlji\/\",\"url\":\"https:\/\/www.travel-slovenia.si\/slo\/utrinki-s-5-pohoda-po-tematski-poti-na-svoji-zemlji\/\",\"name\":\"Utrinki s 5. pohoda po tematski poti Na svoji zemlji : Travel-Slovenia\",\"isPartOf\":{\"@id\":\"https:\/\/www.travel-slovenia.si\/slo\/#website\"},\"primaryImageOfPage\":{\"@id\":\"https:\/\/www.travel-slovenia.si\/slo\/utrinki-s-5-pohoda-po-tematski-poti-na-svoji-zemlji\/#primaryimage\"},\"image\":{\"@id\":\"https:\/\/www.travel-slovenia.si\/slo\/utrinki-s-5-pohoda-po-tematski-poti-na-svoji-zemlji\/#primaryimage\"},\"thumbnailUrl\":\"https:\/\/www.travel-slovenia.si\/slo\/wp-content\/uploads\/2017\/10\/travel-slovenia-Na-svoji-zemlji-1.jpg\",\"datePublished\":\"2017-10-03T20:56:39+00:00\",\"dateModified\":\"2017-10-03T20:57:28+00:00\",\"description\":\"V soboto, 30.9, smo se udele\u017eili 5. pohoda po tematski poti Na svoji zemlji. Pot, ki nas popelje po krajih kjer so se posneli najpomembnej\u0161i prizori filma\",\"breadcrumb\":{\"@id\":\"https:\/\/www.travel-slovenia.si\/slo\/utrinki-s-5-pohoda-po-tematski-poti-na-svoji-zemlji\/#breadcrumb\"},\"inLanguage\":\"sl-SI\",\"potentialAction\":[{\"@type\":\"ReadAction\",\"target\":[\"https:\/\/www.travel-slovenia.si\/slo\/utrinki-s-5-pohoda-po-tematski-poti-na-svoji-zemlji\/\"]}]},{\"@type\":\"ImageObject\",\"inLanguage\":\"sl-SI\",\"@id\":\"https:\/\/www.travel-slovenia.si\/slo\/utrinki-s-5-pohoda-po-tematski-poti-na-svoji-zemlji\/#primaryimage\",\"url\":\"https:\/\/www.travel-slovenia.si\/slo\/wp-content\/uploads\/2017\/10\/travel-slovenia-Na-svoji-zemlji-1.jpg\",\"contentUrl\":\"https:\/\/www.travel-slovenia.si\/slo\/wp-content\/uploads\/2017\/10\/travel-slovenia-Na-svoji-zemlji-1.jpg\",\"width\":600,\"height\":450,\"caption\":\"Naj znana scena s starko\"},{\"@type\":\"BreadcrumbList\",\"@id\":\"https:\/\/www.travel-slovenia.si\/slo\/utrinki-s-5-pohoda-po-tematski-poti-na-svoji-zemlji\/#breadcrumb\",\"itemListElement\":[{\"@type\":\"ListItem\",\"position\":1,\"name\":\"Home\",\"item\":\"https:\/\/www.travel-slovenia.si\/slo\/\"},{\"@type\":\"ListItem\",\"position\":2,\"name\":\"Utrinki s 5. pohoda po tematski poti Na svoji zemlji\"}]},{\"@type\":\"WebSite\",\"@id\":\"https:\/\/www.travel-slovenia.si\/slo\/#website\",\"url\":\"https:\/\/www.travel-slovenia.si\/slo\/\",\"name\":\"Travel Slovenia - Sledite lepotam na\u0161e male dr\u017eavice\",\"description\":\"\",\"potentialAction\":[{\"@type\":\"SearchAction\",\"target\":{\"@type\":\"EntryPoint\",\"urlTemplate\":\"https:\/\/www.travel-slovenia.si\/slo\/?s={search_term_string}\"},\"query-input\":{\"@type\":\"PropertyValueSpecification\",\"valueRequired\":true,\"valueName\":\"search_term_string\"}}],\"inLanguage\":\"sl-SI\"}]}<\/script>\n<!-- \/ Yoast SEO plugin. -->","yoast_head_json":{"title":"Utrinki s 5. pohoda po tematski poti Na svoji zemlji : Travel-Slovenia","description":"V soboto, 30.9, smo se udele\u017eili 5. pohoda po tematski poti Na svoji zemlji. Pot, ki nas popelje po krajih kjer so se posneli najpomembnej\u0161i prizori filma","robots":{"index":"index","follow":"follow","max-snippet":"max-snippet:-1","max-image-preview":"max-image-preview:large","max-video-preview":"max-video-preview:-1"},"canonical":"https:\/\/www.travel-slovenia.si\/slo\/utrinki-s-5-pohoda-po-tematski-poti-na-svoji-zemlji\/","og_locale":"sl_SI","og_type":"article","og_title":"Utrinki s 5. pohoda po tematski poti Na svoji zemlji : Travel-Slovenia","og_description":"V soboto, 30.9, smo se udele\u017eili 5. pohoda po tematski poti Na svoji zemlji. Pot, ki nas popelje po krajih kjer so se posneli najpomembnej\u0161i prizori filma","og_url":"https:\/\/www.travel-slovenia.si\/slo\/utrinki-s-5-pohoda-po-tematski-poti-na-svoji-zemlji\/","og_site_name":"Travel Slovenia - Sledite lepotam na\u0161e male dr\u017eavice","article_modified_time":"2017-10-03T20:57:28+00:00","og_image":[{"width":600,"height":450,"url":"https:\/\/www.travel-slovenia.si\/slo\/wp-content\/uploads\/2017\/10\/travel-slovenia-Na-svoji-zemlji-1.jpg","type":"image\/jpeg"}],"twitter_card":"summary_large_image","twitter_title":"Utrinki s 5. pohoda po tematski poti Na svoji zemlji : Travel-Slovenia","twitter_description":"V soboto, 30.9, smo se udele\u017eili 5. pohoda po tematski poti Na svoji zemlji. Pot, ki nas popelje po krajih kjer so se posneli najpomembnej\u0161i prizori filma","twitter_image":"https:\/\/www.travel-slovenia.si\/slo\/wp-content\/uploads\/2017\/10\/travel-slovenia-Na-svoji-zemlji-1.jpg","twitter_misc":{"Est. reading time":"1 minuta"},"schema":{"@context":"https:\/\/schema.org","@graph":[{"@type":"WebPage","@id":"https:\/\/www.travel-slovenia.si\/slo\/utrinki-s-5-pohoda-po-tematski-poti-na-svoji-zemlji\/","url":"https:\/\/www.travel-slovenia.si\/slo\/utrinki-s-5-pohoda-po-tematski-poti-na-svoji-zemlji\/","name":"Utrinki s 5. pohoda po tematski poti Na svoji zemlji : Travel-Slovenia","isPartOf":{"@id":"https:\/\/www.travel-slovenia.si\/slo\/#website"},"primaryImageOfPage":{"@id":"https:\/\/www.travel-slovenia.si\/slo\/utrinki-s-5-pohoda-po-tematski-poti-na-svoji-zemlji\/#primaryimage"},"image":{"@id":"https:\/\/www.travel-slovenia.si\/slo\/utrinki-s-5-pohoda-po-tematski-poti-na-svoji-zemlji\/#primaryimage"},"thumbnailUrl":"https:\/\/www.travel-slovenia.si\/slo\/wp-content\/uploads\/2017\/10\/travel-slovenia-Na-svoji-zemlji-1.jpg","datePublished":"2017-10-03T20:56:39+00:00","dateModified":"2017-10-03T20:57:28+00:00","description":"V soboto, 30.9, smo se udele\u017eili 5. pohoda po tematski poti Na svoji zemlji. Pot, ki nas popelje po krajih kjer so se posneli najpomembnej\u0161i prizori filma","breadcrumb":{"@id":"https:\/\/www.travel-slovenia.si\/slo\/utrinki-s-5-pohoda-po-tematski-poti-na-svoji-zemlji\/#breadcrumb"},"inLanguage":"sl-SI","potentialAction":[{"@type":"ReadAction","target":["https:\/\/www.travel-slovenia.si\/slo\/utrinki-s-5-pohoda-po-tematski-poti-na-svoji-zemlji\/"]}]},{"@type":"ImageObject","inLanguage":"sl-SI","@id":"https:\/\/www.travel-slovenia.si\/slo\/utrinki-s-5-pohoda-po-tematski-poti-na-svoji-zemlji\/#primaryimage","url":"https:\/\/www.travel-slovenia.si\/slo\/wp-content\/uploads\/2017\/10\/travel-slovenia-Na-svoji-zemlji-1.jpg","contentUrl":"https:\/\/www.travel-slovenia.si\/slo\/wp-content\/uploads\/2017\/10\/travel-slovenia-Na-svoji-zemlji-1.jpg","width":600,"height":450,"caption":"Naj znana scena s starko"},{"@type":"BreadcrumbList","@id":"https:\/\/www.travel-slovenia.si\/slo\/utrinki-s-5-pohoda-po-tematski-poti-na-svoji-zemlji\/#breadcrumb","itemListElement":[{"@type":"ListItem","position":1,"name":"Home","item":"https:\/\/www.travel-slovenia.si\/slo\/"},{"@type":"ListItem","position":2,"name":"Utrinki s 5. pohoda po tematski poti Na svoji zemlji"}]},{"@type":"WebSite","@id":"https:\/\/www.travel-slovenia.si\/slo\/#website","url":"https:\/\/www.travel-slovenia.si\/slo\/","name":"Travel Slovenia - Sledite lepotam na\u0161e male dr\u017eavice","description":"","potentialAction":[{"@type":"SearchAction","target":{"@type":"EntryPoint","urlTemplate":"https:\/\/www.travel-slovenia.si\/slo\/?s={search_term_string}"},"query-input":{"@type":"PropertyValueSpecification","valueRequired":true,"valueName":"search_term_string"}}],"inLanguage":"sl-SI"}]}},"post_mailing_queue_ids":[],"_links":{"self":[{"href":"https:\/\/www.travel-slovenia.si\/slo\/wp-json\/wp\/v2\/pages\/7008","targetHints":{"allow":["GET"]}}],"collection":[{"href":"https:\/\/www.travel-slovenia.si\/slo\/wp-json\/wp\/v2\/pages"}],"about":[{"href":"https:\/\/www.travel-slovenia.si\/slo\/wp-json\/wp\/v2\/types\/page"}],"author":[{"embeddable":true,"href":"https:\/\/www.travel-slovenia.si\/slo\/wp-json\/wp\/v2\/users\/111"}],"replies":[{"embeddable":true,"href":"https:\/\/www.travel-slovenia.si\/slo\/wp-json\/wp\/v2\/comments?post=7008"}],"version-history":[{"count":2,"href":"https:\/\/www.travel-slovenia.si\/slo\/wp-json\/wp\/v2\/pages\/7008\/revisions"}],"predecessor-version":[{"id":7033,"href":"https:\/\/www.travel-slovenia.si\/slo\/wp-json\/wp\/v2\/pages\/7008\/revisions\/7033"}],"wp:attachment":[{"href":"https:\/\/www.travel-slovenia.si\/slo\/wp-json\/wp\/v2\/media?parent=7008"}],"curies":[{"name":"wp","href":"https:\/\/api.w.org\/{rel}","templated":true}]}}