{"id":6705,"date":"2017-06-01T23:38:53","date_gmt":"2017-06-01T21:38:53","guid":{"rendered":"https:\/\/www.travel-slovenia.si\/slo\/?page_id=6705"},"modified":"2017-06-01T23:38:53","modified_gmt":"2017-06-01T21:38:53","slug":"juzna-zeleznica-odsek-gradec-celje","status":"publish","type":"page","link":"https:\/\/www.travel-slovenia.si\/slo\/juzna-zeleznica-odsek-gradec-celje\/","title":{"rendered":"Ju\u017ena \u017eeleznica &#8211; odsek Gradec &#8211; Celje"},"content":{"rendered":"<figure id=\"attachment_6707\" class=\"wp-caption alignleft\" style=\"max-width: 300px\"><img loading=\"lazy\" decoding=\"async\" class=\"size-medium wp-image-6707\" src=\"https:\/\/www.travel-slovenia.si\/slo\/wp-content\/uploads\/2017\/06\/travel-slovenia-zeleznica-graz-celje1-300x200.jpg\" alt=\"\" width=\"300\" height=\"200\" srcset=\"https:\/\/www.travel-slovenia.si\/slo\/wp-content\/uploads\/2017\/06\/travel-slovenia-zeleznica-graz-celje1-300x200.jpg 300w, https:\/\/www.travel-slovenia.si\/slo\/wp-content\/uploads\/2017\/06\/travel-slovenia-zeleznica-graz-celje1-24x16.jpg 24w, https:\/\/www.travel-slovenia.si\/slo\/wp-content\/uploads\/2017\/06\/travel-slovenia-zeleznica-graz-celje1-36x24.jpg 36w, https:\/\/www.travel-slovenia.si\/slo\/wp-content\/uploads\/2017\/06\/travel-slovenia-zeleznica-graz-celje1-48x32.jpg 48w, https:\/\/www.travel-slovenia.si\/slo\/wp-content\/uploads\/2017\/06\/travel-slovenia-zeleznica-graz-celje1.jpg 400w\" sizes=\"auto, (max-width: 300px) 100vw, 300px\" \/><figcaption class=\"wp-caption-text\">Kolodvor v Celju leta 1846<\/figcaption><\/figure>\n<p style=\"text-align: justify;\">2. junija 1846 se za\u010denja zgodovina \u017eeleznice v Sloveniji, ko so uradno odprli \u017eelezni\u0161ko progo iz Gradca do Celja. Takrat je vlak prvi\u010d zapeljal po slovenskih tleh. Odsek Gradec &#8211; Celje je bil del ju\u017ene \u017eeleznice, povezava med Dunajem in Trstom (Dunaj &#8211; Maribor &#8211; Celje &#8211; Ljubljana &#8211; Se\u017eana &#8211; Trst).<\/p>\n<p style=\"text-align: justify;\">Na\u010drtovanje ju\u017ene \u017eeleznice od Dunaja proti Trstu se je za\u010delo leta 1837 v Avstriji, leta 1839 je koncesijo za izgradnjo proge dobil ban\u010dnik Georg Sina, a je dr\u017eava 23. decembra 1841 izdala dvorni dekret, da bodo \u017eeleznico gradili sami. Dekret je predvidel progo Dunaj &#8211; Trst.<\/p>\n<p style=\"text-align: justify;\">Progo iz Gradca so na\u010drtovali po dveh trasah, prva naj bi potekala od Gradca preko Ptuja, do Polj\u010dan in dalje v Celje, druga pa preko Maribora do Celja. Odlo\u010dili so se za drugo mo\u017enost, saj je predstavljala kraj\u0161o razdaljo, obenem pa je bil teren za izgradnjo bolj primeren. Gradbena dela na odseku Gradec &#8211; Celje je vodil in\u0161pektor T. Blumfeld pod nadzorom in\u017eenirja Carla Ghege. Tako je 2. junija 1846 na slovenskem ozemlju vlak prvi\u010d zapeljal iz Gradca v Celje.<\/p>\n<figure id=\"attachment_6706\" class=\"wp-caption aligncenter\" style=\"max-width: 600px\"><img loading=\"lazy\" decoding=\"async\" class=\"size-full wp-image-6706\" src=\"https:\/\/www.travel-slovenia.si\/slo\/wp-content\/uploads\/2017\/06\/travel-slovenia-zeleznica-graz-celje.jpg\" alt=\"\" width=\"600\" height=\"241\" srcset=\"https:\/\/www.travel-slovenia.si\/slo\/wp-content\/uploads\/2017\/06\/travel-slovenia-zeleznica-graz-celje.jpg 600w, https:\/\/www.travel-slovenia.si\/slo\/wp-content\/uploads\/2017\/06\/travel-slovenia-zeleznica-graz-celje-300x121.jpg 300w, https:\/\/www.travel-slovenia.si\/slo\/wp-content\/uploads\/2017\/06\/travel-slovenia-zeleznica-graz-celje-24x10.jpg 24w, https:\/\/www.travel-slovenia.si\/slo\/wp-content\/uploads\/2017\/06\/travel-slovenia-zeleznica-graz-celje-36x14.jpg 36w, https:\/\/www.travel-slovenia.si\/slo\/wp-content\/uploads\/2017\/06\/travel-slovenia-zeleznica-graz-celje-48x19.jpg 48w\" sizes=\"auto, (max-width: 600px) 100vw, 600px\" \/><figcaption class=\"wp-caption-text\">\u017delezni\u0161ki most<\/figcaption><\/figure>\n<p>&nbsp;<\/p>\n<table>\n<tbody>\n<tr>\n<td style=\"text-align: center;\"><a href=\"https:\/\/www.travel-slovenia.si\/slo\/na-danasnji-dan\/\"><img loading=\"lazy\" decoding=\"async\" class=\"alignleft wp-image-4499 size-full\" src=\"https:\/\/www.travel-slovenia.si\/slo\/wp-content\/uploads\/2014\/09\/travel-slovenia-povezava-na-drugo.jpg\" alt=\"travel-slovenia-povezava-na-drugo\" width=\"128\" height=\"22\" srcset=\"https:\/\/www.travel-slovenia.si\/slo\/wp-content\/uploads\/2014\/09\/travel-slovenia-povezava-na-drugo.jpg 128w, https:\/\/www.travel-slovenia.si\/slo\/wp-content\/uploads\/2014\/09\/travel-slovenia-povezava-na-drugo-24x4.jpg 24w, https:\/\/www.travel-slovenia.si\/slo\/wp-content\/uploads\/2014\/09\/travel-slovenia-povezava-na-drugo-36x6.jpg 36w, https:\/\/www.travel-slovenia.si\/slo\/wp-content\/uploads\/2014\/09\/travel-slovenia-povezava-na-drugo-48x8.jpg 48w\" sizes=\"auto, (max-width: 128px) 100vw, 128px\" \/><\/a><a href=\"https:\/\/www.travel-slovenia.si\/slo\/na-danasnji-dan\/\">Poglejte \u0161e druge pomembne dogodke!<\/a><a href=\"https:\/\/www.travel-slovenia.si\/slo\/na-danasnji-dan\/\"><img loading=\"lazy\" decoding=\"async\" class=\"alignright wp-image-4500 size-full\" src=\"https:\/\/www.travel-slovenia.si\/slo\/wp-content\/uploads\/2014\/09\/travel-slovenia-povezava-na-drugo2.jpg\" alt=\"travel-slovenia-povezava-na-drugo2\" width=\"128\" height=\"22\" srcset=\"https:\/\/www.travel-slovenia.si\/slo\/wp-content\/uploads\/2014\/09\/travel-slovenia-povezava-na-drugo2.jpg 128w, https:\/\/www.travel-slovenia.si\/slo\/wp-content\/uploads\/2014\/09\/travel-slovenia-povezava-na-drugo2-24x4.jpg 24w, https:\/\/www.travel-slovenia.si\/slo\/wp-content\/uploads\/2014\/09\/travel-slovenia-povezava-na-drugo2-36x6.jpg 36w, https:\/\/www.travel-slovenia.si\/slo\/wp-content\/uploads\/2014\/09\/travel-slovenia-povezava-na-drugo2-48x8.jpg 48w\" sizes=\"auto, (max-width: 128px) 100vw, 128px\" \/><\/a><\/td>\n<\/tr>\n<\/tbody>\n<\/table>\n","protected":false},"excerpt":{"rendered":"<p>2. junija 1846 se za\u010denja zgodovina \u017eeleznice v Sloveniji, ko so uradno odprli \u017eelezni\u0161ko progo iz Gradca do Celja. Takrat je vlak prvi\u010d zapeljal po slovenskih tleh. Odsek Gradec &#8211; Celje je bil del ju\u017ene \u017eeleznice, povezava med Dunajem in Trstom (Dunaj &#8211; Maribor &#8211; Celje &#8211; Ljubljana &#8211; Se\u017eana &#8211; Trst). Na\u010drtovanje ju\u017ene \u017eeleznice [&hellip;]<\/p>\n","protected":false},"author":111,"featured_media":0,"parent":0,"menu_order":0,"comment_status":"closed","ping_status":"closed","template":"","meta":{"footnotes":""},"class_list":["post-6705","page","type-page","status-publish","hentry"],"yoast_head":"<!-- This site is optimized with the Yoast SEO plugin v25.4 - https:\/\/yoast.com\/wordpress\/plugins\/seo\/ -->\n<title>Ju\u017ena \u017eeleznica - odsek Gradec - Celje : Travel-Slovenia<\/title>\n<meta name=\"description\" content=\"2. junija 1846 se za\u010denja zgodovina \u017eeleznice v Sloveniji, ko so uradno odprli \u017eelezni\u0161ko progo iz Gradca do Celja, kot del ju\u017ene \u017eeleznice.\" \/>\n<meta name=\"robots\" content=\"index, follow, max-snippet:-1, max-image-preview:large, max-video-preview:-1\" \/>\n<link rel=\"canonical\" href=\"https:\/\/www.travel-slovenia.si\/slo\/juzna-zeleznica-odsek-gradec-celje\/\" \/>\n<meta property=\"og:locale\" content=\"sl_SI\" \/>\n<meta property=\"og:type\" content=\"article\" \/>\n<meta property=\"og:title\" content=\"Ju\u017ena \u017eeleznica - odsek Gradec - Celje : Travel-Slovenia\" \/>\n<meta property=\"og:description\" content=\"2. junija 1846 se za\u010denja zgodovina \u017eeleznice v Sloveniji, ko so uradno odprli \u017eelezni\u0161ko progo iz Gradca do Celja, kot del ju\u017ene \u017eeleznice.\" \/>\n<meta property=\"og:url\" content=\"https:\/\/www.travel-slovenia.si\/slo\/juzna-zeleznica-odsek-gradec-celje\/\" \/>\n<meta property=\"og:site_name\" content=\"Travel Slovenia - Sledite lepotam na\u0161e male dr\u017eavice\" \/>\n<meta property=\"og:image\" content=\"https:\/\/www.travel-slovenia.si\/slo\/wp-content\/uploads\/2017\/06\/travel-slovenia-zeleznica-graz-celje1.jpg\" \/>\n\t<meta property=\"og:image:width\" content=\"400\" \/>\n\t<meta property=\"og:image:height\" content=\"266\" \/>\n\t<meta property=\"og:image:type\" content=\"image\/jpeg\" \/>\n<meta name=\"twitter:card\" content=\"summary_large_image\" \/>\n<meta name=\"twitter:title\" content=\"Ju\u017ena \u017eeleznica - odsek Gradec - Celje : Travel-Slovenia\" \/>\n<meta name=\"twitter:description\" content=\"2. junija 1846 se za\u010denja zgodovina \u017eeleznice v Sloveniji, ko so uradno odprli \u017eelezni\u0161ko progo iz Gradca do Celja, kot del ju\u017ene \u017eeleznice.\" \/>\n<meta name=\"twitter:image\" content=\"https:\/\/www.travel-slovenia.si\/slo\/wp-content\/uploads\/2017\/06\/travel-slovenia-zeleznica-graz-celje1.jpg\" \/>\n<meta name=\"twitter:label1\" content=\"Est. reading time\" \/>\n\t<meta name=\"twitter:data1\" content=\"1 minuta\" \/>\n<script type=\"application\/ld+json\" class=\"yoast-schema-graph\">{\"@context\":\"https:\/\/schema.org\",\"@graph\":[{\"@type\":\"WebPage\",\"@id\":\"https:\/\/www.travel-slovenia.si\/slo\/juzna-zeleznica-odsek-gradec-celje\/\",\"url\":\"https:\/\/www.travel-slovenia.si\/slo\/juzna-zeleznica-odsek-gradec-celje\/\",\"name\":\"Ju\u017ena \u017eeleznica - odsek Gradec - Celje : Travel-Slovenia\",\"isPartOf\":{\"@id\":\"https:\/\/www.travel-slovenia.si\/slo\/#website\"},\"primaryImageOfPage\":{\"@id\":\"https:\/\/www.travel-slovenia.si\/slo\/juzna-zeleznica-odsek-gradec-celje\/#primaryimage\"},\"image\":{\"@id\":\"https:\/\/www.travel-slovenia.si\/slo\/juzna-zeleznica-odsek-gradec-celje\/#primaryimage\"},\"thumbnailUrl\":\"https:\/\/www.travel-slovenia.si\/slo\/wp-content\/uploads\/2017\/06\/travel-slovenia-zeleznica-graz-celje1-300x200.jpg\",\"datePublished\":\"2017-06-01T21:38:53+00:00\",\"description\":\"2. junija 1846 se za\u010denja zgodovina \u017eeleznice v Sloveniji, ko so uradno odprli \u017eelezni\u0161ko progo iz Gradca do Celja, kot del ju\u017ene \u017eeleznice.\",\"breadcrumb\":{\"@id\":\"https:\/\/www.travel-slovenia.si\/slo\/juzna-zeleznica-odsek-gradec-celje\/#breadcrumb\"},\"inLanguage\":\"sl-SI\",\"potentialAction\":[{\"@type\":\"ReadAction\",\"target\":[\"https:\/\/www.travel-slovenia.si\/slo\/juzna-zeleznica-odsek-gradec-celje\/\"]}]},{\"@type\":\"ImageObject\",\"inLanguage\":\"sl-SI\",\"@id\":\"https:\/\/www.travel-slovenia.si\/slo\/juzna-zeleznica-odsek-gradec-celje\/#primaryimage\",\"url\":\"https:\/\/www.travel-slovenia.si\/slo\/wp-content\/uploads\/2017\/06\/travel-slovenia-zeleznica-graz-celje1.jpg\",\"contentUrl\":\"https:\/\/www.travel-slovenia.si\/slo\/wp-content\/uploads\/2017\/06\/travel-slovenia-zeleznica-graz-celje1.jpg\",\"width\":400,\"height\":266,\"caption\":\"Kolodvor v Celju leta 1846\"},{\"@type\":\"BreadcrumbList\",\"@id\":\"https:\/\/www.travel-slovenia.si\/slo\/juzna-zeleznica-odsek-gradec-celje\/#breadcrumb\",\"itemListElement\":[{\"@type\":\"ListItem\",\"position\":1,\"name\":\"Home\",\"item\":\"https:\/\/www.travel-slovenia.si\/slo\/\"},{\"@type\":\"ListItem\",\"position\":2,\"name\":\"Ju\u017ena \u017eeleznica &#8211; odsek Gradec &#8211; Celje\"}]},{\"@type\":\"WebSite\",\"@id\":\"https:\/\/www.travel-slovenia.si\/slo\/#website\",\"url\":\"https:\/\/www.travel-slovenia.si\/slo\/\",\"name\":\"Travel Slovenia - Sledite lepotam na\u0161e male dr\u017eavice\",\"description\":\"\",\"potentialAction\":[{\"@type\":\"SearchAction\",\"target\":{\"@type\":\"EntryPoint\",\"urlTemplate\":\"https:\/\/www.travel-slovenia.si\/slo\/?s={search_term_string}\"},\"query-input\":{\"@type\":\"PropertyValueSpecification\",\"valueRequired\":true,\"valueName\":\"search_term_string\"}}],\"inLanguage\":\"sl-SI\"}]}<\/script>\n<!-- \/ Yoast SEO plugin. -->","yoast_head_json":{"title":"Ju\u017ena \u017eeleznica - odsek Gradec - Celje : Travel-Slovenia","description":"2. junija 1846 se za\u010denja zgodovina \u017eeleznice v Sloveniji, ko so uradno odprli \u017eelezni\u0161ko progo iz Gradca do Celja, kot del ju\u017ene \u017eeleznice.","robots":{"index":"index","follow":"follow","max-snippet":"max-snippet:-1","max-image-preview":"max-image-preview:large","max-video-preview":"max-video-preview:-1"},"canonical":"https:\/\/www.travel-slovenia.si\/slo\/juzna-zeleznica-odsek-gradec-celje\/","og_locale":"sl_SI","og_type":"article","og_title":"Ju\u017ena \u017eeleznica - odsek Gradec - Celje : Travel-Slovenia","og_description":"2. junija 1846 se za\u010denja zgodovina \u017eeleznice v Sloveniji, ko so uradno odprli \u017eelezni\u0161ko progo iz Gradca do Celja, kot del ju\u017ene \u017eeleznice.","og_url":"https:\/\/www.travel-slovenia.si\/slo\/juzna-zeleznica-odsek-gradec-celje\/","og_site_name":"Travel Slovenia - Sledite lepotam na\u0161e male dr\u017eavice","og_image":[{"width":400,"height":266,"url":"https:\/\/www.travel-slovenia.si\/slo\/wp-content\/uploads\/2017\/06\/travel-slovenia-zeleznica-graz-celje1.jpg","type":"image\/jpeg"}],"twitter_card":"summary_large_image","twitter_title":"Ju\u017ena \u017eeleznica - odsek Gradec - Celje : Travel-Slovenia","twitter_description":"2. junija 1846 se za\u010denja zgodovina \u017eeleznice v Sloveniji, ko so uradno odprli \u017eelezni\u0161ko progo iz Gradca do Celja, kot del ju\u017ene \u017eeleznice.","twitter_image":"https:\/\/www.travel-slovenia.si\/slo\/wp-content\/uploads\/2017\/06\/travel-slovenia-zeleznica-graz-celje1.jpg","twitter_misc":{"Est. reading time":"1 minuta"},"schema":{"@context":"https:\/\/schema.org","@graph":[{"@type":"WebPage","@id":"https:\/\/www.travel-slovenia.si\/slo\/juzna-zeleznica-odsek-gradec-celje\/","url":"https:\/\/www.travel-slovenia.si\/slo\/juzna-zeleznica-odsek-gradec-celje\/","name":"Ju\u017ena \u017eeleznica - odsek Gradec - Celje : Travel-Slovenia","isPartOf":{"@id":"https:\/\/www.travel-slovenia.si\/slo\/#website"},"primaryImageOfPage":{"@id":"https:\/\/www.travel-slovenia.si\/slo\/juzna-zeleznica-odsek-gradec-celje\/#primaryimage"},"image":{"@id":"https:\/\/www.travel-slovenia.si\/slo\/juzna-zeleznica-odsek-gradec-celje\/#primaryimage"},"thumbnailUrl":"https:\/\/www.travel-slovenia.si\/slo\/wp-content\/uploads\/2017\/06\/travel-slovenia-zeleznica-graz-celje1-300x200.jpg","datePublished":"2017-06-01T21:38:53+00:00","description":"2. junija 1846 se za\u010denja zgodovina \u017eeleznice v Sloveniji, ko so uradno odprli \u017eelezni\u0161ko progo iz Gradca do Celja, kot del ju\u017ene \u017eeleznice.","breadcrumb":{"@id":"https:\/\/www.travel-slovenia.si\/slo\/juzna-zeleznica-odsek-gradec-celje\/#breadcrumb"},"inLanguage":"sl-SI","potentialAction":[{"@type":"ReadAction","target":["https:\/\/www.travel-slovenia.si\/slo\/juzna-zeleznica-odsek-gradec-celje\/"]}]},{"@type":"ImageObject","inLanguage":"sl-SI","@id":"https:\/\/www.travel-slovenia.si\/slo\/juzna-zeleznica-odsek-gradec-celje\/#primaryimage","url":"https:\/\/www.travel-slovenia.si\/slo\/wp-content\/uploads\/2017\/06\/travel-slovenia-zeleznica-graz-celje1.jpg","contentUrl":"https:\/\/www.travel-slovenia.si\/slo\/wp-content\/uploads\/2017\/06\/travel-slovenia-zeleznica-graz-celje1.jpg","width":400,"height":266,"caption":"Kolodvor v Celju leta 1846"},{"@type":"BreadcrumbList","@id":"https:\/\/www.travel-slovenia.si\/slo\/juzna-zeleznica-odsek-gradec-celje\/#breadcrumb","itemListElement":[{"@type":"ListItem","position":1,"name":"Home","item":"https:\/\/www.travel-slovenia.si\/slo\/"},{"@type":"ListItem","position":2,"name":"Ju\u017ena \u017eeleznica &#8211; odsek Gradec &#8211; Celje"}]},{"@type":"WebSite","@id":"https:\/\/www.travel-slovenia.si\/slo\/#website","url":"https:\/\/www.travel-slovenia.si\/slo\/","name":"Travel Slovenia - Sledite lepotam na\u0161e male dr\u017eavice","description":"","potentialAction":[{"@type":"SearchAction","target":{"@type":"EntryPoint","urlTemplate":"https:\/\/www.travel-slovenia.si\/slo\/?s={search_term_string}"},"query-input":{"@type":"PropertyValueSpecification","valueRequired":true,"valueName":"search_term_string"}}],"inLanguage":"sl-SI"}]}},"post_mailing_queue_ids":[],"_links":{"self":[{"href":"https:\/\/www.travel-slovenia.si\/slo\/wp-json\/wp\/v2\/pages\/6705","targetHints":{"allow":["GET"]}}],"collection":[{"href":"https:\/\/www.travel-slovenia.si\/slo\/wp-json\/wp\/v2\/pages"}],"about":[{"href":"https:\/\/www.travel-slovenia.si\/slo\/wp-json\/wp\/v2\/types\/page"}],"author":[{"embeddable":true,"href":"https:\/\/www.travel-slovenia.si\/slo\/wp-json\/wp\/v2\/users\/111"}],"replies":[{"embeddable":true,"href":"https:\/\/www.travel-slovenia.si\/slo\/wp-json\/wp\/v2\/comments?post=6705"}],"version-history":[{"count":1,"href":"https:\/\/www.travel-slovenia.si\/slo\/wp-json\/wp\/v2\/pages\/6705\/revisions"}],"predecessor-version":[{"id":6710,"href":"https:\/\/www.travel-slovenia.si\/slo\/wp-json\/wp\/v2\/pages\/6705\/revisions\/6710"}],"wp:attachment":[{"href":"https:\/\/www.travel-slovenia.si\/slo\/wp-json\/wp\/v2\/media?parent=6705"}],"curies":[{"name":"wp","href":"https:\/\/api.w.org\/{rel}","templated":true}]}}