{"id":6361,"date":"2017-01-31T20:54:55","date_gmt":"2017-01-31T19:54:55","guid":{"rendered":"https:\/\/www.travel-slovenia.si\/slo\/?page_id=6361"},"modified":"2017-01-31T20:54:55","modified_gmt":"2017-01-31T19:54:55","slug":"korada-pot-2-iz-vasi-zamedveje","status":"publish","type":"page","link":"https:\/\/www.travel-slovenia.si\/slo\/korada-pot-2-iz-vasi-zamedveje\/","title":{"rendered":"Korada &#8211; Pot 2 &#8211; Iz vasi Zamedveje"},"content":{"rendered":"<p style=\"text-align: justify;\"><strong>Vi\u0161ina vzpetine:<\/strong> 812 m<br \/>\n<strong>Vi\u0161ina za\u010detne to\u010dke:<\/strong> 200 m<br \/>\n<strong>Vi\u0161inska razlika:<\/strong> 612 m<\/p>\n<p style=\"text-align: justify;\"><strong>\u010cas hoje:<\/strong> 2 h<br \/>\n<strong>Te\u017eavnost:<\/strong> lahka ozna\u010dena pot<br \/>\n<strong>Oprema:<\/strong> Obi\u010dajna pohodni\u0161ka oprema<br \/>\n<strong>Primernost obiska:<\/strong> Vsi letni \u010dasi<\/p>\n<p style=\"text-align: justify;\"><strong>Dostop:<\/strong><br \/>\nOdpravimo se iz Nove Gorice proti Plavam (v smeri proti Bovcu). Ko pridemo do vasi Plave zavijemo levo preko mosta, na kri\u017ei\u0161\u010du zavijemo desno. Peljemo se vzporedno z reko So\u010do do kri\u017ei\u0161\u010da, usmerimo se levo proti vasi Zamedveje. Sledimo strmi cesti do parkiri\u0161\u010da ob cesti.<\/p>\n<p style=\"text-align: justify;\">Od parkiri\u0161\u010da nadaljujemo dalje po cesti ob kateri smo parkirali, ki se nekoliko vzpenja in nas vodi skozi gozd. Po pribli\u017eno 45 minutah pridemo do neozna\u010denega kri\u017ei\u0161\u010da, kjer se usmerimo desno. Cesta nas popelje mimo nekaj hi\u0161, do mesta kjer se zdru\u017ei s markirano potjo iz Plav. Nadaljujemo po isti cesti, ki nas pripelje do zaselka. Markacija nas usmeri levo med hi\u0161ami. Nadaljujemo deloma po travnatem pobo\u010dju, deloma skozi gozd. Po koncu vzpona prispemo na asfaltirano cesto, na kateri zavijemo desno. Le po nekaj metrih nas pot ponovno usmeri levo med drevesi. Pre\u010dkamo travnato pobo\u010dje do makadamske ceste. Tu zavijemo levo in sledimo markacijam. Povzpnemo so do Sv. Genderce, kjer se nam odpre \u010dudovit razgled na So\u0161ko dolino z vasjo Plave. Od cerkve se podamo naprej preko odprtih travnikov do vrha Korade. Kjer se nahaja kamnit piedestal in Geodetska to\u010dka 0. reda. Pot lahko od tu podalj\u0161ate \u010dez Sabotin do Solkana.<\/p>\n<p style=\"text-align: justify;\"><div class='prettyMapList above cf' id='MapListPro0'><!--The Map --><div id='map-canvas0' class='mapHolder'><\/div><!-- hidden div that gets bound --><div data-bind=\"map: $data.filteredLocations()\"><\/div><!-- Search, Filters, Sorting bar --><div class='prettyFileBar clearfix'><!-- Sorting button --><\/div><!--Message bar--><div class='prettyMessage' data-bind='visible: anyLocationsAvailable' style='display:none;'><span>No matching locations <\/span><a class='btn' href='#' data-bind='click:clearSearch'>Show all locations<\/a><\/div><div class='prettyMessage' data-bind='visible: geocodeFail' style='display:none;'><span>No location found <\/span><a class='btn' href='#' data-bind='click:clearSearch'>Show all locations<\/a><\/div><div id='ListContainer'><\/div><\/div>\n","protected":false},"excerpt":{"rendered":"<p>Vi\u0161ina vzpetine: 812 m Vi\u0161ina za\u010detne to\u010dke: 200 m Vi\u0161inska razlika: 612 m \u010cas hoje: 2 h Te\u017eavnost: lahka ozna\u010dena pot Oprema: Obi\u010dajna pohodni\u0161ka oprema Primernost obiska: Vsi letni \u010dasi Dostop: Odpravimo se iz Nove Gorice proti Plavam (v smeri proti Bovcu). Ko pridemo do vasi Plave zavijemo levo preko mosta, na kri\u017ei\u0161\u010du zavijemo desno. [&hellip;]<\/p>\n","protected":false},"author":111,"featured_media":0,"parent":0,"menu_order":0,"comment_status":"closed","ping_status":"closed","template":"","meta":{"footnotes":""},"class_list":["post-6361","page","type-page","status-publish","hentry"],"yoast_head":"<!-- This site is optimized with the Yoast SEO plugin v25.4 - https:\/\/yoast.com\/wordpress\/plugins\/seo\/ -->\n<title>Korada - Pot 2 - Iz vasi Zamedveje : Travel-Slovenia<\/title>\n<meta name=\"description\" content=\"Korada - Pot 2 - Iz vasi Zamedveje. Pot do vrha vam bo vzela 2 uri po lahki in ozna\u010deni poti. Priporo\u010dena je obi\u010dajna pohodni\u0161ka oprema.\" \/>\n<meta name=\"robots\" content=\"index, follow, max-snippet:-1, max-image-preview:large, max-video-preview:-1\" \/>\n<link rel=\"canonical\" href=\"https:\/\/www.travel-slovenia.si\/slo\/korada-pot-2-iz-vasi-zamedveje\/\" \/>\n<meta property=\"og:locale\" content=\"sl_SI\" \/>\n<meta property=\"og:type\" content=\"article\" \/>\n<meta property=\"og:title\" content=\"Korada - Pot 2 - Iz vasi Zamedveje : Travel-Slovenia\" \/>\n<meta property=\"og:description\" content=\"Korada - Pot 2 - Iz vasi Zamedveje. Pot do vrha vam bo vzela 2 uri po lahki in ozna\u010deni poti. Priporo\u010dena je obi\u010dajna pohodni\u0161ka oprema.\" \/>\n<meta property=\"og:url\" content=\"https:\/\/www.travel-slovenia.si\/slo\/korada-pot-2-iz-vasi-zamedveje\/\" \/>\n<meta property=\"og:site_name\" content=\"Travel Slovenia - Sledite lepotam na\u0161e male dr\u017eavice\" \/>\n<meta property=\"og:image\" content=\"https:\/\/www.travel-slovenia.si\/slo\/wp-content\/uploads\/2016\/10\/travel-slovenia-korada-vrh.jpg\" \/>\n\t<meta property=\"og:image:width\" content=\"400\" \/>\n\t<meta property=\"og:image:height\" content=\"300\" \/>\n\t<meta property=\"og:image:type\" content=\"image\/jpeg\" \/>\n<meta name=\"twitter:card\" content=\"summary_large_image\" \/>\n<meta name=\"twitter:title\" content=\"Korada - Pot 2 - Iz vasi Zamedveje : Travel-Slovenia\" \/>\n<meta name=\"twitter:description\" content=\"Korada - Pot 2 - Iz vasi Zamedveje. Pot do vrha vam bo vzela 2 uri po lahki in ozna\u010deni poti. Priporo\u010dena je obi\u010dajna pohodni\u0161ka oprema.\" \/>\n<meta name=\"twitter:image\" content=\"https:\/\/www.travel-slovenia.si\/slo\/wp-content\/uploads\/2016\/10\/travel-slovenia-korada-vrh.jpg\" \/>\n<meta name=\"twitter:label1\" content=\"Est. reading time\" \/>\n\t<meta name=\"twitter:data1\" content=\"1 minuta\" \/>\n<script type=\"application\/ld+json\" class=\"yoast-schema-graph\">{\"@context\":\"https:\/\/schema.org\",\"@graph\":[{\"@type\":\"WebPage\",\"@id\":\"https:\/\/www.travel-slovenia.si\/slo\/korada-pot-2-iz-vasi-zamedveje\/\",\"url\":\"https:\/\/www.travel-slovenia.si\/slo\/korada-pot-2-iz-vasi-zamedveje\/\",\"name\":\"Korada - Pot 2 - Iz vasi Zamedveje : Travel-Slovenia\",\"isPartOf\":{\"@id\":\"https:\/\/www.travel-slovenia.si\/slo\/#website\"},\"datePublished\":\"2017-01-31T19:54:55+00:00\",\"description\":\"Korada - Pot 2 - Iz vasi Zamedveje. Pot do vrha vam bo vzela 2 uri po lahki in ozna\u010deni poti. Priporo\u010dena je obi\u010dajna pohodni\u0161ka oprema.\",\"breadcrumb\":{\"@id\":\"https:\/\/www.travel-slovenia.si\/slo\/korada-pot-2-iz-vasi-zamedveje\/#breadcrumb\"},\"inLanguage\":\"sl-SI\",\"potentialAction\":[{\"@type\":\"ReadAction\",\"target\":[\"https:\/\/www.travel-slovenia.si\/slo\/korada-pot-2-iz-vasi-zamedveje\/\"]}]},{\"@type\":\"BreadcrumbList\",\"@id\":\"https:\/\/www.travel-slovenia.si\/slo\/korada-pot-2-iz-vasi-zamedveje\/#breadcrumb\",\"itemListElement\":[{\"@type\":\"ListItem\",\"position\":1,\"name\":\"Home\",\"item\":\"https:\/\/www.travel-slovenia.si\/slo\/\"},{\"@type\":\"ListItem\",\"position\":2,\"name\":\"Korada &#8211; Pot 2 &#8211; Iz vasi Zamedveje\"}]},{\"@type\":\"WebSite\",\"@id\":\"https:\/\/www.travel-slovenia.si\/slo\/#website\",\"url\":\"https:\/\/www.travel-slovenia.si\/slo\/\",\"name\":\"Travel Slovenia - Sledite lepotam na\u0161e male dr\u017eavice\",\"description\":\"\",\"potentialAction\":[{\"@type\":\"SearchAction\",\"target\":{\"@type\":\"EntryPoint\",\"urlTemplate\":\"https:\/\/www.travel-slovenia.si\/slo\/?s={search_term_string}\"},\"query-input\":{\"@type\":\"PropertyValueSpecification\",\"valueRequired\":true,\"valueName\":\"search_term_string\"}}],\"inLanguage\":\"sl-SI\"}]}<\/script>\n<!-- \/ Yoast SEO plugin. -->","yoast_head_json":{"title":"Korada - Pot 2 - Iz vasi Zamedveje : Travel-Slovenia","description":"Korada - Pot 2 - Iz vasi Zamedveje. Pot do vrha vam bo vzela 2 uri po lahki in ozna\u010deni poti. Priporo\u010dena je obi\u010dajna pohodni\u0161ka oprema.","robots":{"index":"index","follow":"follow","max-snippet":"max-snippet:-1","max-image-preview":"max-image-preview:large","max-video-preview":"max-video-preview:-1"},"canonical":"https:\/\/www.travel-slovenia.si\/slo\/korada-pot-2-iz-vasi-zamedveje\/","og_locale":"sl_SI","og_type":"article","og_title":"Korada - Pot 2 - Iz vasi Zamedveje : Travel-Slovenia","og_description":"Korada - Pot 2 - Iz vasi Zamedveje. Pot do vrha vam bo vzela 2 uri po lahki in ozna\u010deni poti. Priporo\u010dena je obi\u010dajna pohodni\u0161ka oprema.","og_url":"https:\/\/www.travel-slovenia.si\/slo\/korada-pot-2-iz-vasi-zamedveje\/","og_site_name":"Travel Slovenia - Sledite lepotam na\u0161e male dr\u017eavice","og_image":[{"width":400,"height":300,"url":"https:\/\/www.travel-slovenia.si\/slo\/wp-content\/uploads\/2016\/10\/travel-slovenia-korada-vrh.jpg","type":"image\/jpeg"}],"twitter_card":"summary_large_image","twitter_title":"Korada - Pot 2 - Iz vasi Zamedveje : Travel-Slovenia","twitter_description":"Korada - Pot 2 - Iz vasi Zamedveje. Pot do vrha vam bo vzela 2 uri po lahki in ozna\u010deni poti. Priporo\u010dena je obi\u010dajna pohodni\u0161ka oprema.","twitter_image":"https:\/\/www.travel-slovenia.si\/slo\/wp-content\/uploads\/2016\/10\/travel-slovenia-korada-vrh.jpg","twitter_misc":{"Est. reading time":"1 minuta"},"schema":{"@context":"https:\/\/schema.org","@graph":[{"@type":"WebPage","@id":"https:\/\/www.travel-slovenia.si\/slo\/korada-pot-2-iz-vasi-zamedveje\/","url":"https:\/\/www.travel-slovenia.si\/slo\/korada-pot-2-iz-vasi-zamedveje\/","name":"Korada - Pot 2 - Iz vasi Zamedveje : Travel-Slovenia","isPartOf":{"@id":"https:\/\/www.travel-slovenia.si\/slo\/#website"},"datePublished":"2017-01-31T19:54:55+00:00","description":"Korada - Pot 2 - Iz vasi Zamedveje. Pot do vrha vam bo vzela 2 uri po lahki in ozna\u010deni poti. Priporo\u010dena je obi\u010dajna pohodni\u0161ka oprema.","breadcrumb":{"@id":"https:\/\/www.travel-slovenia.si\/slo\/korada-pot-2-iz-vasi-zamedveje\/#breadcrumb"},"inLanguage":"sl-SI","potentialAction":[{"@type":"ReadAction","target":["https:\/\/www.travel-slovenia.si\/slo\/korada-pot-2-iz-vasi-zamedveje\/"]}]},{"@type":"BreadcrumbList","@id":"https:\/\/www.travel-slovenia.si\/slo\/korada-pot-2-iz-vasi-zamedveje\/#breadcrumb","itemListElement":[{"@type":"ListItem","position":1,"name":"Home","item":"https:\/\/www.travel-slovenia.si\/slo\/"},{"@type":"ListItem","position":2,"name":"Korada &#8211; Pot 2 &#8211; Iz vasi Zamedveje"}]},{"@type":"WebSite","@id":"https:\/\/www.travel-slovenia.si\/slo\/#website","url":"https:\/\/www.travel-slovenia.si\/slo\/","name":"Travel Slovenia - Sledite lepotam na\u0161e male dr\u017eavice","description":"","potentialAction":[{"@type":"SearchAction","target":{"@type":"EntryPoint","urlTemplate":"https:\/\/www.travel-slovenia.si\/slo\/?s={search_term_string}"},"query-input":{"@type":"PropertyValueSpecification","valueRequired":true,"valueName":"search_term_string"}}],"inLanguage":"sl-SI"}]}},"post_mailing_queue_ids":[],"_links":{"self":[{"href":"https:\/\/www.travel-slovenia.si\/slo\/wp-json\/wp\/v2\/pages\/6361","targetHints":{"allow":["GET"]}}],"collection":[{"href":"https:\/\/www.travel-slovenia.si\/slo\/wp-json\/wp\/v2\/pages"}],"about":[{"href":"https:\/\/www.travel-slovenia.si\/slo\/wp-json\/wp\/v2\/types\/page"}],"author":[{"embeddable":true,"href":"https:\/\/www.travel-slovenia.si\/slo\/wp-json\/wp\/v2\/users\/111"}],"replies":[{"embeddable":true,"href":"https:\/\/www.travel-slovenia.si\/slo\/wp-json\/wp\/v2\/comments?post=6361"}],"version-history":[{"count":1,"href":"https:\/\/www.travel-slovenia.si\/slo\/wp-json\/wp\/v2\/pages\/6361\/revisions"}],"predecessor-version":[{"id":6362,"href":"https:\/\/www.travel-slovenia.si\/slo\/wp-json\/wp\/v2\/pages\/6361\/revisions\/6362"}],"wp:attachment":[{"href":"https:\/\/www.travel-slovenia.si\/slo\/wp-json\/wp\/v2\/media?parent=6361"}],"curies":[{"name":"wp","href":"https:\/\/api.w.org\/{rel}","templated":true}]}}