{"id":6359,"date":"2017-01-31T20:49:18","date_gmt":"2017-01-31T19:49:18","guid":{"rendered":"https:\/\/www.travel-slovenia.si\/slo\/?page_id=6359"},"modified":"2017-01-31T20:49:39","modified_gmt":"2017-01-31T19:49:39","slug":"korada-pot-1-iz-vasi-plave","status":"publish","type":"page","link":"https:\/\/www.travel-slovenia.si\/slo\/korada-pot-1-iz-vasi-plave\/","title":{"rendered":"Korada &#8211; Pot 1 &#8211; Iz vasi Plave"},"content":{"rendered":"<p style=\"text-align: justify;\"><strong>Vi\u0161ina vzpetine:<\/strong> 812 m<br \/>\n<strong>Vi\u0161ina za\u010detne to\u010dke:<\/strong> 100 m<br \/>\n<strong>Vi\u0161inska razlika:<\/strong> 712 m<\/p>\n<p style=\"text-align: justify;\"><strong>\u010cas hoje:<\/strong> 2 h 30 min<br \/>\n<strong>Te\u017eavnost:<\/strong> lahka ozna\u010dena pot<br \/>\n<strong>Oprema:<\/strong> Obi\u010dajna pohodni\u0161ka oprema<br \/>\n<strong>Primernost obiska:<\/strong> Vsi letni \u010dasi<\/p>\n<p style=\"text-align: justify;\"><strong>Dostop:<\/strong><br \/>\nOdpravimo se iz Nove Gorice proti Plavam (v smeri proti Bovcu). Ko pridemo do vasi Plave zavijemo levo preko mosta, zapeljemo se do va\u0161ke cerkve, kjer parkiramo na primernem mestu.<\/p>\n<p style=\"text-align: justify;\">Tu opazimo znak, ki nas usmeri po poti za Korado. Pre\u010dkamo \u0161e preostali del vasi, na koncu le-te se cesta spremeni v kolovoz. Vzpon je \u017ee na samem za\u010detku nekoliko strm, ki pa se na kolovozu pri\u010dne \u0161e nekoliko strmeje vzpenjati. Po pribli\u017eno pol ure hoje pridemo do gozdne ceste. Tej cesti sledimo do markacije pri hudourniku, kjer zavijemo levo. \u010caka nas nekoliko strmej\u0161i vzpon, ki ga nadaljujemo po zmerno vzpenjajo\u010di gozdni poti. Pot nas pripelje do vasi Zamedveje, od tu nadaljujemo po rahlo vzpenjajo\u010di cesti, ki nas pripelje do zaselka. Markacija nas usmeri levo med hi\u0161ami. Nadaljujemo deloma po travnatem pobo\u010dju, deloma skozi gozd. Po koncu vzpona prispemo na asfaltirano cesto, na kateri zavijemo desno. Le po nekaj metrih nas pot ponovno usmeri levo med drevesi. Pre\u010dkamo travnato pobo\u010dje do makadamske ceste. Tu zavijemo levo in sledimo markacijam. Povzpnemo so do Sv. Genderce, kjer se nam odpre \u010dudovit razgled na So\u0161ko dolino z vasjo Plave. Od cerkve se podamo naprej preko odprtih travnikov do vrha Korade. Kjer se nahaja kamnit piedestal in Geodetska to\u010dka 0. reda. Pot lahko od tu podalj\u0161ate \u010dez Sabotin do Solkana.<\/p>\n<p style=\"text-align: justify;\"><div class='prettyMapList above cf' id='MapListPro0'><!--The Map --><div id='map-canvas0' class='mapHolder'><\/div><!-- hidden div that gets bound --><div data-bind=\"map: $data.filteredLocations()\"><\/div><!-- Search, Filters, Sorting bar --><div class='prettyFileBar clearfix'><!-- Sorting button --><\/div><!--Message bar--><div class='prettyMessage' data-bind='visible: anyLocationsAvailable' style='display:none;'><span>No matching locations <\/span><a class='btn' href='#' data-bind='click:clearSearch'>Show all locations<\/a><\/div><div class='prettyMessage' data-bind='visible: geocodeFail' style='display:none;'><span>No location found <\/span><a class='btn' href='#' data-bind='click:clearSearch'>Show all locations<\/a><\/div><div id='ListContainer'><\/div><\/div>\n","protected":false},"excerpt":{"rendered":"<p>Vi\u0161ina vzpetine: 812 m Vi\u0161ina za\u010detne to\u010dke: 100 m Vi\u0161inska razlika: 712 m \u010cas hoje: 2 h 30 min Te\u017eavnost: lahka ozna\u010dena pot Oprema: Obi\u010dajna pohodni\u0161ka oprema Primernost obiska: Vsi letni \u010dasi Dostop: Odpravimo se iz Nove Gorice proti Plavam (v smeri proti Bovcu). Ko pridemo do vasi Plave zavijemo levo preko mosta, zapeljemo se [&hellip;]<\/p>\n","protected":false},"author":111,"featured_media":0,"parent":0,"menu_order":0,"comment_status":"closed","ping_status":"closed","template":"","meta":{"footnotes":""},"class_list":["post-6359","page","type-page","status-publish","hentry"],"yoast_head":"<!-- This site is optimized with the Yoast SEO plugin v25.4 - https:\/\/yoast.com\/wordpress\/plugins\/seo\/ -->\n<title>Korada - Pot 1 - Iz vasi Plave : Travel-Slovenia<\/title>\n<meta name=\"description\" content=\"Korada - Pot 1 - Iz vasi Plave. Porabiti boste 2 uri in 3 minut, da se povzpnete do vrha. Pot je lahka in ozna\u010dena. Priporo\u010dena obi\u010dajna pohodna oprema.\" \/>\n<meta name=\"robots\" content=\"index, follow, max-snippet:-1, max-image-preview:large, max-video-preview:-1\" \/>\n<link rel=\"canonical\" href=\"https:\/\/www.travel-slovenia.si\/slo\/korada-pot-1-iz-vasi-plave\/\" \/>\n<meta property=\"og:locale\" content=\"sl_SI\" \/>\n<meta property=\"og:type\" content=\"article\" \/>\n<meta property=\"og:title\" content=\"Korada - Pot 1 - Iz vasi Plave : Travel-Slovenia\" \/>\n<meta property=\"og:description\" content=\"Korada - Pot 1 - Iz vasi Plave. Porabiti boste 2 uri in 3 minut, da se povzpnete do vrha. Pot je lahka in ozna\u010dena. Priporo\u010dena obi\u010dajna pohodna oprema.\" \/>\n<meta property=\"og:url\" content=\"https:\/\/www.travel-slovenia.si\/slo\/korada-pot-1-iz-vasi-plave\/\" \/>\n<meta property=\"og:site_name\" content=\"Travel Slovenia - Sledite lepotam na\u0161e male dr\u017eavice\" \/>\n<meta property=\"article:modified_time\" content=\"2017-01-31T19:49:39+00:00\" \/>\n<meta property=\"og:image\" content=\"https:\/\/www.travel-slovenia.si\/slo\/wp-content\/uploads\/2016\/10\/travel-slovenia-korada-vrh.jpg\" \/>\n\t<meta property=\"og:image:width\" content=\"400\" \/>\n\t<meta property=\"og:image:height\" content=\"300\" \/>\n\t<meta property=\"og:image:type\" content=\"image\/jpeg\" \/>\n<meta name=\"twitter:card\" content=\"summary_large_image\" \/>\n<meta name=\"twitter:title\" content=\"Korada - Pot 1 - Iz vasi Plave : Travel-Slovenia\" \/>\n<meta name=\"twitter:description\" content=\"Korada - Pot 1 - Iz vasi Plave. Porabiti boste 2 uri in 3 minut, da se povzpnete do vrha. Pot je lahka in ozna\u010dena. Priporo\u010dena obi\u010dajna pohodna oprema.\" \/>\n<meta name=\"twitter:image\" content=\"https:\/\/www.travel-slovenia.si\/slo\/wp-content\/uploads\/2016\/10\/travel-slovenia-korada-vrh.jpg\" \/>\n<meta name=\"twitter:label1\" content=\"Est. reading time\" \/>\n\t<meta name=\"twitter:data1\" content=\"1 minuta\" \/>\n<script type=\"application\/ld+json\" class=\"yoast-schema-graph\">{\"@context\":\"https:\/\/schema.org\",\"@graph\":[{\"@type\":\"WebPage\",\"@id\":\"https:\/\/www.travel-slovenia.si\/slo\/korada-pot-1-iz-vasi-plave\/\",\"url\":\"https:\/\/www.travel-slovenia.si\/slo\/korada-pot-1-iz-vasi-plave\/\",\"name\":\"Korada - Pot 1 - Iz vasi Plave : Travel-Slovenia\",\"isPartOf\":{\"@id\":\"https:\/\/www.travel-slovenia.si\/slo\/#website\"},\"datePublished\":\"2017-01-31T19:49:18+00:00\",\"dateModified\":\"2017-01-31T19:49:39+00:00\",\"description\":\"Korada - Pot 1 - Iz vasi Plave. Porabiti boste 2 uri in 3 minut, da se povzpnete do vrha. Pot je lahka in ozna\u010dena. Priporo\u010dena obi\u010dajna pohodna oprema.\",\"breadcrumb\":{\"@id\":\"https:\/\/www.travel-slovenia.si\/slo\/korada-pot-1-iz-vasi-plave\/#breadcrumb\"},\"inLanguage\":\"sl-SI\",\"potentialAction\":[{\"@type\":\"ReadAction\",\"target\":[\"https:\/\/www.travel-slovenia.si\/slo\/korada-pot-1-iz-vasi-plave\/\"]}]},{\"@type\":\"BreadcrumbList\",\"@id\":\"https:\/\/www.travel-slovenia.si\/slo\/korada-pot-1-iz-vasi-plave\/#breadcrumb\",\"itemListElement\":[{\"@type\":\"ListItem\",\"position\":1,\"name\":\"Home\",\"item\":\"https:\/\/www.travel-slovenia.si\/slo\/\"},{\"@type\":\"ListItem\",\"position\":2,\"name\":\"Korada &#8211; Pot 1 &#8211; Iz vasi Plave\"}]},{\"@type\":\"WebSite\",\"@id\":\"https:\/\/www.travel-slovenia.si\/slo\/#website\",\"url\":\"https:\/\/www.travel-slovenia.si\/slo\/\",\"name\":\"Travel Slovenia - Sledite lepotam na\u0161e male dr\u017eavice\",\"description\":\"\",\"potentialAction\":[{\"@type\":\"SearchAction\",\"target\":{\"@type\":\"EntryPoint\",\"urlTemplate\":\"https:\/\/www.travel-slovenia.si\/slo\/?s={search_term_string}\"},\"query-input\":{\"@type\":\"PropertyValueSpecification\",\"valueRequired\":true,\"valueName\":\"search_term_string\"}}],\"inLanguage\":\"sl-SI\"}]}<\/script>\n<!-- \/ Yoast SEO plugin. -->","yoast_head_json":{"title":"Korada - Pot 1 - Iz vasi Plave : Travel-Slovenia","description":"Korada - Pot 1 - Iz vasi Plave. Porabiti boste 2 uri in 3 minut, da se povzpnete do vrha. Pot je lahka in ozna\u010dena. Priporo\u010dena obi\u010dajna pohodna oprema.","robots":{"index":"index","follow":"follow","max-snippet":"max-snippet:-1","max-image-preview":"max-image-preview:large","max-video-preview":"max-video-preview:-1"},"canonical":"https:\/\/www.travel-slovenia.si\/slo\/korada-pot-1-iz-vasi-plave\/","og_locale":"sl_SI","og_type":"article","og_title":"Korada - Pot 1 - Iz vasi Plave : Travel-Slovenia","og_description":"Korada - Pot 1 - Iz vasi Plave. Porabiti boste 2 uri in 3 minut, da se povzpnete do vrha. Pot je lahka in ozna\u010dena. Priporo\u010dena obi\u010dajna pohodna oprema.","og_url":"https:\/\/www.travel-slovenia.si\/slo\/korada-pot-1-iz-vasi-plave\/","og_site_name":"Travel Slovenia - Sledite lepotam na\u0161e male dr\u017eavice","article_modified_time":"2017-01-31T19:49:39+00:00","og_image":[{"width":400,"height":300,"url":"https:\/\/www.travel-slovenia.si\/slo\/wp-content\/uploads\/2016\/10\/travel-slovenia-korada-vrh.jpg","type":"image\/jpeg"}],"twitter_card":"summary_large_image","twitter_title":"Korada - Pot 1 - Iz vasi Plave : Travel-Slovenia","twitter_description":"Korada - Pot 1 - Iz vasi Plave. Porabiti boste 2 uri in 3 minut, da se povzpnete do vrha. Pot je lahka in ozna\u010dena. Priporo\u010dena obi\u010dajna pohodna oprema.","twitter_image":"https:\/\/www.travel-slovenia.si\/slo\/wp-content\/uploads\/2016\/10\/travel-slovenia-korada-vrh.jpg","twitter_misc":{"Est. reading time":"1 minuta"},"schema":{"@context":"https:\/\/schema.org","@graph":[{"@type":"WebPage","@id":"https:\/\/www.travel-slovenia.si\/slo\/korada-pot-1-iz-vasi-plave\/","url":"https:\/\/www.travel-slovenia.si\/slo\/korada-pot-1-iz-vasi-plave\/","name":"Korada - Pot 1 - Iz vasi Plave : Travel-Slovenia","isPartOf":{"@id":"https:\/\/www.travel-slovenia.si\/slo\/#website"},"datePublished":"2017-01-31T19:49:18+00:00","dateModified":"2017-01-31T19:49:39+00:00","description":"Korada - Pot 1 - Iz vasi Plave. Porabiti boste 2 uri in 3 minut, da se povzpnete do vrha. Pot je lahka in ozna\u010dena. Priporo\u010dena obi\u010dajna pohodna oprema.","breadcrumb":{"@id":"https:\/\/www.travel-slovenia.si\/slo\/korada-pot-1-iz-vasi-plave\/#breadcrumb"},"inLanguage":"sl-SI","potentialAction":[{"@type":"ReadAction","target":["https:\/\/www.travel-slovenia.si\/slo\/korada-pot-1-iz-vasi-plave\/"]}]},{"@type":"BreadcrumbList","@id":"https:\/\/www.travel-slovenia.si\/slo\/korada-pot-1-iz-vasi-plave\/#breadcrumb","itemListElement":[{"@type":"ListItem","position":1,"name":"Home","item":"https:\/\/www.travel-slovenia.si\/slo\/"},{"@type":"ListItem","position":2,"name":"Korada &#8211; Pot 1 &#8211; Iz vasi Plave"}]},{"@type":"WebSite","@id":"https:\/\/www.travel-slovenia.si\/slo\/#website","url":"https:\/\/www.travel-slovenia.si\/slo\/","name":"Travel Slovenia - Sledite lepotam na\u0161e male dr\u017eavice","description":"","potentialAction":[{"@type":"SearchAction","target":{"@type":"EntryPoint","urlTemplate":"https:\/\/www.travel-slovenia.si\/slo\/?s={search_term_string}"},"query-input":{"@type":"PropertyValueSpecification","valueRequired":true,"valueName":"search_term_string"}}],"inLanguage":"sl-SI"}]}},"post_mailing_queue_ids":[],"_links":{"self":[{"href":"https:\/\/www.travel-slovenia.si\/slo\/wp-json\/wp\/v2\/pages\/6359","targetHints":{"allow":["GET"]}}],"collection":[{"href":"https:\/\/www.travel-slovenia.si\/slo\/wp-json\/wp\/v2\/pages"}],"about":[{"href":"https:\/\/www.travel-slovenia.si\/slo\/wp-json\/wp\/v2\/types\/page"}],"author":[{"embeddable":true,"href":"https:\/\/www.travel-slovenia.si\/slo\/wp-json\/wp\/v2\/users\/111"}],"replies":[{"embeddable":true,"href":"https:\/\/www.travel-slovenia.si\/slo\/wp-json\/wp\/v2\/comments?post=6359"}],"version-history":[{"count":1,"href":"https:\/\/www.travel-slovenia.si\/slo\/wp-json\/wp\/v2\/pages\/6359\/revisions"}],"predecessor-version":[{"id":6360,"href":"https:\/\/www.travel-slovenia.si\/slo\/wp-json\/wp\/v2\/pages\/6359\/revisions\/6360"}],"wp:attachment":[{"href":"https:\/\/www.travel-slovenia.si\/slo\/wp-json\/wp\/v2\/media?parent=6359"}],"curies":[{"name":"wp","href":"https:\/\/api.w.org\/{rel}","templated":true}]}}