{"id":6239,"date":"2016-12-19T14:18:09","date_gmt":"2016-12-19T13:18:09","guid":{"rendered":"https:\/\/www.travel-slovenia.si\/slo\/?page_id=6239"},"modified":"2016-12-19T14:18:09","modified_gmt":"2016-12-19T13:18:09","slug":"projekt-life-ohranjanje-vidre-na-gorickem","status":"publish","type":"page","link":"https:\/\/www.travel-slovenia.si\/slo\/projekt-life-ohranjanje-vidre-na-gorickem\/","title":{"rendered":"Projekt LIFE: Ohranjanje vidre na Gori\u010dkem"},"content":{"rendered":"<figure id=\"attachment_6242\" class=\"wp-caption alignleft\" style=\"max-width: 300px\"><img loading=\"lazy\" decoding=\"async\" class=\"size-medium wp-image-6242\" src=\"https:\/\/www.travel-slovenia.si\/slo\/wp-content\/uploads\/2016\/12\/travel-slovenia-projekt-life-slika-300x300.jpg\" alt=\"Projekt LIFE\" width=\"300\" height=\"300\" srcset=\"https:\/\/www.travel-slovenia.si\/slo\/wp-content\/uploads\/2016\/12\/travel-slovenia-projekt-life-slika-300x300.jpg 300w, https:\/\/www.travel-slovenia.si\/slo\/wp-content\/uploads\/2016\/12\/travel-slovenia-projekt-life-slika-150x150.jpg 150w, https:\/\/www.travel-slovenia.si\/slo\/wp-content\/uploads\/2016\/12\/travel-slovenia-projekt-life-slika-83x83.jpg 83w, https:\/\/www.travel-slovenia.si\/slo\/wp-content\/uploads\/2016\/12\/travel-slovenia-projekt-life-slika-55x55.jpg 55w, https:\/\/www.travel-slovenia.si\/slo\/wp-content\/uploads\/2016\/12\/travel-slovenia-projekt-life-slika-24x24.jpg 24w, https:\/\/www.travel-slovenia.si\/slo\/wp-content\/uploads\/2016\/12\/travel-slovenia-projekt-life-slika-36x36.jpg 36w, https:\/\/www.travel-slovenia.si\/slo\/wp-content\/uploads\/2016\/12\/travel-slovenia-projekt-life-slika-48x48.jpg 48w, https:\/\/www.travel-slovenia.si\/slo\/wp-content\/uploads\/2016\/12\/travel-slovenia-projekt-life-slika.jpg 400w\" sizes=\"auto, (max-width: 300px) 100vw, 300px\" \/><figcaption class=\"wp-caption-text\">Projekt LIFE<\/figcaption><\/figure>\n<p style=\"text-align: justify;\">V \u010dasu od novembra 2004 pa do maja 2009 je na Gori\u010dkem potekal projekt LIFE &#8211; NATURA z namenom ohranjanja vidre. Gori\u010dko je obmo\u010dje z najbolj vitalno populacijo vidre v Sloveniji. V tem \u010dasu so spremljali vidre, jim sledili, opazovali njihovo gibanje in vedenje, ne da bi jih pri tem motili. S projektom so odgovarjali na najve\u010dje gro\u017enje tej populaciji. Na eni strani so izvajali ukrepe za izbolj\u0161anje razmer v njihovem \u017eivljenjskem prostoru in pove\u010danje varnosti na vidrinih poteh, po drugi strani pa ozave\u0161\u010dali in izobra\u017eevali razli\u010dne skupine javnosti. Ravno temu pa je namenjen informacijski center Aqualutra s parkom ter u\u010dno potjo v dolini Male Krke pod Kri\u017eevci na Gori\u010dkem.<\/p>\n<p style=\"text-align: justify;\"><strong>Kaj se je delalo v okviru projekta?<\/strong><br \/>\n&#8211; redno se je spremljalo vidre na Gori\u010dkem<br \/>\n&#8211; ugotavljale so se lastnosti vidrine populacije z genetskimi analizami DNA<br \/>\n&#8211; raziskovala se je raz\u0161irjenost vidrinih plenskih vrst<br \/>\n&#8211; priredilo se je delavnice za sodelujo\u010de<br \/>\n&#8211; izbolj\u0161alo vodne habitate z ekoremedijacijami<br \/>\n&#8211; organiziralo evropsko konferenco skupine IUCN za evrazijsko vidro<br \/>\n&#8211; postavilo opozorilne prometne znake<br \/>\n&#8211; z elektri\u010dnimi ograjami se je ogradilo nekaj ribnikov<br \/>\n&#8211; vse se je dokumentiralo s slikami in videem<\/p>\n<table>\n<tbody>\n<tr>\n<td>\n<figure id=\"attachment_6243\" class=\"wp-caption alignleft\" style=\"max-width: 290px\"><img loading=\"lazy\" decoding=\"async\" class=\"wp-image-6243\" src=\"https:\/\/www.travel-slovenia.si\/slo\/wp-content\/uploads\/2016\/12\/travel-slovenia-projekt-life-vidra-300x194.jpg\" alt=\"Izbolj\u0161ani vodni habitati\" width=\"290\" height=\"188\" srcset=\"https:\/\/www.travel-slovenia.si\/slo\/wp-content\/uploads\/2016\/12\/travel-slovenia-projekt-life-vidra-300x194.jpg 300w, https:\/\/www.travel-slovenia.si\/slo\/wp-content\/uploads\/2016\/12\/travel-slovenia-projekt-life-vidra-232x150.jpg 232w, https:\/\/www.travel-slovenia.si\/slo\/wp-content\/uploads\/2016\/12\/travel-slovenia-projekt-life-vidra-24x16.jpg 24w, https:\/\/www.travel-slovenia.si\/slo\/wp-content\/uploads\/2016\/12\/travel-slovenia-projekt-life-vidra-36x23.jpg 36w, https:\/\/www.travel-slovenia.si\/slo\/wp-content\/uploads\/2016\/12\/travel-slovenia-projekt-life-vidra-48x31.jpg 48w, https:\/\/www.travel-slovenia.si\/slo\/wp-content\/uploads\/2016\/12\/travel-slovenia-projekt-life-vidra.jpg 400w\" sizes=\"auto, (max-width: 290px) 100vw, 290px\" \/><figcaption class=\"wp-caption-text\">Izbolj\u0161ani vodni habitati<\/figcaption><\/figure>\n<figure id=\"attachment_6244\" class=\"wp-caption alignright\" style=\"max-width: 290px\"><img loading=\"lazy\" decoding=\"async\" class=\"wp-image-6244\" src=\"https:\/\/www.travel-slovenia.si\/slo\/wp-content\/uploads\/2016\/12\/travel-slovenia-projekt-life-zabe-300x194.jpg\" alt=\"Raziskovanje raz\u0161irjenost vidrinih plenskih vrst\" width=\"290\" height=\"188\" srcset=\"https:\/\/www.travel-slovenia.si\/slo\/wp-content\/uploads\/2016\/12\/travel-slovenia-projekt-life-zabe-300x194.jpg 300w, https:\/\/www.travel-slovenia.si\/slo\/wp-content\/uploads\/2016\/12\/travel-slovenia-projekt-life-zabe-232x150.jpg 232w, https:\/\/www.travel-slovenia.si\/slo\/wp-content\/uploads\/2016\/12\/travel-slovenia-projekt-life-zabe-24x16.jpg 24w, https:\/\/www.travel-slovenia.si\/slo\/wp-content\/uploads\/2016\/12\/travel-slovenia-projekt-life-zabe-36x23.jpg 36w, https:\/\/www.travel-slovenia.si\/slo\/wp-content\/uploads\/2016\/12\/travel-slovenia-projekt-life-zabe-48x31.jpg 48w, https:\/\/www.travel-slovenia.si\/slo\/wp-content\/uploads\/2016\/12\/travel-slovenia-projekt-life-zabe.jpg 400w\" sizes=\"auto, (max-width: 290px) 100vw, 290px\" \/><figcaption class=\"wp-caption-text\">Raziskovanje raz\u0161irjenost vidrinih plenskih vrst<\/figcaption><\/figure><\/td>\n<\/tr>\n<\/tbody>\n<\/table>\n<p style=\"text-align: justify;\"><strong>Ekoremediacije in opazovalnica \u017eivali v projektu LIFE na Gori\u010dkem<\/strong><br \/>\nZ ekoremediacijami se je izbolj\u0161al vodni in obvodni \u017eivljenjski prostor ne le za vidro, ampak tudi ribe, rake, dvo\u017eivke in druge vodne \u017eivali. Postavili so \u010distilne naprave na Ledavi, obnovili struge potoka z zajetjem in ribjo stezo v Kuzmi, v Peskovskem potoku so obnovili lesene pragove, bo\u010dne odbija\u010de in vrbove poplete. S tem se je poskrbelo za ve\u010djo biotsko pestrost sladkovodnih ekosistemov in pristnej\u0161o krajinsko podobo.<\/p>\n<figure id=\"attachment_6241\" class=\"wp-caption aligncenter\" style=\"max-width: 400px\"><a href=\"https:\/\/www.travel-slovenia.si\/slo\/wp-content\/uploads\/2016\/12\/travel-slovenia-projekt-life.jpg\"><img loading=\"lazy\" decoding=\"async\" class=\"size-full wp-image-6241\" src=\"https:\/\/www.travel-slovenia.si\/slo\/wp-content\/uploads\/2016\/12\/travel-slovenia-projekt-life1.jpg\" alt=\"Podro\u010dje delovanja projekta LIFE\" width=\"400\" height=\"267\" srcset=\"https:\/\/www.travel-slovenia.si\/slo\/wp-content\/uploads\/2016\/12\/travel-slovenia-projekt-life1.jpg 400w, https:\/\/www.travel-slovenia.si\/slo\/wp-content\/uploads\/2016\/12\/travel-slovenia-projekt-life1-300x200.jpg 300w, https:\/\/www.travel-slovenia.si\/slo\/wp-content\/uploads\/2016\/12\/travel-slovenia-projekt-life1-24x16.jpg 24w, https:\/\/www.travel-slovenia.si\/slo\/wp-content\/uploads\/2016\/12\/travel-slovenia-projekt-life1-36x24.jpg 36w, https:\/\/www.travel-slovenia.si\/slo\/wp-content\/uploads\/2016\/12\/travel-slovenia-projekt-life1-48x32.jpg 48w\" sizes=\"auto, (max-width: 400px) 100vw, 400px\" \/><\/a><figcaption class=\"wp-caption-text\">Podro\u010dje delovanja projekta LIFE<\/figcaption><\/figure>\n<p>&nbsp;<\/p>\n<hr \/>\n<p style=\"text-align: justify;\"><a href=\"https:\/\/www.travel-slovenia.si\/slo\/location\/krizevci\/\"><img loading=\"lazy\" decoding=\"async\" class=\"alignleft size-full wp-image-6202\" src=\"https:\/\/www.travel-slovenia.si\/slo\/wp-content\/uploads\/2016\/12\/travel-slovenia-krizevci-kostanj-view.jpg\" alt=\"travel-slovenia-krizevci-kostanj-view\" width=\"150\" height=\"150\" srcset=\"https:\/\/www.travel-slovenia.si\/slo\/wp-content\/uploads\/2016\/12\/travel-slovenia-krizevci-kostanj-view.jpg 150w, https:\/\/www.travel-slovenia.si\/slo\/wp-content\/uploads\/2016\/12\/travel-slovenia-krizevci-kostanj-view-83x83.jpg 83w, https:\/\/www.travel-slovenia.si\/slo\/wp-content\/uploads\/2016\/12\/travel-slovenia-krizevci-kostanj-view-55x55.jpg 55w, https:\/\/www.travel-slovenia.si\/slo\/wp-content\/uploads\/2016\/12\/travel-slovenia-krizevci-kostanj-view-24x24.jpg 24w, https:\/\/www.travel-slovenia.si\/slo\/wp-content\/uploads\/2016\/12\/travel-slovenia-krizevci-kostanj-view-36x36.jpg 36w, https:\/\/www.travel-slovenia.si\/slo\/wp-content\/uploads\/2016\/12\/travel-slovenia-krizevci-kostanj-view-48x48.jpg 48w\" sizes=\"auto, (max-width: 150px) 100vw, 150px\" \/><\/a><a href=\"https:\/\/www.travel-slovenia.si\/slo\/location\/krizevci\/\"><strong><em>Kri\u017eevci<\/em><\/strong><\/a><br \/>\nVas Kri\u017eevci se nahaja v Krajinskem parku Gori\u010dko, na njegovem severovzhodnem delu v ob\u010dini Gornji Petrovci. Naselje je sestavljeno iz petih zaselkov, razporejenih po slemenih in treh dolinah, ki se zlivajo v Dolu v Malo Krko. Ime vasi Kri\u017eevci izhaja iz kapele Sv. Kri\u017ea. [<a href=\"https:\/\/www.travel-slovenia.si\/slo\/location\/krizevci\/\">_Preberite ve\u010d_<\/a>]\n","protected":false},"excerpt":{"rendered":"<p>V \u010dasu od novembra 2004 pa do maja 2009 je na Gori\u010dkem potekal projekt LIFE &#8211; NATURA z namenom ohranjanja vidre. Gori\u010dko je obmo\u010dje z najbolj vitalno populacijo vidre v Sloveniji. V tem \u010dasu so spremljali vidre, jim sledili, opazovali njihovo gibanje in vedenje, ne da bi jih pri tem motili. S projektom so odgovarjali [&hellip;]<\/p>\n","protected":false},"author":111,"featured_media":0,"parent":0,"menu_order":0,"comment_status":"closed","ping_status":"closed","template":"","meta":{"footnotes":""},"class_list":["post-6239","page","type-page","status-publish","hentry"],"yoast_head":"<!-- This site is optimized with the Yoast SEO plugin v25.4 - https:\/\/yoast.com\/wordpress\/plugins\/seo\/ -->\n<title>Projekt LIFE: Ohranjanje vidre na Gori\u010dkem : Travel-Slovenia<\/title>\n<meta name=\"description\" content=\"Od novembra 2004 do maja 2009 je na Gori\u010dkem potekal projekt LIFE - NATURA z namenom ohranjanja vidre, na obmo\u010dju z najbolj vitalno populacijo vidre.\" \/>\n<meta name=\"robots\" content=\"index, follow, max-snippet:-1, max-image-preview:large, max-video-preview:-1\" \/>\n<link rel=\"canonical\" href=\"https:\/\/www.travel-slovenia.si\/slo\/projekt-life-ohranjanje-vidre-na-gorickem\/\" \/>\n<meta property=\"og:locale\" content=\"sl_SI\" \/>\n<meta property=\"og:type\" content=\"article\" \/>\n<meta property=\"og:title\" content=\"Projekt LIFE: Ohranjanje vidre na Gori\u010dkem : Travel-Slovenia\" \/>\n<meta property=\"og:description\" content=\"Od novembra 2004 do maja 2009 je na Gori\u010dkem potekal projekt LIFE - NATURA z namenom ohranjanja vidre, na obmo\u010dju z najbolj vitalno populacijo vidre.\" \/>\n<meta property=\"og:url\" content=\"https:\/\/www.travel-slovenia.si\/slo\/projekt-life-ohranjanje-vidre-na-gorickem\/\" \/>\n<meta property=\"og:site_name\" content=\"Travel Slovenia - Sledite lepotam na\u0161e male dr\u017eavice\" \/>\n<meta property=\"og:image\" content=\"https:\/\/www.travel-slovenia.si\/slo\/wp-content\/uploads\/2016\/12\/travel-slovenia-projekt-life-slika.jpg\" \/>\n\t<meta property=\"og:image:width\" content=\"400\" \/>\n\t<meta property=\"og:image:height\" content=\"401\" \/>\n\t<meta property=\"og:image:type\" content=\"image\/jpeg\" \/>\n<meta name=\"twitter:card\" content=\"summary_large_image\" \/>\n<meta name=\"twitter:title\" content=\"Projekt LIFE: Ohranjanje vidre na Gori\u010dkem : Travel-Slovenia\" \/>\n<meta name=\"twitter:description\" content=\"Od novembra 2004 do maja 2009 je na Gori\u010dkem potekal projekt LIFE - NATURA z namenom ohranjanja vidre, na obmo\u010dju z najbolj vitalno populacijo vidre.\" \/>\n<meta name=\"twitter:image\" content=\"https:\/\/www.travel-slovenia.si\/slo\/wp-content\/uploads\/2016\/12\/travel-slovenia-projekt-life-slika.jpg\" \/>\n<meta name=\"twitter:label1\" content=\"Est. reading time\" \/>\n\t<meta name=\"twitter:data1\" content=\"2 minuti\" \/>\n<script type=\"application\/ld+json\" class=\"yoast-schema-graph\">{\"@context\":\"https:\/\/schema.org\",\"@graph\":[{\"@type\":\"WebPage\",\"@id\":\"https:\/\/www.travel-slovenia.si\/slo\/projekt-life-ohranjanje-vidre-na-gorickem\/\",\"url\":\"https:\/\/www.travel-slovenia.si\/slo\/projekt-life-ohranjanje-vidre-na-gorickem\/\",\"name\":\"Projekt LIFE: Ohranjanje vidre na Gori\u010dkem : Travel-Slovenia\",\"isPartOf\":{\"@id\":\"https:\/\/www.travel-slovenia.si\/slo\/#website\"},\"primaryImageOfPage\":{\"@id\":\"https:\/\/www.travel-slovenia.si\/slo\/projekt-life-ohranjanje-vidre-na-gorickem\/#primaryimage\"},\"image\":{\"@id\":\"https:\/\/www.travel-slovenia.si\/slo\/projekt-life-ohranjanje-vidre-na-gorickem\/#primaryimage\"},\"thumbnailUrl\":\"https:\/\/www.travel-slovenia.si\/slo\/wp-content\/uploads\/2016\/12\/travel-slovenia-projekt-life-slika-300x300.jpg\",\"datePublished\":\"2016-12-19T13:18:09+00:00\",\"description\":\"Od novembra 2004 do maja 2009 je na Gori\u010dkem potekal projekt LIFE - NATURA z namenom ohranjanja vidre, na obmo\u010dju z najbolj vitalno populacijo vidre.\",\"breadcrumb\":{\"@id\":\"https:\/\/www.travel-slovenia.si\/slo\/projekt-life-ohranjanje-vidre-na-gorickem\/#breadcrumb\"},\"inLanguage\":\"sl-SI\",\"potentialAction\":[{\"@type\":\"ReadAction\",\"target\":[\"https:\/\/www.travel-slovenia.si\/slo\/projekt-life-ohranjanje-vidre-na-gorickem\/\"]}]},{\"@type\":\"ImageObject\",\"inLanguage\":\"sl-SI\",\"@id\":\"https:\/\/www.travel-slovenia.si\/slo\/projekt-life-ohranjanje-vidre-na-gorickem\/#primaryimage\",\"url\":\"https:\/\/www.travel-slovenia.si\/slo\/wp-content\/uploads\/2016\/12\/travel-slovenia-projekt-life-slika.jpg\",\"contentUrl\":\"https:\/\/www.travel-slovenia.si\/slo\/wp-content\/uploads\/2016\/12\/travel-slovenia-projekt-life-slika.jpg\",\"width\":400,\"height\":401,\"caption\":\"Projekt LIFE\"},{\"@type\":\"BreadcrumbList\",\"@id\":\"https:\/\/www.travel-slovenia.si\/slo\/projekt-life-ohranjanje-vidre-na-gorickem\/#breadcrumb\",\"itemListElement\":[{\"@type\":\"ListItem\",\"position\":1,\"name\":\"Home\",\"item\":\"https:\/\/www.travel-slovenia.si\/slo\/\"},{\"@type\":\"ListItem\",\"position\":2,\"name\":\"Projekt LIFE: Ohranjanje vidre na Gori\u010dkem\"}]},{\"@type\":\"WebSite\",\"@id\":\"https:\/\/www.travel-slovenia.si\/slo\/#website\",\"url\":\"https:\/\/www.travel-slovenia.si\/slo\/\",\"name\":\"Travel Slovenia - Sledite lepotam na\u0161e male dr\u017eavice\",\"description\":\"\",\"potentialAction\":[{\"@type\":\"SearchAction\",\"target\":{\"@type\":\"EntryPoint\",\"urlTemplate\":\"https:\/\/www.travel-slovenia.si\/slo\/?s={search_term_string}\"},\"query-input\":{\"@type\":\"PropertyValueSpecification\",\"valueRequired\":true,\"valueName\":\"search_term_string\"}}],\"inLanguage\":\"sl-SI\"}]}<\/script>\n<!-- \/ Yoast SEO plugin. -->","yoast_head_json":{"title":"Projekt LIFE: Ohranjanje vidre na Gori\u010dkem : Travel-Slovenia","description":"Od novembra 2004 do maja 2009 je na Gori\u010dkem potekal projekt LIFE - NATURA z namenom ohranjanja vidre, na obmo\u010dju z najbolj vitalno populacijo vidre.","robots":{"index":"index","follow":"follow","max-snippet":"max-snippet:-1","max-image-preview":"max-image-preview:large","max-video-preview":"max-video-preview:-1"},"canonical":"https:\/\/www.travel-slovenia.si\/slo\/projekt-life-ohranjanje-vidre-na-gorickem\/","og_locale":"sl_SI","og_type":"article","og_title":"Projekt LIFE: Ohranjanje vidre na Gori\u010dkem : Travel-Slovenia","og_description":"Od novembra 2004 do maja 2009 je na Gori\u010dkem potekal projekt LIFE - NATURA z namenom ohranjanja vidre, na obmo\u010dju z najbolj vitalno populacijo vidre.","og_url":"https:\/\/www.travel-slovenia.si\/slo\/projekt-life-ohranjanje-vidre-na-gorickem\/","og_site_name":"Travel Slovenia - Sledite lepotam na\u0161e male dr\u017eavice","og_image":[{"width":400,"height":401,"url":"https:\/\/www.travel-slovenia.si\/slo\/wp-content\/uploads\/2016\/12\/travel-slovenia-projekt-life-slika.jpg","type":"image\/jpeg"}],"twitter_card":"summary_large_image","twitter_title":"Projekt LIFE: Ohranjanje vidre na Gori\u010dkem : Travel-Slovenia","twitter_description":"Od novembra 2004 do maja 2009 je na Gori\u010dkem potekal projekt LIFE - NATURA z namenom ohranjanja vidre, na obmo\u010dju z najbolj vitalno populacijo vidre.","twitter_image":"https:\/\/www.travel-slovenia.si\/slo\/wp-content\/uploads\/2016\/12\/travel-slovenia-projekt-life-slika.jpg","twitter_misc":{"Est. reading time":"2 minuti"},"schema":{"@context":"https:\/\/schema.org","@graph":[{"@type":"WebPage","@id":"https:\/\/www.travel-slovenia.si\/slo\/projekt-life-ohranjanje-vidre-na-gorickem\/","url":"https:\/\/www.travel-slovenia.si\/slo\/projekt-life-ohranjanje-vidre-na-gorickem\/","name":"Projekt LIFE: Ohranjanje vidre na Gori\u010dkem : Travel-Slovenia","isPartOf":{"@id":"https:\/\/www.travel-slovenia.si\/slo\/#website"},"primaryImageOfPage":{"@id":"https:\/\/www.travel-slovenia.si\/slo\/projekt-life-ohranjanje-vidre-na-gorickem\/#primaryimage"},"image":{"@id":"https:\/\/www.travel-slovenia.si\/slo\/projekt-life-ohranjanje-vidre-na-gorickem\/#primaryimage"},"thumbnailUrl":"https:\/\/www.travel-slovenia.si\/slo\/wp-content\/uploads\/2016\/12\/travel-slovenia-projekt-life-slika-300x300.jpg","datePublished":"2016-12-19T13:18:09+00:00","description":"Od novembra 2004 do maja 2009 je na Gori\u010dkem potekal projekt LIFE - NATURA z namenom ohranjanja vidre, na obmo\u010dju z najbolj vitalno populacijo vidre.","breadcrumb":{"@id":"https:\/\/www.travel-slovenia.si\/slo\/projekt-life-ohranjanje-vidre-na-gorickem\/#breadcrumb"},"inLanguage":"sl-SI","potentialAction":[{"@type":"ReadAction","target":["https:\/\/www.travel-slovenia.si\/slo\/projekt-life-ohranjanje-vidre-na-gorickem\/"]}]},{"@type":"ImageObject","inLanguage":"sl-SI","@id":"https:\/\/www.travel-slovenia.si\/slo\/projekt-life-ohranjanje-vidre-na-gorickem\/#primaryimage","url":"https:\/\/www.travel-slovenia.si\/slo\/wp-content\/uploads\/2016\/12\/travel-slovenia-projekt-life-slika.jpg","contentUrl":"https:\/\/www.travel-slovenia.si\/slo\/wp-content\/uploads\/2016\/12\/travel-slovenia-projekt-life-slika.jpg","width":400,"height":401,"caption":"Projekt LIFE"},{"@type":"BreadcrumbList","@id":"https:\/\/www.travel-slovenia.si\/slo\/projekt-life-ohranjanje-vidre-na-gorickem\/#breadcrumb","itemListElement":[{"@type":"ListItem","position":1,"name":"Home","item":"https:\/\/www.travel-slovenia.si\/slo\/"},{"@type":"ListItem","position":2,"name":"Projekt LIFE: Ohranjanje vidre na Gori\u010dkem"}]},{"@type":"WebSite","@id":"https:\/\/www.travel-slovenia.si\/slo\/#website","url":"https:\/\/www.travel-slovenia.si\/slo\/","name":"Travel Slovenia - Sledite lepotam na\u0161e male dr\u017eavice","description":"","potentialAction":[{"@type":"SearchAction","target":{"@type":"EntryPoint","urlTemplate":"https:\/\/www.travel-slovenia.si\/slo\/?s={search_term_string}"},"query-input":{"@type":"PropertyValueSpecification","valueRequired":true,"valueName":"search_term_string"}}],"inLanguage":"sl-SI"}]}},"post_mailing_queue_ids":[],"_links":{"self":[{"href":"https:\/\/www.travel-slovenia.si\/slo\/wp-json\/wp\/v2\/pages\/6239","targetHints":{"allow":["GET"]}}],"collection":[{"href":"https:\/\/www.travel-slovenia.si\/slo\/wp-json\/wp\/v2\/pages"}],"about":[{"href":"https:\/\/www.travel-slovenia.si\/slo\/wp-json\/wp\/v2\/types\/page"}],"author":[{"embeddable":true,"href":"https:\/\/www.travel-slovenia.si\/slo\/wp-json\/wp\/v2\/users\/111"}],"replies":[{"embeddable":true,"href":"https:\/\/www.travel-slovenia.si\/slo\/wp-json\/wp\/v2\/comments?post=6239"}],"version-history":[{"count":1,"href":"https:\/\/www.travel-slovenia.si\/slo\/wp-json\/wp\/v2\/pages\/6239\/revisions"}],"predecessor-version":[{"id":6246,"href":"https:\/\/www.travel-slovenia.si\/slo\/wp-json\/wp\/v2\/pages\/6239\/revisions\/6246"}],"wp:attachment":[{"href":"https:\/\/www.travel-slovenia.si\/slo\/wp-json\/wp\/v2\/media?parent=6239"}],"curies":[{"name":"wp","href":"https:\/\/api.w.org\/{rel}","templated":true}]}}