{"id":6185,"date":"2016-12-10T09:46:33","date_gmt":"2016-12-10T08:46:33","guid":{"rendered":"https:\/\/www.travel-slovenia.si\/slo\/?page_id=6185"},"modified":"2016-12-10T09:47:32","modified_gmt":"2016-12-10T08:47:32","slug":"france-preseren-poezije","status":"publish","type":"page","link":"https:\/\/www.travel-slovenia.si\/slo\/france-preseren-poezije\/","title":{"rendered":"France Pre\u0161eren &#8211; Poezije"},"content":{"rendered":"<p style=\"text-align: justify;\"><img loading=\"lazy\" decoding=\"async\" class=\"alignleft wp-image-6181\" src=\"https:\/\/www.travel-slovenia.si\/slo\/wp-content\/uploads\/2016\/12\/travel-slovenia-preseren-poezije.jpg\" alt=\"travel-slovenia-preseren-poezije\" width=\"300\" height=\"419\" srcset=\"https:\/\/www.travel-slovenia.si\/slo\/wp-content\/uploads\/2016\/12\/travel-slovenia-preseren-poezije.jpg 400w, https:\/\/www.travel-slovenia.si\/slo\/wp-content\/uploads\/2016\/12\/travel-slovenia-preseren-poezije-215x300.jpg 215w, https:\/\/www.travel-slovenia.si\/slo\/wp-content\/uploads\/2016\/12\/travel-slovenia-preseren-poezije-17x24.jpg 17w, https:\/\/www.travel-slovenia.si\/slo\/wp-content\/uploads\/2016\/12\/travel-slovenia-preseren-poezije-26x36.jpg 26w, https:\/\/www.travel-slovenia.si\/slo\/wp-content\/uploads\/2016\/12\/travel-slovenia-preseren-poezije-34x48.jpg 34w\" sizes=\"auto, (max-width: 300px) 100vw, 300px\" \/>15. decembra leta 1846 je z letnico 1847 iz\u0161la zbirka izbranih Pre\u0161ernovih pesmi z naslovom Poezije. Pesmi, ki so bile uvr\u0161\u010dene v zbirko, je Pre\u0161eren skrbno izbral. Med zbirko je uvrstil tudi Zdravljico. Za tisk zbirke je moral zaprositi za odobritev tiska, v tedanji Avstriji je to bilo povsem obi\u010dajno. Cenzor na Dunaju za slovenska besedila je bil v tistem \u010dasu Fran Miklo\u0161i\u010d, ki pa se z objavo tretje kitice Zdravljice ni strinjal. Ravno zaradi tega je iz prvotne izdaje zbirke Pre\u0161eren Zdravljico \u010drtal. Zabrisal je tudi akrostih v Sonetnem vencu.<\/p>\n<p>&nbsp;<br \/>\n&nbsp;<br \/>\n&nbsp;<br \/>\n&nbsp;<\/p>\n<table>\n<tbody>\n<tr>\n<td style=\"text-align: center;\"><a href=\"https:\/\/www.travel-slovenia.si\/slo\/na-danasnji-dan\/\"><img loading=\"lazy\" decoding=\"async\" class=\"alignleft wp-image-4499 size-full\" src=\"https:\/\/www.travel-slovenia.si\/slo\/wp-content\/uploads\/2014\/09\/travel-slovenia-povezava-na-drugo.jpg\" alt=\"travel-slovenia-povezava-na-drugo\" width=\"128\" height=\"22\" srcset=\"https:\/\/www.travel-slovenia.si\/slo\/wp-content\/uploads\/2014\/09\/travel-slovenia-povezava-na-drugo.jpg 128w, https:\/\/www.travel-slovenia.si\/slo\/wp-content\/uploads\/2014\/09\/travel-slovenia-povezava-na-drugo-24x4.jpg 24w, https:\/\/www.travel-slovenia.si\/slo\/wp-content\/uploads\/2014\/09\/travel-slovenia-povezava-na-drugo-36x6.jpg 36w, https:\/\/www.travel-slovenia.si\/slo\/wp-content\/uploads\/2014\/09\/travel-slovenia-povezava-na-drugo-48x8.jpg 48w\" sizes=\"auto, (max-width: 128px) 100vw, 128px\" \/><\/a><a href=\"https:\/\/www.travel-slovenia.si\/slo\/na-danasnji-dan\/\">Poglejte \u0161e druge zgodovinske dogodke!<\/a><a href=\"https:\/\/www.travel-slovenia.si\/slo\/na-danasnji-dan\/\"><img loading=\"lazy\" decoding=\"async\" class=\"alignright wp-image-4500 size-full\" src=\"https:\/\/www.travel-slovenia.si\/slo\/wp-content\/uploads\/2014\/09\/travel-slovenia-povezava-na-drugo2.jpg\" alt=\"travel-slovenia-povezava-na-drugo2\" width=\"128\" height=\"22\" srcset=\"https:\/\/www.travel-slovenia.si\/slo\/wp-content\/uploads\/2014\/09\/travel-slovenia-povezava-na-drugo2.jpg 128w, https:\/\/www.travel-slovenia.si\/slo\/wp-content\/uploads\/2014\/09\/travel-slovenia-povezava-na-drugo2-24x4.jpg 24w, https:\/\/www.travel-slovenia.si\/slo\/wp-content\/uploads\/2014\/09\/travel-slovenia-povezava-na-drugo2-36x6.jpg 36w, https:\/\/www.travel-slovenia.si\/slo\/wp-content\/uploads\/2014\/09\/travel-slovenia-povezava-na-drugo2-48x8.jpg 48w\" sizes=\"auto, (max-width: 128px) 100vw, 128px\" \/><\/a><\/td>\n<\/tr>\n<\/tbody>\n<\/table>\n","protected":false},"excerpt":{"rendered":"<p>15. decembra leta 1846 je z letnico 1847 iz\u0161la zbirka izbranih Pre\u0161ernovih pesmi z naslovom Poezije. Pesmi, ki so bile uvr\u0161\u010dene v zbirko, je Pre\u0161eren skrbno izbral. Med zbirko je uvrstil tudi Zdravljico. Za tisk zbirke je moral zaprositi za odobritev tiska, v tedanji Avstriji je to bilo povsem obi\u010dajno. Cenzor na Dunaju za slovenska [&hellip;]<\/p>\n","protected":false},"author":111,"featured_media":0,"parent":0,"menu_order":0,"comment_status":"closed","ping_status":"closed","template":"","meta":{"footnotes":""},"class_list":["post-6185","page","type-page","status-publish","hentry"],"yoast_head":"<!-- This site is optimized with the Yoast SEO plugin v25.4 - https:\/\/yoast.com\/wordpress\/plugins\/seo\/ -->\n<title>France Pre\u0161eren - Poezije : Travel-Slovenia<\/title>\n<meta name=\"description\" content=\"15. decembra leta 1846 je z letnico 1847 iz\u0161la zbirka izbranih Pre\u0161ernovih pesmi z naslovom Poezije. Pesmi je Pre\u0161eren skrbno izbral.\" \/>\n<meta name=\"robots\" content=\"index, follow, max-snippet:-1, max-image-preview:large, max-video-preview:-1\" \/>\n<link rel=\"canonical\" href=\"https:\/\/www.travel-slovenia.si\/slo\/france-preseren-poezije\/\" \/>\n<meta property=\"og:locale\" content=\"sl_SI\" \/>\n<meta property=\"og:type\" content=\"article\" \/>\n<meta property=\"og:title\" content=\"France Pre\u0161eren - Poezije : Travel-Slovenia\" \/>\n<meta property=\"og:description\" content=\"15. decembra leta 1846 je z letnico 1847 iz\u0161la zbirka izbranih Pre\u0161ernovih pesmi z naslovom Poezije. Pesmi je Pre\u0161eren skrbno izbral.\" \/>\n<meta property=\"og:url\" content=\"https:\/\/www.travel-slovenia.si\/slo\/france-preseren-poezije\/\" \/>\n<meta property=\"og:site_name\" content=\"Travel Slovenia - Sledite lepotam na\u0161e male dr\u017eavice\" \/>\n<meta property=\"article:modified_time\" content=\"2016-12-10T08:47:32+00:00\" \/>\n<meta property=\"og:image\" content=\"https:\/\/www.travel-slovenia.si\/slo\/wp-content\/uploads\/2016\/12\/travel-slovenia-preseren-poezije.jpg\" \/>\n\t<meta property=\"og:image:width\" content=\"400\" \/>\n\t<meta property=\"og:image:height\" content=\"559\" \/>\n\t<meta property=\"og:image:type\" content=\"image\/jpeg\" \/>\n<meta name=\"twitter:card\" content=\"summary_large_image\" \/>\n<meta name=\"twitter:title\" content=\"France Pre\u0161eren - Poezije : Travel-Slovenia\" \/>\n<meta name=\"twitter:description\" content=\"15. decembra leta 1846 je z letnico 1847 iz\u0161la zbirka izbranih Pre\u0161ernovih pesmi z naslovom Poezije. Pesmi je Pre\u0161eren skrbno izbral.\" \/>\n<meta name=\"twitter:image\" content=\"https:\/\/www.travel-slovenia.si\/slo\/wp-content\/uploads\/2016\/12\/travel-slovenia-preseren-poezije.jpg\" \/>\n<meta name=\"twitter:label1\" content=\"Est. reading time\" \/>\n\t<meta name=\"twitter:data1\" content=\"1 minuta\" \/>\n<script type=\"application\/ld+json\" class=\"yoast-schema-graph\">{\"@context\":\"https:\/\/schema.org\",\"@graph\":[{\"@type\":\"WebPage\",\"@id\":\"https:\/\/www.travel-slovenia.si\/slo\/france-preseren-poezije\/\",\"url\":\"https:\/\/www.travel-slovenia.si\/slo\/france-preseren-poezije\/\",\"name\":\"France Pre\u0161eren - Poezije : Travel-Slovenia\",\"isPartOf\":{\"@id\":\"https:\/\/www.travel-slovenia.si\/slo\/#website\"},\"primaryImageOfPage\":{\"@id\":\"https:\/\/www.travel-slovenia.si\/slo\/france-preseren-poezije\/#primaryimage\"},\"image\":{\"@id\":\"https:\/\/www.travel-slovenia.si\/slo\/france-preseren-poezije\/#primaryimage\"},\"thumbnailUrl\":\"https:\/\/www.travel-slovenia.si\/slo\/wp-content\/uploads\/2016\/12\/travel-slovenia-preseren-poezije.jpg\",\"datePublished\":\"2016-12-10T08:46:33+00:00\",\"dateModified\":\"2016-12-10T08:47:32+00:00\",\"description\":\"15. decembra leta 1846 je z letnico 1847 iz\u0161la zbirka izbranih Pre\u0161ernovih pesmi z naslovom Poezije. Pesmi je Pre\u0161eren skrbno izbral.\",\"breadcrumb\":{\"@id\":\"https:\/\/www.travel-slovenia.si\/slo\/france-preseren-poezije\/#breadcrumb\"},\"inLanguage\":\"sl-SI\",\"potentialAction\":[{\"@type\":\"ReadAction\",\"target\":[\"https:\/\/www.travel-slovenia.si\/slo\/france-preseren-poezije\/\"]}]},{\"@type\":\"ImageObject\",\"inLanguage\":\"sl-SI\",\"@id\":\"https:\/\/www.travel-slovenia.si\/slo\/france-preseren-poezije\/#primaryimage\",\"url\":\"https:\/\/www.travel-slovenia.si\/slo\/wp-content\/uploads\/2016\/12\/travel-slovenia-preseren-poezije.jpg\",\"contentUrl\":\"https:\/\/www.travel-slovenia.si\/slo\/wp-content\/uploads\/2016\/12\/travel-slovenia-preseren-poezije.jpg\",\"width\":400,\"height\":559},{\"@type\":\"BreadcrumbList\",\"@id\":\"https:\/\/www.travel-slovenia.si\/slo\/france-preseren-poezije\/#breadcrumb\",\"itemListElement\":[{\"@type\":\"ListItem\",\"position\":1,\"name\":\"Home\",\"item\":\"https:\/\/www.travel-slovenia.si\/slo\/\"},{\"@type\":\"ListItem\",\"position\":2,\"name\":\"France Pre\u0161eren &#8211; Poezije\"}]},{\"@type\":\"WebSite\",\"@id\":\"https:\/\/www.travel-slovenia.si\/slo\/#website\",\"url\":\"https:\/\/www.travel-slovenia.si\/slo\/\",\"name\":\"Travel Slovenia - Sledite lepotam na\u0161e male dr\u017eavice\",\"description\":\"\",\"potentialAction\":[{\"@type\":\"SearchAction\",\"target\":{\"@type\":\"EntryPoint\",\"urlTemplate\":\"https:\/\/www.travel-slovenia.si\/slo\/?s={search_term_string}\"},\"query-input\":{\"@type\":\"PropertyValueSpecification\",\"valueRequired\":true,\"valueName\":\"search_term_string\"}}],\"inLanguage\":\"sl-SI\"}]}<\/script>\n<!-- \/ Yoast SEO plugin. -->","yoast_head_json":{"title":"France Pre\u0161eren - Poezije : Travel-Slovenia","description":"15. decembra leta 1846 je z letnico 1847 iz\u0161la zbirka izbranih Pre\u0161ernovih pesmi z naslovom Poezije. Pesmi je Pre\u0161eren skrbno izbral.","robots":{"index":"index","follow":"follow","max-snippet":"max-snippet:-1","max-image-preview":"max-image-preview:large","max-video-preview":"max-video-preview:-1"},"canonical":"https:\/\/www.travel-slovenia.si\/slo\/france-preseren-poezije\/","og_locale":"sl_SI","og_type":"article","og_title":"France Pre\u0161eren - Poezije : Travel-Slovenia","og_description":"15. decembra leta 1846 je z letnico 1847 iz\u0161la zbirka izbranih Pre\u0161ernovih pesmi z naslovom Poezije. Pesmi je Pre\u0161eren skrbno izbral.","og_url":"https:\/\/www.travel-slovenia.si\/slo\/france-preseren-poezije\/","og_site_name":"Travel Slovenia - Sledite lepotam na\u0161e male dr\u017eavice","article_modified_time":"2016-12-10T08:47:32+00:00","og_image":[{"width":400,"height":559,"url":"https:\/\/www.travel-slovenia.si\/slo\/wp-content\/uploads\/2016\/12\/travel-slovenia-preseren-poezije.jpg","type":"image\/jpeg"}],"twitter_card":"summary_large_image","twitter_title":"France Pre\u0161eren - Poezije : Travel-Slovenia","twitter_description":"15. decembra leta 1846 je z letnico 1847 iz\u0161la zbirka izbranih Pre\u0161ernovih pesmi z naslovom Poezije. Pesmi je Pre\u0161eren skrbno izbral.","twitter_image":"https:\/\/www.travel-slovenia.si\/slo\/wp-content\/uploads\/2016\/12\/travel-slovenia-preseren-poezije.jpg","twitter_misc":{"Est. reading time":"1 minuta"},"schema":{"@context":"https:\/\/schema.org","@graph":[{"@type":"WebPage","@id":"https:\/\/www.travel-slovenia.si\/slo\/france-preseren-poezije\/","url":"https:\/\/www.travel-slovenia.si\/slo\/france-preseren-poezije\/","name":"France Pre\u0161eren - Poezije : Travel-Slovenia","isPartOf":{"@id":"https:\/\/www.travel-slovenia.si\/slo\/#website"},"primaryImageOfPage":{"@id":"https:\/\/www.travel-slovenia.si\/slo\/france-preseren-poezije\/#primaryimage"},"image":{"@id":"https:\/\/www.travel-slovenia.si\/slo\/france-preseren-poezije\/#primaryimage"},"thumbnailUrl":"https:\/\/www.travel-slovenia.si\/slo\/wp-content\/uploads\/2016\/12\/travel-slovenia-preseren-poezije.jpg","datePublished":"2016-12-10T08:46:33+00:00","dateModified":"2016-12-10T08:47:32+00:00","description":"15. decembra leta 1846 je z letnico 1847 iz\u0161la zbirka izbranih Pre\u0161ernovih pesmi z naslovom Poezije. Pesmi je Pre\u0161eren skrbno izbral.","breadcrumb":{"@id":"https:\/\/www.travel-slovenia.si\/slo\/france-preseren-poezije\/#breadcrumb"},"inLanguage":"sl-SI","potentialAction":[{"@type":"ReadAction","target":["https:\/\/www.travel-slovenia.si\/slo\/france-preseren-poezije\/"]}]},{"@type":"ImageObject","inLanguage":"sl-SI","@id":"https:\/\/www.travel-slovenia.si\/slo\/france-preseren-poezije\/#primaryimage","url":"https:\/\/www.travel-slovenia.si\/slo\/wp-content\/uploads\/2016\/12\/travel-slovenia-preseren-poezije.jpg","contentUrl":"https:\/\/www.travel-slovenia.si\/slo\/wp-content\/uploads\/2016\/12\/travel-slovenia-preseren-poezije.jpg","width":400,"height":559},{"@type":"BreadcrumbList","@id":"https:\/\/www.travel-slovenia.si\/slo\/france-preseren-poezije\/#breadcrumb","itemListElement":[{"@type":"ListItem","position":1,"name":"Home","item":"https:\/\/www.travel-slovenia.si\/slo\/"},{"@type":"ListItem","position":2,"name":"France Pre\u0161eren &#8211; Poezije"}]},{"@type":"WebSite","@id":"https:\/\/www.travel-slovenia.si\/slo\/#website","url":"https:\/\/www.travel-slovenia.si\/slo\/","name":"Travel Slovenia - Sledite lepotam na\u0161e male dr\u017eavice","description":"","potentialAction":[{"@type":"SearchAction","target":{"@type":"EntryPoint","urlTemplate":"https:\/\/www.travel-slovenia.si\/slo\/?s={search_term_string}"},"query-input":{"@type":"PropertyValueSpecification","valueRequired":true,"valueName":"search_term_string"}}],"inLanguage":"sl-SI"}]}},"post_mailing_queue_ids":[],"_links":{"self":[{"href":"https:\/\/www.travel-slovenia.si\/slo\/wp-json\/wp\/v2\/pages\/6185","targetHints":{"allow":["GET"]}}],"collection":[{"href":"https:\/\/www.travel-slovenia.si\/slo\/wp-json\/wp\/v2\/pages"}],"about":[{"href":"https:\/\/www.travel-slovenia.si\/slo\/wp-json\/wp\/v2\/types\/page"}],"author":[{"embeddable":true,"href":"https:\/\/www.travel-slovenia.si\/slo\/wp-json\/wp\/v2\/users\/111"}],"replies":[{"embeddable":true,"href":"https:\/\/www.travel-slovenia.si\/slo\/wp-json\/wp\/v2\/comments?post=6185"}],"version-history":[{"count":3,"href":"https:\/\/www.travel-slovenia.si\/slo\/wp-json\/wp\/v2\/pages\/6185\/revisions"}],"predecessor-version":[{"id":6188,"href":"https:\/\/www.travel-slovenia.si\/slo\/wp-json\/wp\/v2\/pages\/6185\/revisions\/6188"}],"wp:attachment":[{"href":"https:\/\/www.travel-slovenia.si\/slo\/wp-json\/wp\/v2\/media?parent=6185"}],"curies":[{"name":"wp","href":"https:\/\/api.w.org\/{rel}","templated":true}]}}